{"id":37,"date":"2023-02-08T12:05:10","date_gmt":"2023-02-08T15:05:10","guid":{"rendered":"https:\/\/oquefazerembalneariocamboriu.com\/?page_id=37"},"modified":"2025-02-10T15:43:40","modified_gmt":"2025-02-10T18:43:40","slug":"tudo-sobre-balneario-camboriu-voce-encontra-aqui","status":"publish","type":"page","link":"https:\/\/juliasmagazine.com.br\/","title":{"rendered":"Home"},"content":{"rendered":"\t\t<div data-elementor-type=\"wp-page\" data-elementor-id=\"37\" class=\"elementor elementor-37\" data-elementor-post-type=\"page\">\n\t\t\t\t\t\t<section class=\"elementor-section elementor-top-section elementor-element elementor-element-26833f7 elementor-section-full_width elementor-section-stretched elementor-section-height-default elementor-section-height-default\" data-id=\"26833f7\" data-element_type=\"section\" data-settings=\"{&quot;stretch_section&quot;:&quot;section-stretched&quot;}\">\n\t\t\t\t\t\t<div class=\"elementor-container elementor-column-gap-no\">\n\t\t\t\t\t<div class=\"elementor-column elementor-col-100 elementor-top-column elementor-element elementor-element-fb154e4\" data-id=\"fb154e4\" data-element_type=\"column\">\n\t\t\t<div class=\"elementor-widget-wrap elementor-element-populated\">\n\t\t\t\t\t\t<div class=\"elementor-element elementor-element-8942207 elementor-widget elementor-widget-image\" data-id=\"8942207\" data-element_type=\"widget\" data-widget_type=\"image.default\">\n\t\t\t\t<div class=\"elementor-widget-container\">\n\t\t\t\t\t\t\t\t\t\t\t\t\t<img fetchpriority=\"high\" decoding=\"async\" width=\"1024\" height=\"416\" src=\"https:\/\/juliasmagazine.com.br\/wp-content\/uploads\/2025\/01\/BANNER-1-2024-1024x416.png\" class=\"attachment-large size-large wp-image-794\" alt=\"\" srcset=\"https:\/\/juliasmagazine.com.br\/wp-content\/uploads\/2025\/01\/BANNER-1-2024-1024x416.png 1024w, https:\/\/juliasmagazine.com.br\/wp-content\/uploads\/2025\/01\/BANNER-1-2024-300x122.png 300w, https:\/\/juliasmagazine.com.br\/wp-content\/uploads\/2025\/01\/BANNER-1-2024-768x312.png 768w, https:\/\/juliasmagazine.com.br\/wp-content\/uploads\/2025\/01\/BANNER-1-2024-1536x624.png 1536w, https:\/\/juliasmagazine.com.br\/wp-content\/uploads\/2025\/01\/BANNER-1-2024-600x244.png 600w, https:\/\/juliasmagazine.com.br\/wp-content\/uploads\/2025\/01\/BANNER-1-2024.png 1920w\" sizes=\"(max-width: 1024px) 100vw, 1024px\" \/>\t\t\t\t\t\t\t\t\t\t\t\t\t<\/div>\n\t\t\t\t<\/div>\n\t\t\t\t<div class=\"elementor-element elementor-element-967a2b0 elementor-widget elementor-widget-image\" data-id=\"967a2b0\" data-element_type=\"widget\" data-widget_type=\"image.default\">\n\t\t\t\t<div class=\"elementor-widget-container\">\n\t\t\t\t\t\t\t\t\t\t\t\t\t<img decoding=\"async\" width=\"970\" height=\"250\" src=\"https:\/\/juliasmagazine.com.br\/wp-content\/uploads\/2024\/11\/Banner-digital-EM-2024_970x250.gif\" class=\"attachment-large size-large wp-image-695\" alt=\"\" \/>\t\t\t\t\t\t\t\t\t\t\t\t\t<\/div>\n\t\t\t\t<\/div>\n\t\t\t\t\t<\/div>\n\t\t<\/div>\n\t\t\t\t\t<\/div>\n\t\t<\/section>\n\t\t\t\t<section class=\"elementor-section elementor-top-section elementor-element elementor-element-a628578 elementor-section-boxed elementor-section-height-default elementor-section-height-default\" data-id=\"a628578\" data-element_type=\"section\">\n\t\t\t\t\t\t<div class=\"elementor-container elementor-column-gap-default\">\n\t\t\t\t\t<div class=\"elementor-column elementor-col-100 elementor-top-column elementor-element elementor-element-2c5fdc7\" data-id=\"2c5fdc7\" data-element_type=\"column\">\n\t\t\t<div class=\"elementor-widget-wrap elementor-element-populated\">\n\t\t\t\t\t\t<div class=\"elementor-element elementor-element-53f906f elementor-headline--style-rotate elementor-widget elementor-widget-animated-headline\" data-id=\"53f906f\" data-element_type=\"widget\" data-settings=\"{&quot;headline_style&quot;:&quot;rotate&quot;,&quot;rotating_text&quot;:&quot;Aqui.\\nNo Julias Magazine!&quot;,&quot;rotate_iteration_delay&quot;:1500,&quot;animation_type&quot;:&quot;typing&quot;,&quot;loop&quot;:&quot;yes&quot;}\" data-widget_type=\"animated-headline.default\">\n\t\t\t\t<div class=\"elementor-widget-container\">\n\t\t\t\t\t<h3 class=\"elementor-headline elementor-headline-animation-type-typing elementor-headline-letters\">\n\t\t\t\t\t<span class=\"elementor-headline-plain-text elementor-headline-text-wrapper\">As principais not\u00edcias est\u00e3o<\/span>\n\t\t\t\t<span class=\"elementor-headline-dynamic-wrapper elementor-headline-text-wrapper\">\n\t\t\t\t\t<span class=\"elementor-headline-dynamic-text elementor-headline-text-active\">\n\t\t\t\tAqui.\t\t\t<\/span>\n\t\t\t\t\t<span class=\"elementor-headline-dynamic-text\">\n\t\t\t\tNo&nbsp;Julias&nbsp;Magazine!\t\t\t<\/span>\n\t\t\t\t\t\t<\/span>\n\t\t\t\t<\/h3>\n\t\t\t\t<\/div>\n\t\t\t\t<\/div>\n\t\t\t\t\t<\/div>\n\t\t<\/div>\n\t\t\t\t\t<\/div>\n\t\t<\/section>\n\t\t\t\t<section class=\"elementor-section elementor-top-section elementor-element elementor-element-790f1e0 elementor-section-boxed elementor-section-height-default elementor-section-height-default\" data-id=\"790f1e0\" data-element_type=\"section\">\n\t\t\t\t\t\t<div class=\"elementor-container elementor-column-gap-default\">\n\t\t\t\t\t<div class=\"elementor-column elementor-col-100 elementor-top-column elementor-element elementor-element-d4fdfbb\" data-id=\"d4fdfbb\" data-element_type=\"column\">\n\t\t\t<div class=\"elementor-widget-wrap elementor-element-populated\">\n\t\t\t\t\t\t<div class=\"elementor-element elementor-element-9b6e172 elementor-widget elementor-widget-jet-blog-smart-tiles\" data-id=\"9b6e172\" data-element_type=\"widget\" data-widget_type=\"jet-blog-smart-tiles.default\">\n\t\t\t\t<div class=\"elementor-widget-container\">\n\t\t\t<div class=\"elementor-jet-blog-smart-tiles jet-blog\"><div class=\"jet-smart-tiles-wrap\" data-slider-atts='{\"adaptiveHeight\":true,\"arrows\":false,\"prevArrow\":\"<i class=\\\"jet-arrow-prev jet-blog-arrow\\\"><svg width=\\\"24\\\" height=\\\"24\\\" viewBox=\\\"0 0 24 24\\\" fill=\\\"none\\\" xmlns=\\\"http:\\\/\\\/www.w3.org\\\/2000\\\/svg\\\"><path d=\\\"M14.625 5.3999L16.3 7.0749L11.35 12.0249L16.3 16.9749L14.625 18.6499L7.99999 12.0249L14.625 5.3999Z\\\" fill=\\\"#0F172A\\\"\\\/><\\\/svg><\\\/i>\",\"nextArrow\":\"<i class=\\\"jet-arrow-next jet-blog-arrow\\\"><svg width=\\\"24\\\" height=\\\"24\\\" viewBox=\\\"0 0 24 24\\\" fill=\\\"none\\\" xmlns=\\\"http:\\\/\\\/www.w3.org\\\/2000\\\/svg\\\"><path d=\\\"M9.37501 18.6001L7.70001 16.9251L12.65 11.9751L7.70001 7.0251L9.37501 5.3501L16 11.9751L9.37501 18.6001Z\\\" fill=\\\"#0F172A\\\"\\\/><\\\/svg><\\\/i>\",\"autoplay\":false,\"autoplaySpeed\":5000,\"rtl\":false}' dir=\"ltr\"><div class=\"jet-smart-tiles-slide\"><div class=\"jet-smart-tiles-slide__wrap layout-1-2 scroll-slider-mobile mobile-rows-1\" style=\"--jet-blog-tiles-col-width:290px;\"><div class=\"jet-smart-tiles\">\n\t<div class=\"jet-smart-tiles__box\" style=\"background-image:url('https:\/\/juliasmagazine.com.br\/wp-content\/uploads\/2026\/09\/37559-bb-passa-a-usar-tecnologia-de-origem-verificada-em-ligacoes.jpg')\">\n\t\t<div class=\"jet-smart-tiles__terms\"><a href=\"https:\/\/juliasmagazine.com.br\/?cat=1\" class=\"jet-smart-tiles__terms-link jet-smart-tiles__terms-link--1\">\u00daltimas Not\u00edcias<\/a><\/div>\t\t<div class=\"jet-smart-tiles__box-content\">\n\t\t\t<div class=\"jet-smart-tiles__box-content-inner\">\n\t\t\t\t<div class=\"jet-smart-tiles__meta\"><span class=\"post__date post-meta__item jet-smart-tiles__meta-item\"><span class=\"jet-smart-tiles__meta-icon jet-blog-icon\"><i aria-hidden=\"true\" class=\"fas fa-calendar-check\"><\/i><\/span><span  class=\"post__date-link \" ><time datetime=\"2026-09-02T17:36:31-03:00\" title=\"2026-09-02T17:36:31-03:00\">2 de setembro de 2026<\/time><\/span><\/span><\/div>\t\t\t\t\t\t\t\t<div class=\"jet-smart-tiles__box-title\">BB passa a usar tecnologia de origem verificada em liga\u00e7\u00f5es<\/div>\t\t\t\t\t\t\t\t\t\t\t\t<div class=\"jet-smart-tiles__box-excerpt\">Os clientes do Banco do Brasil (BB) contam com um...<\/div>\t\t\t\t\t\t\t<\/div>\n\t\t<\/div>\n\t\t<a href=\"https:\/\/juliasmagazine.com.br\/?p=37559\" class=\"jet-smart-tiles__box-link\" aria-label=\"BB passa a usar tecnologia de origem verificada em liga\u00e7\u00f5es\"><\/a>\n\t<\/div>\n<\/div><div class=\"jet-smart-tiles\">\n\t<div class=\"jet-smart-tiles__box\" style=\"background-image:url('https:\/\/juliasmagazine.com.br\/wp-content\/uploads\/2026\/09\/37557-ccj-do-senado-aprova-pec-que-acaba-com-jornada-61.jpg')\">\n\t\t<div class=\"jet-smart-tiles__terms\"><a href=\"https:\/\/juliasmagazine.com.br\/?cat=1\" class=\"jet-smart-tiles__terms-link jet-smart-tiles__terms-link--1\">\u00daltimas Not\u00edcias<\/a><\/div>\t\t<div class=\"jet-smart-tiles__box-content\">\n\t\t\t<div class=\"jet-smart-tiles__box-content-inner\">\n\t\t\t\t<div class=\"jet-smart-tiles__meta\"><span class=\"post__date post-meta__item jet-smart-tiles__meta-item\"><span class=\"jet-smart-tiles__meta-icon jet-blog-icon\"><i aria-hidden=\"true\" class=\"fas fa-calendar-check\"><\/i><\/span><span  class=\"post__date-link \" ><time datetime=\"2026-09-02T17:35:39-03:00\" title=\"2026-09-02T17:35:39-03:00\">2 de setembro de 2026<\/time><\/span><\/span><\/div>\t\t\t\t\t\t\t\t<div class=\"jet-smart-tiles__box-title\">CCJ do Senado aprova PEC que acaba com jornada 6&#215;1<\/div>\t\t\t\t\t\t\t\t\t\t\t\t<div class=\"jet-smart-tiles__box-excerpt\">A Comiss\u00e3o de Constitui\u00e7\u00e3o e Justi\u00e7a (CCJ) do Senado aprovou,...<\/div>\t\t\t\t\t\t\t<\/div>\n\t\t<\/div>\n\t\t<a href=\"https:\/\/juliasmagazine.com.br\/?p=37557\" class=\"jet-smart-tiles__box-link\" aria-label=\"CCJ do Senado aprova PEC que acaba com jornada 6&#215;1\"><\/a>\n\t<\/div>\n<\/div><div class=\"jet-smart-tiles\">\n\t<div class=\"jet-smart-tiles__box\" style=\"background-image:url('https:\/\/juliasmagazine.com.br\/wp-content\/uploads\/2026\/09\/37503-mega-sena-acumula-para-r-41-milhoes-confira-os-numeros-sorteados.jpg')\">\n\t\t<div class=\"jet-smart-tiles__terms\"><a href=\"https:\/\/juliasmagazine.com.br\/?cat=1\" class=\"jet-smart-tiles__terms-link jet-smart-tiles__terms-link--1\">\u00daltimas Not\u00edcias<\/a><\/div>\t\t<div class=\"jet-smart-tiles__box-content\">\n\t\t\t<div class=\"jet-smart-tiles__box-content-inner\">\n\t\t\t\t<div class=\"jet-smart-tiles__meta\"><span class=\"post__date post-meta__item jet-smart-tiles__meta-item\"><span class=\"jet-smart-tiles__meta-icon jet-blog-icon\"><i aria-hidden=\"true\" class=\"fas fa-calendar-check\"><\/i><\/span><span  class=\"post__date-link \" ><time datetime=\"2026-09-01T22:36:29-03:00\" title=\"2026-09-01T22:36:29-03:00\">1 de setembro de 2026<\/time><\/span><\/span><\/div>\t\t\t\t\t\t\t\t<div class=\"jet-smart-tiles__box-title\">Mega-Sena acumula para R$ 41 milh\u00f5es; confira os n\u00fameros sorteados<\/div>\t\t\t\t\t\t\t\t\t\t\t\t<div class=\"jet-smart-tiles__box-excerpt\">Nenhum apostador acertou as seis dezenas do Concurso 3.052\u00a0da Mega-Sena,...<\/div>\t\t\t\t\t\t\t<\/div>\n\t\t<\/div>\n\t\t<a href=\"https:\/\/juliasmagazine.com.br\/?p=37503\" class=\"jet-smart-tiles__box-link\" aria-label=\"Mega-Sena acumula para R$ 41 milh\u00f5es; confira os n\u00fameros sorteados\"><\/a>\n\t<\/div>\n<\/div><\/div><\/div><\/div><\/div>\t\t<\/div>\n\t\t\t\t<\/div>\n\t\t\t\t\t<\/div>\n\t\t<\/div>\n\t\t\t\t\t<\/div>\n\t\t<\/section>\n\t\t\t\t<section class=\"elementor-section elementor-top-section elementor-element elementor-element-0d21059 elementor-section-boxed elementor-section-height-default elementor-section-height-default\" data-id=\"0d21059\" data-element_type=\"section\">\n\t\t\t\t\t\t<div class=\"elementor-container elementor-column-gap-default\">\n\t\t\t\t\t<div class=\"elementor-column elementor-col-100 elementor-top-column elementor-element elementor-element-b15e47e\" data-id=\"b15e47e\" data-element_type=\"column\">\n\t\t\t<div class=\"elementor-widget-wrap elementor-element-populated\">\n\t\t\t\t\t\t<div class=\"elementor-element elementor-element-2d2e030 elementor-widget elementor-widget-jet-listing-grid\" data-id=\"2d2e030\" data-element_type=\"widget\" data-settings=\"{&quot;columns&quot;:&quot;3&quot;,&quot;columns_mobile&quot;:&quot;2&quot;}\" data-widget_type=\"jet-listing-grid.default\">\n\t\t\t\t<div class=\"elementor-widget-container\">\n\t\t\t<div class=\"jet-listing-grid jet-listing\"><div class=\"jet-listing-grid__items grid-col-desk-3 grid-col-tablet-3 grid-col-mobile-2 jet-listing-grid--328 jet-listing-grid__masonry\" data-masonry-grid-options=\"{&quot;columns&quot;:{&quot;desktop&quot;:3,&quot;tablet&quot;:3,&quot;mobile&quot;:2}}\" data-queried-id=\"37|WP_Post\" data-nav=\"{&quot;enabled&quot;:true,&quot;type&quot;:&quot;scroll&quot;,&quot;more_el&quot;:null,&quot;query&quot;:{&quot;taxonomy&quot;:&quot;category&quot;,&quot;number&quot;:&quot;12&quot;,&quot;orderby&quot;:&quot;name&quot;,&quot;order&quot;:&quot;DESC&quot;,&quot;offset&quot;:&quot;0&quot;,&quot;hide_empty&quot;:&quot;1&quot;,&quot;include&quot;:[],&quot;exclude&quot;:[]},&quot;widget_settings&quot;:{&quot;lisitng_id&quot;:328,&quot;posts_num&quot;:12,&quot;columns&quot;:3,&quot;columns_tablet&quot;:3,&quot;columns_mobile&quot;:2,&quot;is_archive_template&quot;:&quot;&quot;,&quot;post_status&quot;:[&quot;publish&quot;],&quot;use_random_posts_num&quot;:&quot;yes&quot;,&quot;max_posts_num&quot;:12,&quot;not_found_message&quot;:&quot;No data was found&quot;,&quot;is_masonry&quot;:true,&quot;equal_columns_height&quot;:&quot;&quot;,&quot;use_load_more&quot;:&quot;yes&quot;,&quot;load_more_id&quot;:&quot;&quot;,&quot;load_more_type&quot;:&quot;scroll&quot;,&quot;load_more_offset&quot;:{&quot;unit&quot;:&quot;px&quot;,&quot;size&quot;:-414,&quot;sizes&quot;:[]},&quot;use_custom_post_types&quot;:&quot;yes&quot;,&quot;custom_post_types&quot;:[],&quot;hide_widget_if&quot;:&quot;&quot;,&quot;carousel_enabled&quot;:&quot;&quot;,&quot;slides_to_scroll&quot;:&quot;1&quot;,&quot;arrows&quot;:&quot;true&quot;,&quot;arrow_icon&quot;:&quot;fa fa-angle-left&quot;,&quot;dots&quot;:&quot;&quot;,&quot;autoplay&quot;:&quot;true&quot;,&quot;pause_on_hover&quot;:&quot;true&quot;,&quot;autoplay_speed&quot;:5000,&quot;infinite&quot;:&quot;true&quot;,&quot;center_mode&quot;:&quot;&quot;,&quot;effect&quot;:&quot;slide&quot;,&quot;speed&quot;:500,&quot;inject_alternative_items&quot;:&quot;&quot;,&quot;injection_items&quot;:[],&quot;scroll_slider_enabled&quot;:&quot;&quot;,&quot;scroll_slider_on&quot;:[&quot;desktop&quot;,&quot;tablet&quot;,&quot;mobile&quot;],&quot;custom_query&quot;:false,&quot;custom_query_id&quot;:&quot;&quot;,&quot;_element_id&quot;:&quot;&quot;}}\" data-page=\"1\" data-pages=\"1\" data-listing-source=\"terms\" data-listing-id=\"328\" data-query-id=\"\"><div class=\"jet-listing-grid__item jet-listing-dynamic-post-44\" data-post-id=\"44\" ><div class=\"jet-engine-listing-overlay-wrap\" data-url=\"https:\/\/juliasmagazine.com.br\/?cat=44\">\t\t<div data-elementor-type=\"jet-listing-items\" data-elementor-id=\"328\" class=\"elementor elementor-328\" data-elementor-post-type=\"jet-engine\">\n\t\t\t\t\t\t<section class=\"elementor-section elementor-top-section elementor-element elementor-element-3990625 elementor-section-boxed elementor-section-height-default elementor-section-height-default\" data-id=\"3990625\" data-element_type=\"section\">\n\t\t\t\t\t\t<div class=\"elementor-container elementor-column-gap-default\">\n\t\t\t\t\t<div class=\"elementor-column elementor-col-100 elementor-top-column elementor-element elementor-element-ede6141\" data-id=\"ede6141\" data-element_type=\"column\">\n\t\t\t<div class=\"elementor-widget-wrap elementor-element-populated\">\n\t\t\t\t\t\t<div class=\"elementor-element elementor-element-22b409b elementor-widget elementor-widget-jet-listing-dynamic-field\" data-id=\"22b409b\" data-element_type=\"widget\" data-widget_type=\"jet-listing-dynamic-field.default\">\n\t\t\t\t<div class=\"elementor-widget-container\">\n\t\t\t<div class=\"jet-listing jet-listing-dynamic-field display-inline\"><div class=\"jet-listing-dynamic-field__inline-wrap\"><div class=\"jet-listing-dynamic-field__content\">Viagens e Turismo<\/div><\/div><\/div>\t\t<\/div>\n\t\t\t\t<\/div>\n\t\t\t\t\t<\/div>\n\t\t<\/div>\n\t\t\t\t\t<\/div>\n\t\t<\/section>\n\t\t\t\t<\/div>\n\t\t<a href=\"https:\/\/juliasmagazine.com.br\/?cat=44\" class=\"jet-engine-listing-overlay-link\"><\/a><\/div><\/div><div class=\"jet-listing-grid__item jet-listing-dynamic-post-1\" data-post-id=\"1\" ><div class=\"jet-engine-listing-overlay-wrap\" data-url=\"https:\/\/juliasmagazine.com.br\/?cat=1\">\t\t<div data-elementor-type=\"jet-listing-items\" data-elementor-id=\"328\" class=\"elementor elementor-328\" data-elementor-post-type=\"jet-engine\">\n\t\t\t\t\t\t<section class=\"elementor-section elementor-top-section elementor-element elementor-element-3990625 elementor-section-boxed elementor-section-height-default elementor-section-height-default\" data-id=\"3990625\" data-element_type=\"section\">\n\t\t\t\t\t\t<div class=\"elementor-container elementor-column-gap-default\">\n\t\t\t\t\t<div class=\"elementor-column elementor-col-100 elementor-top-column elementor-element elementor-element-ede6141\" data-id=\"ede6141\" data-element_type=\"column\">\n\t\t\t<div class=\"elementor-widget-wrap elementor-element-populated\">\n\t\t\t\t\t\t<div class=\"elementor-element elementor-element-22b409b elementor-widget elementor-widget-jet-listing-dynamic-field\" data-id=\"22b409b\" data-element_type=\"widget\" data-widget_type=\"jet-listing-dynamic-field.default\">\n\t\t\t\t<div class=\"elementor-widget-container\">\n\t\t\t<div class=\"jet-listing jet-listing-dynamic-field display-inline\"><div class=\"jet-listing-dynamic-field__inline-wrap\"><div class=\"jet-listing-dynamic-field__content\">\u00daltimas Not\u00edcias<\/div><\/div><\/div>\t\t<\/div>\n\t\t\t\t<\/div>\n\t\t\t\t\t<\/div>\n\t\t<\/div>\n\t\t\t\t\t<\/div>\n\t\t<\/section>\n\t\t\t\t<\/div>\n\t\t<a href=\"https:\/\/juliasmagazine.com.br\/?cat=1\" class=\"jet-engine-listing-overlay-link\"><\/a><\/div><\/div><div class=\"jet-listing-grid__item jet-listing-dynamic-post-17\" data-post-id=\"17\" ><div class=\"jet-engine-listing-overlay-wrap\" data-url=\"https:\/\/juliasmagazine.com.br\/?cat=17\">\t\t<div data-elementor-type=\"jet-listing-items\" data-elementor-id=\"328\" class=\"elementor elementor-328\" data-elementor-post-type=\"jet-engine\">\n\t\t\t\t\t\t<section class=\"elementor-section elementor-top-section elementor-element elementor-element-3990625 elementor-section-boxed elementor-section-height-default elementor-section-height-default\" data-id=\"3990625\" data-element_type=\"section\">\n\t\t\t\t\t\t<div class=\"elementor-container elementor-column-gap-default\">\n\t\t\t\t\t<div class=\"elementor-column elementor-col-100 elementor-top-column elementor-element elementor-element-ede6141\" data-id=\"ede6141\" data-element_type=\"column\">\n\t\t\t<div class=\"elementor-widget-wrap elementor-element-populated\">\n\t\t\t\t\t\t<div class=\"elementor-element elementor-element-22b409b elementor-widget elementor-widget-jet-listing-dynamic-field\" data-id=\"22b409b\" data-element_type=\"widget\" data-widget_type=\"jet-listing-dynamic-field.default\">\n\t\t\t\t<div class=\"elementor-widget-container\">\n\t\t\t<div class=\"jet-listing jet-listing-dynamic-field display-inline\"><div class=\"jet-listing-dynamic-field__inline-wrap\"><div class=\"jet-listing-dynamic-field__content\">Tecnologia e Inova\u00e7\u00e3o<\/div><\/div><\/div>\t\t<\/div>\n\t\t\t\t<\/div>\n\t\t\t\t\t<\/div>\n\t\t<\/div>\n\t\t\t\t\t<\/div>\n\t\t<\/section>\n\t\t\t\t<\/div>\n\t\t<a href=\"https:\/\/juliasmagazine.com.br\/?cat=17\" class=\"jet-engine-listing-overlay-link\"><\/a><\/div><\/div><div class=\"jet-listing-grid__item jet-listing-dynamic-post-3\" data-post-id=\"3\" ><div class=\"jet-engine-listing-overlay-wrap\" data-url=\"https:\/\/juliasmagazine.com.br\/?cat=3\">\t\t<div data-elementor-type=\"jet-listing-items\" data-elementor-id=\"328\" class=\"elementor elementor-328\" data-elementor-post-type=\"jet-engine\">\n\t\t\t\t\t\t<section class=\"elementor-section elementor-top-section elementor-element elementor-element-3990625 elementor-section-boxed elementor-section-height-default elementor-section-height-default\" data-id=\"3990625\" data-element_type=\"section\">\n\t\t\t\t\t\t<div class=\"elementor-container elementor-column-gap-default\">\n\t\t\t\t\t<div class=\"elementor-column elementor-col-100 elementor-top-column elementor-element elementor-element-ede6141\" data-id=\"ede6141\" data-element_type=\"column\">\n\t\t\t<div class=\"elementor-widget-wrap elementor-element-populated\">\n\t\t\t\t\t\t<div class=\"elementor-element elementor-element-22b409b elementor-widget elementor-widget-jet-listing-dynamic-field\" data-id=\"22b409b\" data-element_type=\"widget\" data-widget_type=\"jet-listing-dynamic-field.default\">\n\t\t\t\t<div class=\"elementor-widget-container\">\n\t\t\t<div class=\"jet-listing jet-listing-dynamic-field display-inline\"><div class=\"jet-listing-dynamic-field__inline-wrap\"><div class=\"jet-listing-dynamic-field__content\">Seguran\u00e7a e Justi\u00e7a<\/div><\/div><\/div>\t\t<\/div>\n\t\t\t\t<\/div>\n\t\t\t\t\t<\/div>\n\t\t<\/div>\n\t\t\t\t\t<\/div>\n\t\t<\/section>\n\t\t\t\t<\/div>\n\t\t<a href=\"https:\/\/juliasmagazine.com.br\/?cat=3\" class=\"jet-engine-listing-overlay-link\"><\/a><\/div><\/div><div class=\"jet-listing-grid__item jet-listing-dynamic-post-11\" data-post-id=\"11\" ><div class=\"jet-engine-listing-overlay-wrap\" data-url=\"https:\/\/juliasmagazine.com.br\/?cat=11\">\t\t<div data-elementor-type=\"jet-listing-items\" data-elementor-id=\"328\" class=\"elementor elementor-328\" data-elementor-post-type=\"jet-engine\">\n\t\t\t\t\t\t<section class=\"elementor-section elementor-top-section elementor-element elementor-element-3990625 elementor-section-boxed elementor-section-height-default elementor-section-height-default\" data-id=\"3990625\" data-element_type=\"section\">\n\t\t\t\t\t\t<div class=\"elementor-container elementor-column-gap-default\">\n\t\t\t\t\t<div class=\"elementor-column elementor-col-100 elementor-top-column elementor-element elementor-element-ede6141\" data-id=\"ede6141\" data-element_type=\"column\">\n\t\t\t<div class=\"elementor-widget-wrap elementor-element-populated\">\n\t\t\t\t\t\t<div class=\"elementor-element elementor-element-22b409b elementor-widget elementor-widget-jet-listing-dynamic-field\" data-id=\"22b409b\" data-element_type=\"widget\" data-widget_type=\"jet-listing-dynamic-field.default\">\n\t\t\t\t<div class=\"elementor-widget-container\">\n\t\t\t<div class=\"jet-listing jet-listing-dynamic-field display-inline\"><div class=\"jet-listing-dynamic-field__inline-wrap\"><div class=\"jet-listing-dynamic-field__content\">Sa\u00fade e Bem-Estar<\/div><\/div><\/div>\t\t<\/div>\n\t\t\t\t<\/div>\n\t\t\t\t\t<\/div>\n\t\t<\/div>\n\t\t\t\t\t<\/div>\n\t\t<\/section>\n\t\t\t\t<\/div>\n\t\t<a href=\"https:\/\/juliasmagazine.com.br\/?cat=11\" class=\"jet-engine-listing-overlay-link\"><\/a><\/div><\/div><div class=\"jet-listing-grid__item jet-listing-dynamic-post-4\" data-post-id=\"4\" ><div class=\"jet-engine-listing-overlay-wrap\" data-url=\"https:\/\/juliasmagazine.com.br\/?cat=4\">\t\t<div data-elementor-type=\"jet-listing-items\" data-elementor-id=\"328\" class=\"elementor elementor-328\" data-elementor-post-type=\"jet-engine\">\n\t\t\t\t\t\t<section class=\"elementor-section elementor-top-section elementor-element elementor-element-3990625 elementor-section-boxed elementor-section-height-default elementor-section-height-default\" data-id=\"3990625\" data-element_type=\"section\">\n\t\t\t\t\t\t<div class=\"elementor-container elementor-column-gap-default\">\n\t\t\t\t\t<div class=\"elementor-column elementor-col-100 elementor-top-column elementor-element elementor-element-ede6141\" data-id=\"ede6141\" data-element_type=\"column\">\n\t\t\t<div class=\"elementor-widget-wrap elementor-element-populated\">\n\t\t\t\t\t\t<div class=\"elementor-element elementor-element-22b409b elementor-widget elementor-widget-jet-listing-dynamic-field\" data-id=\"22b409b\" data-element_type=\"widget\" data-widget_type=\"jet-listing-dynamic-field.default\">\n\t\t\t\t<div class=\"elementor-widget-container\">\n\t\t\t<div class=\"jet-listing jet-listing-dynamic-field display-inline\"><div class=\"jet-listing-dynamic-field__inline-wrap\"><div class=\"jet-listing-dynamic-field__content\">Pol\u00edtica<\/div><\/div><\/div>\t\t<\/div>\n\t\t\t\t<\/div>\n\t\t\t\t\t<\/div>\n\t\t<\/div>\n\t\t\t\t\t<\/div>\n\t\t<\/section>\n\t\t\t\t<\/div>\n\t\t<a href=\"https:\/\/juliasmagazine.com.br\/?cat=4\" class=\"jet-engine-listing-overlay-link\"><\/a><\/div><\/div><div class=\"jet-listing-grid__item jet-listing-dynamic-post-6\" data-post-id=\"6\" ><div class=\"jet-engine-listing-overlay-wrap\" data-url=\"https:\/\/juliasmagazine.com.br\/?cat=6\">\t\t<div data-elementor-type=\"jet-listing-items\" data-elementor-id=\"328\" class=\"elementor elementor-328\" data-elementor-post-type=\"jet-engine\">\n\t\t\t\t\t\t<section class=\"elementor-section elementor-top-section elementor-element elementor-element-3990625 elementor-section-boxed elementor-section-height-default elementor-section-height-default\" data-id=\"3990625\" data-element_type=\"section\">\n\t\t\t\t\t\t<div class=\"elementor-container elementor-column-gap-default\">\n\t\t\t\t\t<div class=\"elementor-column elementor-col-100 elementor-top-column elementor-element elementor-element-ede6141\" data-id=\"ede6141\" data-element_type=\"column\">\n\t\t\t<div class=\"elementor-widget-wrap elementor-element-populated\">\n\t\t\t\t\t\t<div class=\"elementor-element elementor-element-22b409b elementor-widget elementor-widget-jet-listing-dynamic-field\" data-id=\"22b409b\" data-element_type=\"widget\" data-widget_type=\"jet-listing-dynamic-field.default\">\n\t\t\t\t<div class=\"elementor-widget-container\">\n\t\t\t<div class=\"jet-listing jet-listing-dynamic-field display-inline\"><div class=\"jet-listing-dynamic-field__inline-wrap\"><div class=\"jet-listing-dynamic-field__content\">Meio Ambiente e Sustentabilidade<\/div><\/div><\/div>\t\t<\/div>\n\t\t\t\t<\/div>\n\t\t\t\t\t<\/div>\n\t\t<\/div>\n\t\t\t\t\t<\/div>\n\t\t<\/section>\n\t\t\t\t<\/div>\n\t\t<a href=\"https:\/\/juliasmagazine.com.br\/?cat=6\" class=\"jet-engine-listing-overlay-link\"><\/a><\/div><\/div><div class=\"jet-listing-grid__item jet-listing-dynamic-post-45\" data-post-id=\"45\" ><div class=\"jet-engine-listing-overlay-wrap\" data-url=\"https:\/\/juliasmagazine.com.br\/?cat=45\">\t\t<div data-elementor-type=\"jet-listing-items\" data-elementor-id=\"328\" class=\"elementor elementor-328\" data-elementor-post-type=\"jet-engine\">\n\t\t\t\t\t\t<section class=\"elementor-section elementor-top-section elementor-element elementor-element-3990625 elementor-section-boxed elementor-section-height-default elementor-section-height-default\" data-id=\"3990625\" data-element_type=\"section\">\n\t\t\t\t\t\t<div class=\"elementor-container elementor-column-gap-default\">\n\t\t\t\t\t<div class=\"elementor-column elementor-col-100 elementor-top-column elementor-element elementor-element-ede6141\" data-id=\"ede6141\" data-element_type=\"column\">\n\t\t\t<div class=\"elementor-widget-wrap elementor-element-populated\">\n\t\t\t\t\t\t<div class=\"elementor-element elementor-element-22b409b elementor-widget elementor-widget-jet-listing-dynamic-field\" data-id=\"22b409b\" data-element_type=\"widget\" data-widget_type=\"jet-listing-dynamic-field.default\">\n\t\t\t\t<div class=\"elementor-widget-container\">\n\t\t\t<div class=\"jet-listing jet-listing-dynamic-field display-inline\"><div class=\"jet-listing-dynamic-field__inline-wrap\"><div class=\"jet-listing-dynamic-field__content\">Hist\u00f3rias Inspiradoras<\/div><\/div><\/div>\t\t<\/div>\n\t\t\t\t<\/div>\n\t\t\t\t\t<\/div>\n\t\t<\/div>\n\t\t\t\t\t<\/div>\n\t\t<\/section>\n\t\t\t\t<\/div>\n\t\t<a href=\"https:\/\/juliasmagazine.com.br\/?cat=45\" class=\"jet-engine-listing-overlay-link\"><\/a><\/div><\/div><div class=\"jet-listing-grid__item jet-listing-dynamic-post-40\" data-post-id=\"40\" ><div class=\"jet-engine-listing-overlay-wrap\" data-url=\"https:\/\/juliasmagazine.com.br\/?cat=40\">\t\t<div data-elementor-type=\"jet-listing-items\" data-elementor-id=\"328\" class=\"elementor elementor-328\" data-elementor-post-type=\"jet-engine\">\n\t\t\t\t\t\t<section class=\"elementor-section elementor-top-section elementor-element elementor-element-3990625 elementor-section-boxed elementor-section-height-default elementor-section-height-default\" data-id=\"3990625\" data-element_type=\"section\">\n\t\t\t\t\t\t<div class=\"elementor-container elementor-column-gap-default\">\n\t\t\t\t\t<div class=\"elementor-column elementor-col-100 elementor-top-column elementor-element elementor-element-ede6141\" data-id=\"ede6141\" data-element_type=\"column\">\n\t\t\t<div class=\"elementor-widget-wrap elementor-element-populated\">\n\t\t\t\t\t\t<div class=\"elementor-element elementor-element-22b409b elementor-widget elementor-widget-jet-listing-dynamic-field\" data-id=\"22b409b\" data-element_type=\"widget\" data-widget_type=\"jet-listing-dynamic-field.default\">\n\t\t\t\t<div class=\"elementor-widget-container\">\n\t\t\t<div class=\"jet-listing jet-listing-dynamic-field display-inline\"><div class=\"jet-listing-dynamic-field__inline-wrap\"><div class=\"jet-listing-dynamic-field__content\">Esportes<\/div><\/div><\/div>\t\t<\/div>\n\t\t\t\t<\/div>\n\t\t\t\t\t<\/div>\n\t\t<\/div>\n\t\t\t\t\t<\/div>\n\t\t<\/section>\n\t\t\t\t<\/div>\n\t\t<a href=\"https:\/\/juliasmagazine.com.br\/?cat=40\" class=\"jet-engine-listing-overlay-link\"><\/a><\/div><\/div><div class=\"jet-listing-grid__item jet-listing-dynamic-post-18\" data-post-id=\"18\" ><div class=\"jet-engine-listing-overlay-wrap\" data-url=\"https:\/\/juliasmagazine.com.br\/?cat=18\">\t\t<div data-elementor-type=\"jet-listing-items\" data-elementor-id=\"328\" class=\"elementor elementor-328\" data-elementor-post-type=\"jet-engine\">\n\t\t\t\t\t\t<section class=\"elementor-section elementor-top-section elementor-element elementor-element-3990625 elementor-section-boxed elementor-section-height-default elementor-section-height-default\" data-id=\"3990625\" data-element_type=\"section\">\n\t\t\t\t\t\t<div class=\"elementor-container elementor-column-gap-default\">\n\t\t\t\t\t<div class=\"elementor-column elementor-col-100 elementor-top-column elementor-element elementor-element-ede6141\" data-id=\"ede6141\" data-element_type=\"column\">\n\t\t\t<div class=\"elementor-widget-wrap elementor-element-populated\">\n\t\t\t\t\t\t<div class=\"elementor-element elementor-element-22b409b elementor-widget elementor-widget-jet-listing-dynamic-field\" data-id=\"22b409b\" data-element_type=\"widget\" data-widget_type=\"jet-listing-dynamic-field.default\">\n\t\t\t\t<div class=\"elementor-widget-container\">\n\t\t\t<div class=\"jet-listing jet-listing-dynamic-field display-inline\"><div class=\"jet-listing-dynamic-field__inline-wrap\"><div class=\"jet-listing-dynamic-field__content\">Educa\u00e7\u00e3o e Carreiras<\/div><\/div><\/div>\t\t<\/div>\n\t\t\t\t<\/div>\n\t\t\t\t\t<\/div>\n\t\t<\/div>\n\t\t\t\t\t<\/div>\n\t\t<\/section>\n\t\t\t\t<\/div>\n\t\t<a href=\"https:\/\/juliasmagazine.com.br\/?cat=18\" class=\"jet-engine-listing-overlay-link\"><\/a><\/div><\/div><div class=\"jet-listing-grid__item jet-listing-dynamic-post-37\" data-post-id=\"37\" ><div class=\"jet-engine-listing-overlay-wrap\" data-url=\"https:\/\/juliasmagazine.com.br\/?cat=37\">\t\t<div data-elementor-type=\"jet-listing-items\" data-elementor-id=\"328\" class=\"elementor elementor-328\" data-elementor-post-type=\"jet-engine\">\n\t\t\t\t\t\t<section class=\"elementor-section elementor-top-section elementor-element elementor-element-3990625 elementor-section-boxed elementor-section-height-default elementor-section-height-default\" data-id=\"3990625\" data-element_type=\"section\">\n\t\t\t\t\t\t<div class=\"elementor-container elementor-column-gap-default\">\n\t\t\t\t\t<div class=\"elementor-column elementor-col-100 elementor-top-column elementor-element elementor-element-ede6141\" data-id=\"ede6141\" data-element_type=\"column\">\n\t\t\t<div class=\"elementor-widget-wrap elementor-element-populated\">\n\t\t\t\t\t\t<div class=\"elementor-element elementor-element-22b409b elementor-widget elementor-widget-jet-listing-dynamic-field\" data-id=\"22b409b\" data-element_type=\"widget\" data-widget_type=\"jet-listing-dynamic-field.default\">\n\t\t\t\t<div class=\"elementor-widget-container\">\n\t\t\t<div class=\"jet-listing jet-listing-dynamic-field display-inline\"><div class=\"jet-listing-dynamic-field__inline-wrap\"><div class=\"jet-listing-dynamic-field__content\">Economia e Neg\u00f3cios<\/div><\/div><\/div>\t\t<\/div>\n\t\t\t\t<\/div>\n\t\t\t\t\t<\/div>\n\t\t<\/div>\n\t\t\t\t\t<\/div>\n\t\t<\/section>\n\t\t\t\t<\/div>\n\t\t<a href=\"https:\/\/juliasmagazine.com.br\/?cat=37\" class=\"jet-engine-listing-overlay-link\"><\/a><\/div><\/div><div class=\"jet-listing-grid__item jet-listing-dynamic-post-5\" data-post-id=\"5\" ><div class=\"jet-engine-listing-overlay-wrap\" data-url=\"https:\/\/juliasmagazine.com.br\/?cat=5\">\t\t<div data-elementor-type=\"jet-listing-items\" data-elementor-id=\"328\" class=\"elementor elementor-328\" data-elementor-post-type=\"jet-engine\">\n\t\t\t\t\t\t<section class=\"elementor-section elementor-top-section elementor-element elementor-element-3990625 elementor-section-boxed elementor-section-height-default elementor-section-height-default\" data-id=\"3990625\" data-element_type=\"section\">\n\t\t\t\t\t\t<div class=\"elementor-container elementor-column-gap-default\">\n\t\t\t\t\t<div class=\"elementor-column elementor-col-100 elementor-top-column elementor-element elementor-element-ede6141\" data-id=\"ede6141\" data-element_type=\"column\">\n\t\t\t<div class=\"elementor-widget-wrap elementor-element-populated\">\n\t\t\t\t\t\t<div class=\"elementor-element elementor-element-22b409b elementor-widget elementor-widget-jet-listing-dynamic-field\" data-id=\"22b409b\" data-element_type=\"widget\" data-widget_type=\"jet-listing-dynamic-field.default\">\n\t\t\t\t<div class=\"elementor-widget-container\">\n\t\t\t<div class=\"jet-listing jet-listing-dynamic-field display-inline\"><div class=\"jet-listing-dynamic-field__inline-wrap\"><div class=\"jet-listing-dynamic-field__content\">Cultura e Entretenimento<\/div><\/div><\/div>\t\t<\/div>\n\t\t\t\t<\/div>\n\t\t\t\t\t<\/div>\n\t\t<\/div>\n\t\t\t\t\t<\/div>\n\t\t<\/section>\n\t\t\t\t<\/div>\n\t\t<a href=\"https:\/\/juliasmagazine.com.br\/?cat=5\" class=\"jet-engine-listing-overlay-link\"><\/a><\/div><\/div><\/div><div class=\"jet-listing-grid__loader\"><div class=\"jet-listing-grid__loader-spinner\"><\/div><\/div><\/div>\t\t<\/div>\n\t\t\t\t<\/div>\n\t\t\t\t\t<\/div>\n\t\t<\/div>\n\t\t\t\t\t<\/div>\n\t\t<\/section>\n\t\t\t\t<section class=\"elementor-section elementor-top-section elementor-element elementor-element-8f8876c elementor-section-boxed elementor-section-height-default elementor-section-height-default\" data-id=\"8f8876c\" data-element_type=\"section\">\n\t\t\t\t\t\t<div class=\"elementor-container elementor-column-gap-default\">\n\t\t\t\t\t<div class=\"elementor-column elementor-col-100 elementor-top-column elementor-element elementor-element-4167e0aa\" data-id=\"4167e0aa\" data-element_type=\"column\">\n\t\t\t<div class=\"elementor-widget-wrap elementor-element-populated\">\n\t\t\t\t\t\t<div class=\"elementor-element elementor-element-fec6463 elementor-widget elementor-widget-heading\" data-id=\"fec6463\" data-element_type=\"widget\" data-widget_type=\"heading.default\">\n\t\t\t\t<div class=\"elementor-widget-container\">\n\t\t\t<p class=\"elementor-heading-title elementor-size-default\">\u00daltimas Not\u00edcias<\/p>\t\t<\/div>\n\t\t\t\t<\/div>\n\t\t\t\t\t<\/div>\n\t\t<\/div>\n\t\t\t\t\t<\/div>\n\t\t<\/section>\n\t\t\t\t<section class=\"elementor-section elementor-top-section elementor-element elementor-element-32b0bb3 elementor-section-boxed elementor-section-height-default elementor-section-height-default\" data-id=\"32b0bb3\" data-element_type=\"section\">\n\t\t\t\t\t\t<div class=\"elementor-container elementor-column-gap-default\">\n\t\t\t\t\t<div class=\"elementor-column elementor-col-50 elementor-top-column elementor-element elementor-element-535f880\" data-id=\"535f880\" data-element_type=\"column\">\n\t\t\t<div class=\"elementor-widget-wrap elementor-element-populated\">\n\t\t\t\t\t\t<div class=\"elementor-element elementor-element-da49f60 elementor-grid-1 elementor-grid-tablet-2 elementor-grid-mobile-1 elementor-widget elementor-widget-loop-grid\" data-id=\"da49f60\" data-element_type=\"widget\" data-settings=\"{&quot;template_id&quot;:&quot;42&quot;,&quot;columns&quot;:1,&quot;_skin&quot;:&quot;post&quot;,&quot;columns_tablet&quot;:&quot;2&quot;,&quot;columns_mobile&quot;:&quot;1&quot;,&quot;edit_handle_selector&quot;:&quot;[data-elementor-type=\\&quot;loop-item\\&quot;]&quot;,&quot;row_gap&quot;:{&quot;unit&quot;:&quot;px&quot;,&quot;size&quot;:&quot;&quot;,&quot;sizes&quot;:[]},&quot;row_gap_tablet&quot;:{&quot;unit&quot;:&quot;px&quot;,&quot;size&quot;:&quot;&quot;,&quot;sizes&quot;:[]},&quot;row_gap_mobile&quot;:{&quot;unit&quot;:&quot;px&quot;,&quot;size&quot;:&quot;&quot;,&quot;sizes&quot;:[]}}\" data-widget_type=\"loop-grid.post\">\n\t\t\t\t<div class=\"elementor-widget-container\">\n\t\t\t\t\t<div class=\"elementor-loop-container elementor-grid\">\n\t\t<style id=\"loop-42\">.elementor-bc-flex-widget .elementor-42 .elementor-element.elementor-element-1d63a3c.elementor-column .elementor-widget-wrap{align-items:center;}.elementor-42 .elementor-element.elementor-element-1d63a3c.elementor-column.elementor-element[data-element_type=\"column\"] > .elementor-widget-wrap.elementor-element-populated{align-content:center;align-items:center;}.elementor-42 .elementor-element.elementor-element-1d63a3c > .elementor-widget-wrap > .elementor-widget:not(.elementor-widget__width-auto):not(.elementor-widget__width-initial):not(:last-child):not(.elementor-absolute){margin-bottom:10px;}.elementor-widget-image .widget-image-caption{color:var( --e-global-color-text );font-family:var( --e-global-typography-text-font-family ), Sans-serif;font-weight:var( --e-global-typography-text-font-weight );}.elementor-42 .elementor-element.elementor-element-15f0cc9 > .elementor-widget-container{margin:0px 0px 0px 0px;padding:0px 0px 0px 0px;}.elementor-42 .elementor-element.elementor-element-15f0cc9 img{border-radius:15px 15px 15px 15px;}.elementor-bc-flex-widget .elementor-42 .elementor-element.elementor-element-8ff4591.elementor-column .elementor-widget-wrap{align-items:center;}.elementor-42 .elementor-element.elementor-element-8ff4591.elementor-column.elementor-element[data-element_type=\"column\"] > .elementor-widget-wrap.elementor-element-populated{align-content:center;align-items:center;}.elementor-42 .elementor-element.elementor-element-8ff4591 > .elementor-widget-wrap > .elementor-widget:not(.elementor-widget__width-auto):not(.elementor-widget__width-initial):not(:last-child):not(.elementor-absolute){margin-bottom:10px;}.elementor-widget-heading .elementor-heading-title{color:var( --e-global-color-primary );font-family:var( --e-global-typography-primary-font-family ), Sans-serif;font-weight:var( --e-global-typography-primary-font-weight );}.elementor-42 .elementor-element.elementor-element-81b0a71{width:auto;max-width:auto;}.elementor-42 .elementor-element.elementor-element-81b0a71 > .elementor-widget-container{background-color:var( --e-global-color-primary );margin:0px 0px 10px 0px;padding:4px 5px 4px 5px;border-radius:20px 20px 20px 20px;}.elementor-42 .elementor-element.elementor-element-81b0a71 .elementor-heading-title{color:#FFFFFF;font-family:var( --e-global-typography-accent-font-family ), Sans-serif;font-weight:var( --e-global-typography-accent-font-weight );-webkit-text-stroke-color:#991515;stroke:#991515;}.elementor-42 .elementor-element.elementor-element-272c0ff6 .elementor-heading-title{color:var( --e-global-color-primary );font-family:\"Open Sans\", Sans-serif;font-size:24px;font-weight:600;}.elementor-42 .elementor-element.elementor-element-d0a2b7c .jet-listing-dynamic-field__content{font-size:14px;line-height:19px;text-align:left;}.elementor-42 .elementor-element.elementor-element-d0a2b7c .jet-listing-dynamic-field .jet-listing-dynamic-field__inline-wrap{width:auto;}.elementor-42 .elementor-element.elementor-element-d0a2b7c .jet-listing-dynamic-field .jet-listing-dynamic-field__content{width:auto;}.elementor-42 .elementor-element.elementor-element-d0a2b7c .jet-listing-dynamic-field{justify-content:flex-start;}.elementor-42 .elementor-element.elementor-element-61b1f4d0 .elementor-heading-title{color:var( --e-global-color-secondary );font-family:var( --e-global-typography-text-font-family ), Sans-serif;font-weight:var( --e-global-typography-text-font-weight );}@media(max-width:767px){.elementor-42 .elementor-element.elementor-element-15f0cc9 > .elementor-widget-container{margin:0px 0px 0px 0px;padding:0px 0px 0px 0px;}.elementor-42 .elementor-element.elementor-element-15f0cc9 img{width:100%;}.elementor-42 .elementor-element.elementor-element-d0a2b7c > .elementor-widget-container{margin:0px 0px 0px 0px;}}@media(min-width:768px){.elementor-42 .elementor-element.elementor-element-1d63a3c{width:42.295%;}.elementor-42 .elementor-element.elementor-element-8ff4591{width:57.705%;}}<\/style>\t\t<div data-elementor-type=\"loop-item\" data-elementor-id=\"42\" class=\"elementor elementor-42 e-loop-item e-loop-item-37559 post-37559 post type-post status-publish format-standard has-post-thumbnail hentry category-sem-categoria\" data-elementor-post-type=\"elementor_library\" data-custom-edit-handle=\"1\">\n\t\t\t\t\t<section class=\"elementor-section elementor-top-section elementor-element elementor-element-5498ca1 elementor-section-boxed elementor-section-height-default elementor-section-height-default\" data-id=\"5498ca1\" data-element_type=\"section\">\n\t\t\t\t\t\t<div class=\"elementor-container elementor-column-gap-default\">\n\t\t\t\t\t<div class=\"elementor-column elementor-col-50 elementor-top-column elementor-element elementor-element-1d63a3c\" data-id=\"1d63a3c\" data-element_type=\"column\">\n\t\t\t<div class=\"elementor-widget-wrap elementor-element-populated\">\n\t\t\t\t\t\t<div class=\"elementor-element elementor-element-15f0cc9 elementor-widget elementor-widget-image\" data-id=\"15f0cc9\" data-element_type=\"widget\" data-widget_type=\"image.default\">\n\t\t\t\t<div class=\"elementor-widget-container\">\n\t\t\t\t\t\t\t\t\t\t\t\t\t\t<a href=\"https:\/\/juliasmagazine.com.br\/?p=37559\">\n\t\t\t\t\t\t\t<img decoding=\"async\" width=\"1600\" height=\"800\" src=\"https:\/\/juliasmagazine.com.br\/wp-content\/uploads\/2026\/09\/37559-bb-passa-a-usar-tecnologia-de-origem-verificada-em-ligacoes.jpg\" class=\"attachment-full size-full wp-image-37560\" alt=\"bb-passa-a-usar-tecnologia-de-origem-verificada-em-ligacoes\" srcset=\"https:\/\/juliasmagazine.com.br\/wp-content\/uploads\/2026\/09\/37559-bb-passa-a-usar-tecnologia-de-origem-verificada-em-ligacoes.jpg 1600w, https:\/\/juliasmagazine.com.br\/wp-content\/uploads\/2026\/09\/37559-bb-passa-a-usar-tecnologia-de-origem-verificada-em-ligacoes-300x150.jpg 300w, https:\/\/juliasmagazine.com.br\/wp-content\/uploads\/2026\/09\/37559-bb-passa-a-usar-tecnologia-de-origem-verificada-em-ligacoes-1024x512.jpg 1024w, https:\/\/juliasmagazine.com.br\/wp-content\/uploads\/2026\/09\/37559-bb-passa-a-usar-tecnologia-de-origem-verificada-em-ligacoes-768x384.jpg 768w, https:\/\/juliasmagazine.com.br\/wp-content\/uploads\/2026\/09\/37559-bb-passa-a-usar-tecnologia-de-origem-verificada-em-ligacoes-1536x768.jpg 1536w, https:\/\/juliasmagazine.com.br\/wp-content\/uploads\/2026\/09\/37559-bb-passa-a-usar-tecnologia-de-origem-verificada-em-ligacoes-260x130.jpg 260w, https:\/\/juliasmagazine.com.br\/wp-content\/uploads\/2026\/09\/37559-bb-passa-a-usar-tecnologia-de-origem-verificada-em-ligacoes-600x300.jpg 600w\" sizes=\"(max-width: 1600px) 100vw, 1600px\" \/>\t\t\t\t\t\t\t\t<\/a>\n\t\t\t\t\t\t\t\t\t\t\t\t\t<\/div>\n\t\t\t\t<\/div>\n\t\t\t\t\t<\/div>\n\t\t<\/div>\n\t\t\t\t<div class=\"elementor-column elementor-col-50 elementor-top-column elementor-element elementor-element-8ff4591\" data-id=\"8ff4591\" data-element_type=\"column\">\n\t\t\t<div class=\"elementor-widget-wrap elementor-element-populated\">\n\t\t\t\t\t\t<div class=\"elementor-element elementor-element-81b0a71 elementor-widget__width-auto elementor-widget elementor-widget-heading\" data-id=\"81b0a71\" data-element_type=\"widget\" data-widget_type=\"heading.default\">\n\t\t\t\t<div class=\"elementor-widget-container\">\n\t\t\t<p class=\"elementor-heading-title elementor-size-default\"><a href=\"https:\/\/juliasmagazine.com.br\/?p=37559\"><span>\u00daltimas Not\u00edcias<\/span><\/a><\/p>\t\t<\/div>\n\t\t\t\t<\/div>\n\t\t\t\t<div class=\"elementor-element elementor-element-272c0ff6 elementor-widget elementor-widget-heading\" data-id=\"272c0ff6\" data-element_type=\"widget\" data-widget_type=\"heading.default\">\n\t\t\t\t<div class=\"elementor-widget-container\">\n\t\t\t<p class=\"elementor-heading-title elementor-size-default\"><a href=\"https:\/\/juliasmagazine.com.br\/?p=37559\">BB passa a usar tecnologia de origem verificada em liga\u00e7\u00f5es<\/a><\/p>\t\t<\/div>\n\t\t\t\t<\/div>\n\t\t\t\t<div class=\"elementor-element elementor-element-d0a2b7c elementor-widget elementor-widget-jet-listing-dynamic-field\" data-id=\"d0a2b7c\" data-element_type=\"widget\" data-widget_type=\"jet-listing-dynamic-field.default\">\n\t\t\t\t<div class=\"elementor-widget-container\">\n\t\t\t<div class=\"jet-listing jet-listing-dynamic-field display-inline\"><div class=\"jet-listing-dynamic-field__inline-wrap\"><div class=\"jet-listing-dynamic-field__content\">Os clientes do Banco do Brasil (BB) contam com um novo recurso de seguran\u00e7a para evitar falsas liga\u00e7\u00f5es telef\u00f4nicas. O banco passou a utilizar a tecnologia de o...<\/div><\/div><\/div>\t\t<\/div>\n\t\t\t\t<\/div>\n\t\t\t\t<div class=\"elementor-element elementor-element-61b1f4d0 elementor-widget elementor-widget-heading\" data-id=\"61b1f4d0\" data-element_type=\"widget\" data-widget_type=\"heading.default\">\n\t\t\t\t<div class=\"elementor-widget-container\">\n\t\t\t<p class=\"elementor-heading-title elementor-size-default\"><a href=\"https:\/\/juliasmagazine.com.br\/?p=37559\">2 de setembro de 2026<\/a><\/p>\t\t<\/div>\n\t\t\t\t<\/div>\n\t\t\t\t\t<\/div>\n\t\t<\/div>\n\t\t\t\t\t<\/div>\n\t\t<\/section>\n\t\t\t\t<\/div>\n\t\t\t\t<div data-elementor-type=\"loop-item\" data-elementor-id=\"42\" class=\"elementor elementor-42 e-loop-item e-loop-item-37557 post-37557 post type-post status-publish format-standard has-post-thumbnail hentry category-sem-categoria\" data-elementor-post-type=\"elementor_library\" data-custom-edit-handle=\"1\">\n\t\t\t\t\t<section class=\"elementor-section elementor-top-section elementor-element elementor-element-5498ca1 elementor-section-boxed elementor-section-height-default elementor-section-height-default\" data-id=\"5498ca1\" data-element_type=\"section\">\n\t\t\t\t\t\t<div class=\"elementor-container elementor-column-gap-default\">\n\t\t\t\t\t<div class=\"elementor-column elementor-col-50 elementor-top-column elementor-element elementor-element-1d63a3c\" data-id=\"1d63a3c\" data-element_type=\"column\">\n\t\t\t<div class=\"elementor-widget-wrap elementor-element-populated\">\n\t\t\t\t\t\t<div class=\"elementor-element elementor-element-15f0cc9 elementor-widget elementor-widget-image\" data-id=\"15f0cc9\" data-element_type=\"widget\" data-widget_type=\"image.default\">\n\t\t\t\t<div class=\"elementor-widget-container\">\n\t\t\t\t\t\t\t\t\t\t\t\t\t\t<a href=\"https:\/\/juliasmagazine.com.br\/?p=37557\">\n\t\t\t\t\t\t\t<img loading=\"lazy\" decoding=\"async\" width=\"1600\" height=\"800\" src=\"https:\/\/juliasmagazine.com.br\/wp-content\/uploads\/2026\/09\/37557-ccj-do-senado-aprova-pec-que-acaba-com-jornada-61.jpg\" class=\"attachment-full size-full wp-image-37558\" alt=\"ccj-do-senado-aprova-pec-que-acaba-com-jornada-6\u00d71\" srcset=\"https:\/\/juliasmagazine.com.br\/wp-content\/uploads\/2026\/09\/37557-ccj-do-senado-aprova-pec-que-acaba-com-jornada-61.jpg 1600w, https:\/\/juliasmagazine.com.br\/wp-content\/uploads\/2026\/09\/37557-ccj-do-senado-aprova-pec-que-acaba-com-jornada-61-300x150.jpg 300w, https:\/\/juliasmagazine.com.br\/wp-content\/uploads\/2026\/09\/37557-ccj-do-senado-aprova-pec-que-acaba-com-jornada-61-1024x512.jpg 1024w, https:\/\/juliasmagazine.com.br\/wp-content\/uploads\/2026\/09\/37557-ccj-do-senado-aprova-pec-que-acaba-com-jornada-61-768x384.jpg 768w, https:\/\/juliasmagazine.com.br\/wp-content\/uploads\/2026\/09\/37557-ccj-do-senado-aprova-pec-que-acaba-com-jornada-61-1536x768.jpg 1536w, https:\/\/juliasmagazine.com.br\/wp-content\/uploads\/2026\/09\/37557-ccj-do-senado-aprova-pec-que-acaba-com-jornada-61-260x130.jpg 260w, https:\/\/juliasmagazine.com.br\/wp-content\/uploads\/2026\/09\/37557-ccj-do-senado-aprova-pec-que-acaba-com-jornada-61-600x300.jpg 600w\" sizes=\"(max-width: 1600px) 100vw, 1600px\" \/>\t\t\t\t\t\t\t\t<\/a>\n\t\t\t\t\t\t\t\t\t\t\t\t\t<\/div>\n\t\t\t\t<\/div>\n\t\t\t\t\t<\/div>\n\t\t<\/div>\n\t\t\t\t<div class=\"elementor-column elementor-col-50 elementor-top-column elementor-element elementor-element-8ff4591\" data-id=\"8ff4591\" data-element_type=\"column\">\n\t\t\t<div class=\"elementor-widget-wrap elementor-element-populated\">\n\t\t\t\t\t\t<div class=\"elementor-element elementor-element-81b0a71 elementor-widget__width-auto elementor-widget elementor-widget-heading\" data-id=\"81b0a71\" data-element_type=\"widget\" data-widget_type=\"heading.default\">\n\t\t\t\t<div class=\"elementor-widget-container\">\n\t\t\t<p class=\"elementor-heading-title elementor-size-default\"><a href=\"https:\/\/juliasmagazine.com.br\/?p=37557\"><span>\u00daltimas Not\u00edcias<\/span><\/a><\/p>\t\t<\/div>\n\t\t\t\t<\/div>\n\t\t\t\t<div class=\"elementor-element elementor-element-272c0ff6 elementor-widget elementor-widget-heading\" data-id=\"272c0ff6\" data-element_type=\"widget\" data-widget_type=\"heading.default\">\n\t\t\t\t<div class=\"elementor-widget-container\">\n\t\t\t<p class=\"elementor-heading-title elementor-size-default\"><a href=\"https:\/\/juliasmagazine.com.br\/?p=37557\">CCJ do Senado aprova PEC que acaba com jornada 6&#215;1<\/a><\/p>\t\t<\/div>\n\t\t\t\t<\/div>\n\t\t\t\t<div class=\"elementor-element elementor-element-d0a2b7c elementor-widget elementor-widget-jet-listing-dynamic-field\" data-id=\"d0a2b7c\" data-element_type=\"widget\" data-widget_type=\"jet-listing-dynamic-field.default\">\n\t\t\t\t<div class=\"elementor-widget-container\">\n\t\t\t<div class=\"jet-listing jet-listing-dynamic-field display-inline\"><div class=\"jet-listing-dynamic-field__inline-wrap\"><div class=\"jet-listing-dynamic-field__content\">A Comiss\u00e3o de Constitui\u00e7\u00e3o e Justi\u00e7a (CCJ) do Senado aprovou, nesta quarta-feira (2), por vota\u00e7\u00e3o simb\u00f3lica, a proposta de emenda \u00e0 Constitui\u00e7\u00e3o (PEC) que p\u00f5e f...<\/div><\/div><\/div>\t\t<\/div>\n\t\t\t\t<\/div>\n\t\t\t\t<div class=\"elementor-element elementor-element-61b1f4d0 elementor-widget elementor-widget-heading\" data-id=\"61b1f4d0\" data-element_type=\"widget\" data-widget_type=\"heading.default\">\n\t\t\t\t<div class=\"elementor-widget-container\">\n\t\t\t<p class=\"elementor-heading-title elementor-size-default\"><a href=\"https:\/\/juliasmagazine.com.br\/?p=37557\">2 de setembro de 2026<\/a><\/p>\t\t<\/div>\n\t\t\t\t<\/div>\n\t\t\t\t\t<\/div>\n\t\t<\/div>\n\t\t\t\t\t<\/div>\n\t\t<\/section>\n\t\t\t\t<\/div>\n\t\t\t\t<div data-elementor-type=\"loop-item\" data-elementor-id=\"42\" class=\"elementor elementor-42 e-loop-item e-loop-item-37553 post-37553 post type-post status-publish format-standard has-post-thumbnail hentry category-politica\" data-elementor-post-type=\"elementor_library\" data-custom-edit-handle=\"1\">\n\t\t\t\t\t<section class=\"elementor-section elementor-top-section elementor-element elementor-element-5498ca1 elementor-section-boxed elementor-section-height-default elementor-section-height-default\" data-id=\"5498ca1\" data-element_type=\"section\">\n\t\t\t\t\t\t<div class=\"elementor-container elementor-column-gap-default\">\n\t\t\t\t\t<div class=\"elementor-column elementor-col-50 elementor-top-column elementor-element elementor-element-1d63a3c\" data-id=\"1d63a3c\" data-element_type=\"column\">\n\t\t\t<div class=\"elementor-widget-wrap elementor-element-populated\">\n\t\t\t\t\t\t<div class=\"elementor-element elementor-element-15f0cc9 elementor-widget elementor-widget-image\" data-id=\"15f0cc9\" data-element_type=\"widget\" data-widget_type=\"image.default\">\n\t\t\t\t<div class=\"elementor-widget-container\">\n\t\t\t\t\t\t\t\t\t\t\t\t\t\t<a href=\"https:\/\/juliasmagazine.com.br\/?p=37553\">\n\t\t\t\t\t\t\t<img loading=\"lazy\" decoding=\"async\" width=\"1600\" height=\"800\" src=\"https:\/\/juliasmagazine.com.br\/wp-content\/uploads\/2026\/09\/37553-escala-61-67-apontam-que-jornada-piora-saude-mental-diz-pesquisa.jpg\" class=\"attachment-full size-full wp-image-37554\" alt=\"escala-6\u00d71:-67%-apontam-que-jornada-piora-saude-mental,-diz-pesquisa\" srcset=\"https:\/\/juliasmagazine.com.br\/wp-content\/uploads\/2026\/09\/37553-escala-61-67-apontam-que-jornada-piora-saude-mental-diz-pesquisa.jpg 1600w, https:\/\/juliasmagazine.com.br\/wp-content\/uploads\/2026\/09\/37553-escala-61-67-apontam-que-jornada-piora-saude-mental-diz-pesquisa-300x150.jpg 300w, https:\/\/juliasmagazine.com.br\/wp-content\/uploads\/2026\/09\/37553-escala-61-67-apontam-que-jornada-piora-saude-mental-diz-pesquisa-1024x512.jpg 1024w, https:\/\/juliasmagazine.com.br\/wp-content\/uploads\/2026\/09\/37553-escala-61-67-apontam-que-jornada-piora-saude-mental-diz-pesquisa-768x384.jpg 768w, https:\/\/juliasmagazine.com.br\/wp-content\/uploads\/2026\/09\/37553-escala-61-67-apontam-que-jornada-piora-saude-mental-diz-pesquisa-1536x768.jpg 1536w, https:\/\/juliasmagazine.com.br\/wp-content\/uploads\/2026\/09\/37553-escala-61-67-apontam-que-jornada-piora-saude-mental-diz-pesquisa-260x130.jpg 260w, https:\/\/juliasmagazine.com.br\/wp-content\/uploads\/2026\/09\/37553-escala-61-67-apontam-que-jornada-piora-saude-mental-diz-pesquisa-600x300.jpg 600w\" sizes=\"(max-width: 1600px) 100vw, 1600px\" \/>\t\t\t\t\t\t\t\t<\/a>\n\t\t\t\t\t\t\t\t\t\t\t\t\t<\/div>\n\t\t\t\t<\/div>\n\t\t\t\t\t<\/div>\n\t\t<\/div>\n\t\t\t\t<div class=\"elementor-column elementor-col-50 elementor-top-column elementor-element elementor-element-8ff4591\" data-id=\"8ff4591\" data-element_type=\"column\">\n\t\t\t<div class=\"elementor-widget-wrap elementor-element-populated\">\n\t\t\t\t\t\t<div class=\"elementor-element elementor-element-81b0a71 elementor-widget__width-auto elementor-widget elementor-widget-heading\" data-id=\"81b0a71\" data-element_type=\"widget\" data-widget_type=\"heading.default\">\n\t\t\t\t<div class=\"elementor-widget-container\">\n\t\t\t<p class=\"elementor-heading-title elementor-size-default\"><a href=\"https:\/\/juliasmagazine.com.br\/?p=37553\"><span>Pol\u00edtica<\/span><\/a><\/p>\t\t<\/div>\n\t\t\t\t<\/div>\n\t\t\t\t<div class=\"elementor-element elementor-element-272c0ff6 elementor-widget elementor-widget-heading\" data-id=\"272c0ff6\" data-element_type=\"widget\" data-widget_type=\"heading.default\">\n\t\t\t\t<div class=\"elementor-widget-container\">\n\t\t\t<p class=\"elementor-heading-title elementor-size-default\"><a href=\"https:\/\/juliasmagazine.com.br\/?p=37553\">Escala 6&#215;1: 67% apontam que jornada piora sa\u00fade mental, diz pesquisa<\/a><\/p>\t\t<\/div>\n\t\t\t\t<\/div>\n\t\t\t\t<div class=\"elementor-element elementor-element-d0a2b7c elementor-widget elementor-widget-jet-listing-dynamic-field\" data-id=\"d0a2b7c\" data-element_type=\"widget\" data-widget_type=\"jet-listing-dynamic-field.default\">\n\t\t\t\t<div class=\"elementor-widget-container\">\n\t\t\t<div class=\"jet-listing jet-listing-dynamic-field display-inline\"><div class=\"jet-listing-dynamic-field__inline-wrap\"><div class=\"jet-listing-dynamic-field__content\">Trabalhar seis dias seguidos e descansar apenas um proporciona piora da sa\u00fade mental para 67% dos brasileiros ouvidos por\u00a0levantamento do Instituto Locomotiva, ...<\/div><\/div><\/div>\t\t<\/div>\n\t\t\t\t<\/div>\n\t\t\t\t<div class=\"elementor-element elementor-element-61b1f4d0 elementor-widget elementor-widget-heading\" data-id=\"61b1f4d0\" data-element_type=\"widget\" data-widget_type=\"heading.default\">\n\t\t\t\t<div class=\"elementor-widget-container\">\n\t\t\t<p class=\"elementor-heading-title elementor-size-default\"><a href=\"https:\/\/juliasmagazine.com.br\/?p=37553\">2 de setembro de 2026<\/a><\/p>\t\t<\/div>\n\t\t\t\t<\/div>\n\t\t\t\t\t<\/div>\n\t\t<\/div>\n\t\t\t\t\t<\/div>\n\t\t<\/section>\n\t\t\t\t<\/div>\n\t\t\t\t<div data-elementor-type=\"loop-item\" data-elementor-id=\"42\" class=\"elementor elementor-42 e-loop-item e-loop-item-37555 post-37555 post type-post status-publish format-standard has-post-thumbnail hentry category-politica\" data-elementor-post-type=\"elementor_library\" data-custom-edit-handle=\"1\">\n\t\t\t\t\t<section class=\"elementor-section elementor-top-section elementor-element elementor-element-5498ca1 elementor-section-boxed elementor-section-height-default elementor-section-height-default\" data-id=\"5498ca1\" data-element_type=\"section\">\n\t\t\t\t\t\t<div class=\"elementor-container elementor-column-gap-default\">\n\t\t\t\t\t<div class=\"elementor-column elementor-col-50 elementor-top-column elementor-element elementor-element-1d63a3c\" data-id=\"1d63a3c\" data-element_type=\"column\">\n\t\t\t<div class=\"elementor-widget-wrap elementor-element-populated\">\n\t\t\t\t\t\t<div class=\"elementor-element elementor-element-15f0cc9 elementor-widget elementor-widget-image\" data-id=\"15f0cc9\" data-element_type=\"widget\" data-widget_type=\"image.default\">\n\t\t\t\t<div class=\"elementor-widget-container\">\n\t\t\t\t\t\t\t\t\t\t\t\t\t\t<a href=\"https:\/\/juliasmagazine.com.br\/?p=37555\">\n\t\t\t\t\t\t\t<img loading=\"lazy\" decoding=\"async\" width=\"1600\" height=\"800\" src=\"https:\/\/juliasmagazine.com.br\/wp-content\/uploads\/2026\/09\/37555-rodrigo-pacheco-ex-presidente-do-senado-sera-ministro-do-tcu.jpg\" class=\"attachment-full size-full wp-image-37556\" alt=\"rodrigo-pacheco,-ex-presidente-do-senado,-sera-ministro-do-tcu\" srcset=\"https:\/\/juliasmagazine.com.br\/wp-content\/uploads\/2026\/09\/37555-rodrigo-pacheco-ex-presidente-do-senado-sera-ministro-do-tcu.jpg 1600w, https:\/\/juliasmagazine.com.br\/wp-content\/uploads\/2026\/09\/37555-rodrigo-pacheco-ex-presidente-do-senado-sera-ministro-do-tcu-300x150.jpg 300w, https:\/\/juliasmagazine.com.br\/wp-content\/uploads\/2026\/09\/37555-rodrigo-pacheco-ex-presidente-do-senado-sera-ministro-do-tcu-1024x512.jpg 1024w, https:\/\/juliasmagazine.com.br\/wp-content\/uploads\/2026\/09\/37555-rodrigo-pacheco-ex-presidente-do-senado-sera-ministro-do-tcu-768x384.jpg 768w, https:\/\/juliasmagazine.com.br\/wp-content\/uploads\/2026\/09\/37555-rodrigo-pacheco-ex-presidente-do-senado-sera-ministro-do-tcu-1536x768.jpg 1536w, https:\/\/juliasmagazine.com.br\/wp-content\/uploads\/2026\/09\/37555-rodrigo-pacheco-ex-presidente-do-senado-sera-ministro-do-tcu-260x130.jpg 260w, https:\/\/juliasmagazine.com.br\/wp-content\/uploads\/2026\/09\/37555-rodrigo-pacheco-ex-presidente-do-senado-sera-ministro-do-tcu-600x300.jpg 600w\" sizes=\"(max-width: 1600px) 100vw, 1600px\" \/>\t\t\t\t\t\t\t\t<\/a>\n\t\t\t\t\t\t\t\t\t\t\t\t\t<\/div>\n\t\t\t\t<\/div>\n\t\t\t\t\t<\/div>\n\t\t<\/div>\n\t\t\t\t<div class=\"elementor-column elementor-col-50 elementor-top-column elementor-element elementor-element-8ff4591\" data-id=\"8ff4591\" data-element_type=\"column\">\n\t\t\t<div class=\"elementor-widget-wrap elementor-element-populated\">\n\t\t\t\t\t\t<div class=\"elementor-element elementor-element-81b0a71 elementor-widget__width-auto elementor-widget elementor-widget-heading\" data-id=\"81b0a71\" data-element_type=\"widget\" data-widget_type=\"heading.default\">\n\t\t\t\t<div class=\"elementor-widget-container\">\n\t\t\t<p class=\"elementor-heading-title elementor-size-default\"><a href=\"https:\/\/juliasmagazine.com.br\/?p=37555\"><span>Pol\u00edtica<\/span><\/a><\/p>\t\t<\/div>\n\t\t\t\t<\/div>\n\t\t\t\t<div class=\"elementor-element elementor-element-272c0ff6 elementor-widget elementor-widget-heading\" data-id=\"272c0ff6\" data-element_type=\"widget\" data-widget_type=\"heading.default\">\n\t\t\t\t<div class=\"elementor-widget-container\">\n\t\t\t<p class=\"elementor-heading-title elementor-size-default\"><a href=\"https:\/\/juliasmagazine.com.br\/?p=37555\">Rodrigo Pacheco, ex-presidente do Senado, ser\u00e1 ministro do TCU<\/a><\/p>\t\t<\/div>\n\t\t\t\t<\/div>\n\t\t\t\t<div class=\"elementor-element elementor-element-d0a2b7c elementor-widget elementor-widget-jet-listing-dynamic-field\" data-id=\"d0a2b7c\" data-element_type=\"widget\" data-widget_type=\"jet-listing-dynamic-field.default\">\n\t\t\t\t<div class=\"elementor-widget-container\">\n\t\t\t<div class=\"jet-listing jet-listing-dynamic-field display-inline\"><div class=\"jet-listing-dynamic-field__inline-wrap\"><div class=\"jet-listing-dynamic-field__content\">O plen\u00e1rio da C\u00e2mara dos Deputados aprovou nesta quarta-feira (2) a indica\u00e7\u00e3o do senador Rodrigo Pacheco (PSB-MG) para o cargo de ministro do Tribunal de Contas...<\/div><\/div><\/div>\t\t<\/div>\n\t\t\t\t<\/div>\n\t\t\t\t<div class=\"elementor-element elementor-element-61b1f4d0 elementor-widget elementor-widget-heading\" data-id=\"61b1f4d0\" data-element_type=\"widget\" data-widget_type=\"heading.default\">\n\t\t\t\t<div class=\"elementor-widget-container\">\n\t\t\t<p class=\"elementor-heading-title elementor-size-default\"><a href=\"https:\/\/juliasmagazine.com.br\/?p=37555\">2 de setembro de 2026<\/a><\/p>\t\t<\/div>\n\t\t\t\t<\/div>\n\t\t\t\t\t<\/div>\n\t\t<\/div>\n\t\t\t\t\t<\/div>\n\t\t<\/section>\n\t\t\t\t<\/div>\n\t\t\t\t<div data-elementor-type=\"loop-item\" data-elementor-id=\"42\" class=\"elementor elementor-42 e-loop-item e-loop-item-37551 post-37551 post type-post status-publish format-standard has-post-thumbnail hentry category-educacao-e-carreiras\" data-elementor-post-type=\"elementor_library\" data-custom-edit-handle=\"1\">\n\t\t\t\t\t<section class=\"elementor-section elementor-top-section elementor-element elementor-element-5498ca1 elementor-section-boxed elementor-section-height-default elementor-section-height-default\" data-id=\"5498ca1\" data-element_type=\"section\">\n\t\t\t\t\t\t<div class=\"elementor-container elementor-column-gap-default\">\n\t\t\t\t\t<div class=\"elementor-column elementor-col-50 elementor-top-column elementor-element elementor-element-1d63a3c\" data-id=\"1d63a3c\" data-element_type=\"column\">\n\t\t\t<div class=\"elementor-widget-wrap elementor-element-populated\">\n\t\t\t\t\t\t<div class=\"elementor-element elementor-element-15f0cc9 elementor-widget elementor-widget-image\" data-id=\"15f0cc9\" data-element_type=\"widget\" data-widget_type=\"image.default\">\n\t\t\t\t<div class=\"elementor-widget-container\">\n\t\t\t\t\t\t\t\t\t\t\t\t\t\t<a href=\"https:\/\/juliasmagazine.com.br\/?p=37551\">\n\t\t\t\t\t\t\t<img loading=\"lazy\" decoding=\"async\" width=\"1600\" height=\"800\" src=\"https:\/\/juliasmagazine.com.br\/wp-content\/uploads\/2026\/09\/37551-prouni-candidatos-ja-podem-consultar-selecionados-em-lista-de-espera.jpg\" class=\"attachment-full size-full wp-image-37552\" alt=\"prouni:-candidatos-ja-podem-consultar-selecionados-em-lista-de-espera\u00a0\" srcset=\"https:\/\/juliasmagazine.com.br\/wp-content\/uploads\/2026\/09\/37551-prouni-candidatos-ja-podem-consultar-selecionados-em-lista-de-espera.jpg 1600w, https:\/\/juliasmagazine.com.br\/wp-content\/uploads\/2026\/09\/37551-prouni-candidatos-ja-podem-consultar-selecionados-em-lista-de-espera-300x150.jpg 300w, https:\/\/juliasmagazine.com.br\/wp-content\/uploads\/2026\/09\/37551-prouni-candidatos-ja-podem-consultar-selecionados-em-lista-de-espera-1024x512.jpg 1024w, https:\/\/juliasmagazine.com.br\/wp-content\/uploads\/2026\/09\/37551-prouni-candidatos-ja-podem-consultar-selecionados-em-lista-de-espera-768x384.jpg 768w, https:\/\/juliasmagazine.com.br\/wp-content\/uploads\/2026\/09\/37551-prouni-candidatos-ja-podem-consultar-selecionados-em-lista-de-espera-1536x768.jpg 1536w, https:\/\/juliasmagazine.com.br\/wp-content\/uploads\/2026\/09\/37551-prouni-candidatos-ja-podem-consultar-selecionados-em-lista-de-espera-260x130.jpg 260w, https:\/\/juliasmagazine.com.br\/wp-content\/uploads\/2026\/09\/37551-prouni-candidatos-ja-podem-consultar-selecionados-em-lista-de-espera-600x300.jpg 600w\" sizes=\"(max-width: 1600px) 100vw, 1600px\" \/>\t\t\t\t\t\t\t\t<\/a>\n\t\t\t\t\t\t\t\t\t\t\t\t\t<\/div>\n\t\t\t\t<\/div>\n\t\t\t\t\t<\/div>\n\t\t<\/div>\n\t\t\t\t<div class=\"elementor-column elementor-col-50 elementor-top-column elementor-element elementor-element-8ff4591\" data-id=\"8ff4591\" data-element_type=\"column\">\n\t\t\t<div class=\"elementor-widget-wrap elementor-element-populated\">\n\t\t\t\t\t\t<div class=\"elementor-element elementor-element-81b0a71 elementor-widget__width-auto elementor-widget elementor-widget-heading\" data-id=\"81b0a71\" data-element_type=\"widget\" data-widget_type=\"heading.default\">\n\t\t\t\t<div class=\"elementor-widget-container\">\n\t\t\t<p class=\"elementor-heading-title elementor-size-default\"><a href=\"https:\/\/juliasmagazine.com.br\/?p=37551\"><span>Educa\u00e7\u00e3o e Carreiras<\/span><\/a><\/p>\t\t<\/div>\n\t\t\t\t<\/div>\n\t\t\t\t<div class=\"elementor-element elementor-element-272c0ff6 elementor-widget elementor-widget-heading\" data-id=\"272c0ff6\" data-element_type=\"widget\" data-widget_type=\"heading.default\">\n\t\t\t\t<div class=\"elementor-widget-container\">\n\t\t\t<p class=\"elementor-heading-title elementor-size-default\"><a href=\"https:\/\/juliasmagazine.com.br\/?p=37551\">Prouni: candidatos j\u00e1 podem consultar selecionados em lista de espera\u00a0<\/a><\/p>\t\t<\/div>\n\t\t\t\t<\/div>\n\t\t\t\t<div class=\"elementor-element elementor-element-d0a2b7c elementor-widget elementor-widget-jet-listing-dynamic-field\" data-id=\"d0a2b7c\" data-element_type=\"widget\" data-widget_type=\"jet-listing-dynamic-field.default\">\n\t\t\t\t<div class=\"elementor-widget-container\">\n\t\t\t<div class=\"jet-listing jet-listing-dynamic-field display-inline\"><div class=\"jet-listing-dynamic-field__inline-wrap\"><div class=\"jet-listing-dynamic-field__content\">Os participantes do processo seletivo do Programa Universidade para Todos (Prouni) para o segundo semestre de 2026 j\u00e1 podem consultar o resultado da lista de es...<\/div><\/div><\/div>\t\t<\/div>\n\t\t\t\t<\/div>\n\t\t\t\t<div class=\"elementor-element elementor-element-61b1f4d0 elementor-widget elementor-widget-heading\" data-id=\"61b1f4d0\" data-element_type=\"widget\" data-widget_type=\"heading.default\">\n\t\t\t\t<div class=\"elementor-widget-container\">\n\t\t\t<p class=\"elementor-heading-title elementor-size-default\"><a href=\"https:\/\/juliasmagazine.com.br\/?p=37551\">2 de setembro de 2026<\/a><\/p>\t\t<\/div>\n\t\t\t\t<\/div>\n\t\t\t\t\t<\/div>\n\t\t<\/div>\n\t\t\t\t\t<\/div>\n\t\t<\/section>\n\t\t\t\t<\/div>\n\t\t\t\t<\/div>\n\t\t\n\t\t\t\t<\/div>\n\t\t\t\t<\/div>\n\t\t\t\t\t<\/div>\n\t\t<\/div>\n\t\t\t\t<div class=\"elementor-column elementor-col-50 elementor-top-column elementor-element elementor-element-92313b4\" data-id=\"92313b4\" data-element_type=\"column\">\n\t\t\t<div class=\"elementor-widget-wrap elementor-element-populated\">\n\t\t\t\t\t\t<div class=\"elementor-element elementor-element-bac0e39 elementor-grid-1 elementor-grid-tablet-2 elementor-grid-mobile-1 elementor-widget elementor-widget-loop-grid\" data-id=\"bac0e39\" data-element_type=\"widget\" data-settings=\"{&quot;template_id&quot;:&quot;47&quot;,&quot;columns&quot;:1,&quot;_skin&quot;:&quot;post&quot;,&quot;columns_tablet&quot;:&quot;2&quot;,&quot;columns_mobile&quot;:&quot;1&quot;,&quot;edit_handle_selector&quot;:&quot;[data-elementor-type=\\&quot;loop-item\\&quot;]&quot;,&quot;row_gap&quot;:{&quot;unit&quot;:&quot;px&quot;,&quot;size&quot;:&quot;&quot;,&quot;sizes&quot;:[]},&quot;row_gap_tablet&quot;:{&quot;unit&quot;:&quot;px&quot;,&quot;size&quot;:&quot;&quot;,&quot;sizes&quot;:[]},&quot;row_gap_mobile&quot;:{&quot;unit&quot;:&quot;px&quot;,&quot;size&quot;:&quot;&quot;,&quot;sizes&quot;:[]}}\" data-widget_type=\"loop-grid.post\">\n\t\t\t\t<div class=\"elementor-widget-container\">\n\t\t\t\t\t<div class=\"elementor-loop-container elementor-grid\">\n\t\t<style id=\"loop-47\">.elementor-bc-flex-widget .elementor-47 .elementor-element.elementor-element-9e413ee.elementor-column .elementor-widget-wrap{align-items:center;}.elementor-47 .elementor-element.elementor-element-9e413ee.elementor-column.elementor-element[data-element_type=\"column\"] > .elementor-widget-wrap.elementor-element-populated{align-content:center;align-items:center;}.elementor-widget-heading .elementor-heading-title{color:var( --e-global-color-primary );font-family:var( --e-global-typography-primary-font-family ), Sans-serif;font-weight:var( --e-global-typography-primary-font-weight );}.elementor-47 .elementor-element.elementor-element-12f73fe6 .elementor-heading-title{color:var( --e-global-color-primary );font-family:\"Montserrat\", Sans-serif;font-size:16px;font-weight:600;}.elementor-widget-image .widget-image-caption{color:var( --e-global-color-text );font-family:var( --e-global-typography-text-font-family ), Sans-serif;font-weight:var( --e-global-typography-text-font-weight );}.elementor-47 .elementor-element.elementor-element-ab42846 img{border-radius:10px 10px 10px 10px;}@media(min-width:768px){.elementor-47 .elementor-element.elementor-element-9e413ee{width:62.69%;}.elementor-47 .elementor-element.elementor-element-fb8c7ab{width:36.438%;}}<\/style>\t\t<div data-elementor-type=\"loop-item\" data-elementor-id=\"47\" class=\"elementor elementor-47 e-loop-item e-loop-item-31531 post-31531 post type-post status-publish format-standard has-post-thumbnail hentry category-seguranca-e-justica\" data-elementor-post-type=\"elementor_library\" data-custom-edit-handle=\"1\">\n\t\t\t\t\t<section class=\"elementor-section elementor-top-section elementor-element elementor-element-de80bf8 elementor-section-boxed elementor-section-height-default elementor-section-height-default\" data-id=\"de80bf8\" data-element_type=\"section\">\n\t\t\t\t\t\t<div class=\"elementor-container elementor-column-gap-default\">\n\t\t\t\t\t<div class=\"elementor-column elementor-col-50 elementor-top-column elementor-element elementor-element-9e413ee\" data-id=\"9e413ee\" data-element_type=\"column\">\n\t\t\t<div class=\"elementor-widget-wrap elementor-element-populated\">\n\t\t\t\t\t\t<div class=\"elementor-element elementor-element-12f73fe6 elementor-widget elementor-widget-heading\" data-id=\"12f73fe6\" data-element_type=\"widget\" data-widget_type=\"heading.default\">\n\t\t\t\t<div class=\"elementor-widget-container\">\n\t\t\t<p class=\"elementor-heading-title elementor-size-default\"><a href=\"https:\/\/juliasmagazine.com.br\/?p=31531\">Zanin decide que STF vai julgar caso de venda de senten\u00e7as no STJ<\/a><\/p>\t\t<\/div>\n\t\t\t\t<\/div>\n\t\t\t\t\t<\/div>\n\t\t<\/div>\n\t\t\t\t<div class=\"elementor-column elementor-col-50 elementor-top-column elementor-element elementor-element-fb8c7ab\" data-id=\"fb8c7ab\" data-element_type=\"column\">\n\t\t\t<div class=\"elementor-widget-wrap elementor-element-populated\">\n\t\t\t\t\t\t<div class=\"elementor-element elementor-element-ab42846 elementor-widget elementor-widget-image\" data-id=\"ab42846\" data-element_type=\"widget\" data-widget_type=\"image.default\">\n\t\t\t\t<div class=\"elementor-widget-container\">\n\t\t\t\t\t\t\t\t\t\t\t\t\t\t<a href=\"https:\/\/juliasmagazine.com.br\/?p=31531\">\n\t\t\t\t\t\t\t<img loading=\"lazy\" decoding=\"async\" width=\"1600\" height=\"800\" src=\"https:\/\/juliasmagazine.com.br\/wp-content\/uploads\/2026\/05\/31531-zanin-decide-que-stf-vai-julgar-caso-de-venda-de-sentencas-no-stj.jpg\" class=\"attachment-full size-full wp-image-31532\" alt=\"zanin-decide-que-stf-vai-julgar-caso-de-venda-de-sentencas-no-stj\" srcset=\"https:\/\/juliasmagazine.com.br\/wp-content\/uploads\/2026\/05\/31531-zanin-decide-que-stf-vai-julgar-caso-de-venda-de-sentencas-no-stj.jpg 1600w, https:\/\/juliasmagazine.com.br\/wp-content\/uploads\/2026\/05\/31531-zanin-decide-que-stf-vai-julgar-caso-de-venda-de-sentencas-no-stj-300x150.jpg 300w, https:\/\/juliasmagazine.com.br\/wp-content\/uploads\/2026\/05\/31531-zanin-decide-que-stf-vai-julgar-caso-de-venda-de-sentencas-no-stj-1024x512.jpg 1024w, https:\/\/juliasmagazine.com.br\/wp-content\/uploads\/2026\/05\/31531-zanin-decide-que-stf-vai-julgar-caso-de-venda-de-sentencas-no-stj-768x384.jpg 768w, https:\/\/juliasmagazine.com.br\/wp-content\/uploads\/2026\/05\/31531-zanin-decide-que-stf-vai-julgar-caso-de-venda-de-sentencas-no-stj-1536x768.jpg 1536w, https:\/\/juliasmagazine.com.br\/wp-content\/uploads\/2026\/05\/31531-zanin-decide-que-stf-vai-julgar-caso-de-venda-de-sentencas-no-stj-260x130.jpg 260w, https:\/\/juliasmagazine.com.br\/wp-content\/uploads\/2026\/05\/31531-zanin-decide-que-stf-vai-julgar-caso-de-venda-de-sentencas-no-stj-600x300.jpg 600w\" sizes=\"(max-width: 1600px) 100vw, 1600px\" \/>\t\t\t\t\t\t\t\t<\/a>\n\t\t\t\t\t\t\t\t\t\t\t\t\t<\/div>\n\t\t\t\t<\/div>\n\t\t\t\t\t<\/div>\n\t\t<\/div>\n\t\t\t\t\t<\/div>\n\t\t<\/section>\n\t\t\t\t<\/div>\n\t\t\t\t<div data-elementor-type=\"loop-item\" data-elementor-id=\"47\" class=\"elementor elementor-47 e-loop-item e-loop-item-31143 post-31143 post type-post status-publish format-standard has-post-thumbnail hentry category-politica\" data-elementor-post-type=\"elementor_library\" data-custom-edit-handle=\"1\">\n\t\t\t\t\t<section class=\"elementor-section elementor-top-section elementor-element elementor-element-de80bf8 elementor-section-boxed elementor-section-height-default elementor-section-height-default\" data-id=\"de80bf8\" data-element_type=\"section\">\n\t\t\t\t\t\t<div class=\"elementor-container elementor-column-gap-default\">\n\t\t\t\t\t<div class=\"elementor-column elementor-col-50 elementor-top-column elementor-element elementor-element-9e413ee\" data-id=\"9e413ee\" data-element_type=\"column\">\n\t\t\t<div class=\"elementor-widget-wrap elementor-element-populated\">\n\t\t\t\t\t\t<div class=\"elementor-element elementor-element-12f73fe6 elementor-widget elementor-widget-heading\" data-id=\"12f73fe6\" data-element_type=\"widget\" data-widget_type=\"heading.default\">\n\t\t\t\t<div class=\"elementor-widget-container\">\n\t\t\t<p class=\"elementor-heading-title elementor-size-default\"><a href=\"https:\/\/juliasmagazine.com.br\/?p=31143\">Lula pede que governador do RJ trabalhe para prender milicianos<\/a><\/p>\t\t<\/div>\n\t\t\t\t<\/div>\n\t\t\t\t\t<\/div>\n\t\t<\/div>\n\t\t\t\t<div class=\"elementor-column elementor-col-50 elementor-top-column elementor-element elementor-element-fb8c7ab\" data-id=\"fb8c7ab\" data-element_type=\"column\">\n\t\t\t<div class=\"elementor-widget-wrap elementor-element-populated\">\n\t\t\t\t\t\t<div class=\"elementor-element elementor-element-ab42846 elementor-widget elementor-widget-image\" data-id=\"ab42846\" data-element_type=\"widget\" data-widget_type=\"image.default\">\n\t\t\t\t<div class=\"elementor-widget-container\">\n\t\t\t\t\t\t\t\t\t\t\t\t\t\t<a href=\"https:\/\/juliasmagazine.com.br\/?p=31143\">\n\t\t\t\t\t\t\t<img loading=\"lazy\" decoding=\"async\" width=\"1600\" height=\"800\" src=\"https:\/\/juliasmagazine.com.br\/wp-content\/uploads\/2026\/05\/31143-lula-pede-que-governador-do-rj-trabalhe-para-prender-milicianos.jpg\" class=\"attachment-full size-full wp-image-31144\" alt=\"lula-pede-que-governador-do-rj-trabalhe-para-prender-milicianos\" srcset=\"https:\/\/juliasmagazine.com.br\/wp-content\/uploads\/2026\/05\/31143-lula-pede-que-governador-do-rj-trabalhe-para-prender-milicianos.jpg 1600w, https:\/\/juliasmagazine.com.br\/wp-content\/uploads\/2026\/05\/31143-lula-pede-que-governador-do-rj-trabalhe-para-prender-milicianos-300x150.jpg 300w, https:\/\/juliasmagazine.com.br\/wp-content\/uploads\/2026\/05\/31143-lula-pede-que-governador-do-rj-trabalhe-para-prender-milicianos-1024x512.jpg 1024w, https:\/\/juliasmagazine.com.br\/wp-content\/uploads\/2026\/05\/31143-lula-pede-que-governador-do-rj-trabalhe-para-prender-milicianos-768x384.jpg 768w, https:\/\/juliasmagazine.com.br\/wp-content\/uploads\/2026\/05\/31143-lula-pede-que-governador-do-rj-trabalhe-para-prender-milicianos-1536x768.jpg 1536w, https:\/\/juliasmagazine.com.br\/wp-content\/uploads\/2026\/05\/31143-lula-pede-que-governador-do-rj-trabalhe-para-prender-milicianos-260x130.jpg 260w, https:\/\/juliasmagazine.com.br\/wp-content\/uploads\/2026\/05\/31143-lula-pede-que-governador-do-rj-trabalhe-para-prender-milicianos-600x300.jpg 600w\" sizes=\"(max-width: 1600px) 100vw, 1600px\" \/>\t\t\t\t\t\t\t\t<\/a>\n\t\t\t\t\t\t\t\t\t\t\t\t\t<\/div>\n\t\t\t\t<\/div>\n\t\t\t\t\t<\/div>\n\t\t<\/div>\n\t\t\t\t\t<\/div>\n\t\t<\/section>\n\t\t\t\t<\/div>\n\t\t\t\t<div data-elementor-type=\"loop-item\" data-elementor-id=\"47\" class=\"elementor elementor-47 e-loop-item e-loop-item-30321 post-30321 post type-post status-publish format-standard has-post-thumbnail hentry category-meio-ambiente-e-sustentabilidade\" data-elementor-post-type=\"elementor_library\" data-custom-edit-handle=\"1\">\n\t\t\t\t\t<section class=\"elementor-section elementor-top-section elementor-element elementor-element-de80bf8 elementor-section-boxed elementor-section-height-default elementor-section-height-default\" data-id=\"de80bf8\" data-element_type=\"section\">\n\t\t\t\t\t\t<div class=\"elementor-container elementor-column-gap-default\">\n\t\t\t\t\t<div class=\"elementor-column elementor-col-50 elementor-top-column elementor-element elementor-element-9e413ee\" data-id=\"9e413ee\" data-element_type=\"column\">\n\t\t\t<div class=\"elementor-widget-wrap elementor-element-populated\">\n\t\t\t\t\t\t<div class=\"elementor-element elementor-element-12f73fe6 elementor-widget elementor-widget-heading\" data-id=\"12f73fe6\" data-element_type=\"widget\" data-widget_type=\"heading.default\">\n\t\t\t\t<div class=\"elementor-widget-container\">\n\t\t\t<p class=\"elementor-heading-title elementor-size-default\"><a href=\"https:\/\/juliasmagazine.com.br\/?p=30321\">Massa de ar frio baixa temperatura principalmente no centro do pa\u00eds<\/a><\/p>\t\t<\/div>\n\t\t\t\t<\/div>\n\t\t\t\t\t<\/div>\n\t\t<\/div>\n\t\t\t\t<div class=\"elementor-column elementor-col-50 elementor-top-column elementor-element elementor-element-fb8c7ab\" data-id=\"fb8c7ab\" data-element_type=\"column\">\n\t\t\t<div class=\"elementor-widget-wrap elementor-element-populated\">\n\t\t\t\t\t\t<div class=\"elementor-element elementor-element-ab42846 elementor-widget elementor-widget-image\" data-id=\"ab42846\" data-element_type=\"widget\" data-widget_type=\"image.default\">\n\t\t\t\t<div class=\"elementor-widget-container\">\n\t\t\t\t\t\t\t\t\t\t\t\t\t\t<a href=\"https:\/\/juliasmagazine.com.br\/?p=30321\">\n\t\t\t\t\t\t\t<img loading=\"lazy\" decoding=\"async\" width=\"1600\" height=\"800\" src=\"https:\/\/juliasmagazine.com.br\/wp-content\/uploads\/2026\/05\/30321-massa-de-ar-frio-baixa-temperatura-principalmente-no-centro-do-pais.jpg\" class=\"attachment-full size-full wp-image-30322\" alt=\"massa-de-ar-frio-baixa-temperatura-principalmente-no-centro-do-pais\" srcset=\"https:\/\/juliasmagazine.com.br\/wp-content\/uploads\/2026\/05\/30321-massa-de-ar-frio-baixa-temperatura-principalmente-no-centro-do-pais.jpg 1600w, https:\/\/juliasmagazine.com.br\/wp-content\/uploads\/2026\/05\/30321-massa-de-ar-frio-baixa-temperatura-principalmente-no-centro-do-pais-300x150.jpg 300w, https:\/\/juliasmagazine.com.br\/wp-content\/uploads\/2026\/05\/30321-massa-de-ar-frio-baixa-temperatura-principalmente-no-centro-do-pais-1024x512.jpg 1024w, https:\/\/juliasmagazine.com.br\/wp-content\/uploads\/2026\/05\/30321-massa-de-ar-frio-baixa-temperatura-principalmente-no-centro-do-pais-768x384.jpg 768w, https:\/\/juliasmagazine.com.br\/wp-content\/uploads\/2026\/05\/30321-massa-de-ar-frio-baixa-temperatura-principalmente-no-centro-do-pais-1536x768.jpg 1536w, https:\/\/juliasmagazine.com.br\/wp-content\/uploads\/2026\/05\/30321-massa-de-ar-frio-baixa-temperatura-principalmente-no-centro-do-pais-260x130.jpg 260w, https:\/\/juliasmagazine.com.br\/wp-content\/uploads\/2026\/05\/30321-massa-de-ar-frio-baixa-temperatura-principalmente-no-centro-do-pais-600x300.jpg 600w\" sizes=\"(max-width: 1600px) 100vw, 1600px\" \/>\t\t\t\t\t\t\t\t<\/a>\n\t\t\t\t\t\t\t\t\t\t\t\t\t<\/div>\n\t\t\t\t<\/div>\n\t\t\t\t\t<\/div>\n\t\t<\/div>\n\t\t\t\t\t<\/div>\n\t\t<\/section>\n\t\t\t\t<\/div>\n\t\t\t\t<div data-elementor-type=\"loop-item\" data-elementor-id=\"47\" class=\"elementor elementor-47 e-loop-item e-loop-item-15447 post-15447 post type-post status-publish format-standard has-post-thumbnail hentry category-economia-e-negocios\" data-elementor-post-type=\"elementor_library\" data-custom-edit-handle=\"1\">\n\t\t\t\t\t<section class=\"elementor-section elementor-top-section elementor-element elementor-element-de80bf8 elementor-section-boxed elementor-section-height-default elementor-section-height-default\" data-id=\"de80bf8\" data-element_type=\"section\">\n\t\t\t\t\t\t<div class=\"elementor-container elementor-column-gap-default\">\n\t\t\t\t\t<div class=\"elementor-column elementor-col-50 elementor-top-column elementor-element elementor-element-9e413ee\" data-id=\"9e413ee\" data-element_type=\"column\">\n\t\t\t<div class=\"elementor-widget-wrap elementor-element-populated\">\n\t\t\t\t\t\t<div class=\"elementor-element elementor-element-12f73fe6 elementor-widget elementor-widget-heading\" data-id=\"12f73fe6\" data-element_type=\"widget\" data-widget_type=\"heading.default\">\n\t\t\t\t<div class=\"elementor-widget-container\">\n\t\t\t<p class=\"elementor-heading-title elementor-size-default\"><a href=\"https:\/\/juliasmagazine.com.br\/?p=15447\">BNDES estuda suspens\u00e3o tempor\u00e1ria de d\u00edvidas de afetados por tarifa\u00e7o<\/a><\/p>\t\t<\/div>\n\t\t\t\t<\/div>\n\t\t\t\t\t<\/div>\n\t\t<\/div>\n\t\t\t\t<div class=\"elementor-column elementor-col-50 elementor-top-column elementor-element elementor-element-fb8c7ab\" data-id=\"fb8c7ab\" data-element_type=\"column\">\n\t\t\t<div class=\"elementor-widget-wrap elementor-element-populated\">\n\t\t\t\t\t\t<div class=\"elementor-element elementor-element-ab42846 elementor-widget elementor-widget-image\" data-id=\"ab42846\" data-element_type=\"widget\" data-widget_type=\"image.default\">\n\t\t\t\t<div class=\"elementor-widget-container\">\n\t\t\t\t\t\t\t\t\t\t\t\t\t\t<a href=\"https:\/\/juliasmagazine.com.br\/?p=15447\">\n\t\t\t\t\t\t\t<img loading=\"lazy\" decoding=\"async\" width=\"1600\" height=\"800\" src=\"https:\/\/juliasmagazine.com.br\/wp-content\/uploads\/2025\/08\/15447-bndes-estuda-suspensao-temporaria-de-dividas-de-afetados-por-tarifaco.jpg\" class=\"attachment-full size-full wp-image-15448\" alt=\"bndes-estuda-suspensao-temporaria-de-dividas-de-afetados-por-tarifaco\" srcset=\"https:\/\/juliasmagazine.com.br\/wp-content\/uploads\/2025\/08\/15447-bndes-estuda-suspensao-temporaria-de-dividas-de-afetados-por-tarifaco.jpg 1600w, https:\/\/juliasmagazine.com.br\/wp-content\/uploads\/2025\/08\/15447-bndes-estuda-suspensao-temporaria-de-dividas-de-afetados-por-tarifaco-300x150.jpg 300w, https:\/\/juliasmagazine.com.br\/wp-content\/uploads\/2025\/08\/15447-bndes-estuda-suspensao-temporaria-de-dividas-de-afetados-por-tarifaco-1024x512.jpg 1024w, https:\/\/juliasmagazine.com.br\/wp-content\/uploads\/2025\/08\/15447-bndes-estuda-suspensao-temporaria-de-dividas-de-afetados-por-tarifaco-768x384.jpg 768w, https:\/\/juliasmagazine.com.br\/wp-content\/uploads\/2025\/08\/15447-bndes-estuda-suspensao-temporaria-de-dividas-de-afetados-por-tarifaco-1536x768.jpg 1536w, https:\/\/juliasmagazine.com.br\/wp-content\/uploads\/2025\/08\/15447-bndes-estuda-suspensao-temporaria-de-dividas-de-afetados-por-tarifaco-260x130.jpg 260w, https:\/\/juliasmagazine.com.br\/wp-content\/uploads\/2025\/08\/15447-bndes-estuda-suspensao-temporaria-de-dividas-de-afetados-por-tarifaco-600x300.jpg 600w\" sizes=\"(max-width: 1600px) 100vw, 1600px\" \/>\t\t\t\t\t\t\t\t<\/a>\n\t\t\t\t\t\t\t\t\t\t\t\t\t<\/div>\n\t\t\t\t<\/div>\n\t\t\t\t\t<\/div>\n\t\t<\/div>\n\t\t\t\t\t<\/div>\n\t\t<\/section>\n\t\t\t\t<\/div>\n\t\t\t\t<div data-elementor-type=\"loop-item\" data-elementor-id=\"47\" class=\"elementor elementor-47 e-loop-item e-loop-item-2967 post-2967 post type-post status-publish format-standard has-post-thumbnail hentry category-economia-e-negocios\" data-elementor-post-type=\"elementor_library\" data-custom-edit-handle=\"1\">\n\t\t\t\t\t<section class=\"elementor-section elementor-top-section elementor-element elementor-element-de80bf8 elementor-section-boxed elementor-section-height-default elementor-section-height-default\" data-id=\"de80bf8\" data-element_type=\"section\">\n\t\t\t\t\t\t<div class=\"elementor-container elementor-column-gap-default\">\n\t\t\t\t\t<div class=\"elementor-column elementor-col-50 elementor-top-column elementor-element elementor-element-9e413ee\" data-id=\"9e413ee\" data-element_type=\"column\">\n\t\t\t<div class=\"elementor-widget-wrap elementor-element-populated\">\n\t\t\t\t\t\t<div class=\"elementor-element elementor-element-12f73fe6 elementor-widget elementor-widget-heading\" data-id=\"12f73fe6\" data-element_type=\"widget\" data-widget_type=\"heading.default\">\n\t\t\t\t<div class=\"elementor-widget-container\">\n\t\t\t<p class=\"elementor-heading-title elementor-size-default\"><a href=\"https:\/\/juliasmagazine.com.br\/?p=2967\">Conta de energia el\u00e9trica permanecer\u00e1 sem cobran\u00e7a extra em mar\u00e7o<\/a><\/p>\t\t<\/div>\n\t\t\t\t<\/div>\n\t\t\t\t\t<\/div>\n\t\t<\/div>\n\t\t\t\t<div class=\"elementor-column elementor-col-50 elementor-top-column elementor-element elementor-element-fb8c7ab\" data-id=\"fb8c7ab\" data-element_type=\"column\">\n\t\t\t<div class=\"elementor-widget-wrap elementor-element-populated\">\n\t\t\t\t\t\t<div class=\"elementor-element elementor-element-ab42846 elementor-widget elementor-widget-image\" data-id=\"ab42846\" data-element_type=\"widget\" data-widget_type=\"image.default\">\n\t\t\t\t<div class=\"elementor-widget-container\">\n\t\t\t\t\t\t\t\t\t\t\t\t\t\t<a href=\"https:\/\/juliasmagazine.com.br\/?p=2967\">\n\t\t\t\t\t\t\t<img loading=\"lazy\" decoding=\"async\" width=\"1600\" height=\"800\" src=\"https:\/\/juliasmagazine.com.br\/wp-content\/uploads\/2025\/02\/2967-conta-de-energia-eletrica-permanecera-sem-cobranca-extra-em-marco.jpg\" class=\"attachment-full size-full wp-image-2968\" alt=\"conta-de-energia-eletrica-permanecera-sem-cobranca-extra-em-marco\" srcset=\"https:\/\/juliasmagazine.com.br\/wp-content\/uploads\/2025\/02\/2967-conta-de-energia-eletrica-permanecera-sem-cobranca-extra-em-marco.jpg 1600w, https:\/\/juliasmagazine.com.br\/wp-content\/uploads\/2025\/02\/2967-conta-de-energia-eletrica-permanecera-sem-cobranca-extra-em-marco-300x150.jpg 300w, https:\/\/juliasmagazine.com.br\/wp-content\/uploads\/2025\/02\/2967-conta-de-energia-eletrica-permanecera-sem-cobranca-extra-em-marco-1024x512.jpg 1024w, https:\/\/juliasmagazine.com.br\/wp-content\/uploads\/2025\/02\/2967-conta-de-energia-eletrica-permanecera-sem-cobranca-extra-em-marco-768x384.jpg 768w, https:\/\/juliasmagazine.com.br\/wp-content\/uploads\/2025\/02\/2967-conta-de-energia-eletrica-permanecera-sem-cobranca-extra-em-marco-1536x768.jpg 1536w, https:\/\/juliasmagazine.com.br\/wp-content\/uploads\/2025\/02\/2967-conta-de-energia-eletrica-permanecera-sem-cobranca-extra-em-marco-260x130.jpg 260w, https:\/\/juliasmagazine.com.br\/wp-content\/uploads\/2025\/02\/2967-conta-de-energia-eletrica-permanecera-sem-cobranca-extra-em-marco-600x300.jpg 600w\" sizes=\"(max-width: 1600px) 100vw, 1600px\" \/>\t\t\t\t\t\t\t\t<\/a>\n\t\t\t\t\t\t\t\t\t\t\t\t\t<\/div>\n\t\t\t\t<\/div>\n\t\t\t\t\t<\/div>\n\t\t<\/div>\n\t\t\t\t\t<\/div>\n\t\t<\/section>\n\t\t\t\t<\/div>\n\t\t\t\t<div data-elementor-type=\"loop-item\" data-elementor-id=\"47\" class=\"elementor elementor-47 e-loop-item e-loop-item-4359 post-4359 post type-post status-publish format-standard has-post-thumbnail hentry category-seguranca-e-justica\" data-elementor-post-type=\"elementor_library\" data-custom-edit-handle=\"1\">\n\t\t\t\t\t<section class=\"elementor-section elementor-top-section elementor-element elementor-element-de80bf8 elementor-section-boxed elementor-section-height-default elementor-section-height-default\" data-id=\"de80bf8\" data-element_type=\"section\">\n\t\t\t\t\t\t<div class=\"elementor-container elementor-column-gap-default\">\n\t\t\t\t\t<div class=\"elementor-column elementor-col-50 elementor-top-column elementor-element elementor-element-9e413ee\" data-id=\"9e413ee\" data-element_type=\"column\">\n\t\t\t<div class=\"elementor-widget-wrap elementor-element-populated\">\n\t\t\t\t\t\t<div class=\"elementor-element elementor-element-12f73fe6 elementor-widget elementor-widget-heading\" data-id=\"12f73fe6\" data-element_type=\"widget\" data-widget_type=\"heading.default\">\n\t\t\t\t<div class=\"elementor-widget-container\">\n\t\t\t<p class=\"elementor-heading-title elementor-size-default\"><a href=\"https:\/\/juliasmagazine.com.br\/?p=4359\">Nunes Marques vota contra recurso de Bolsonaro e Braga Netto<\/a><\/p>\t\t<\/div>\n\t\t\t\t<\/div>\n\t\t\t\t\t<\/div>\n\t\t<\/div>\n\t\t\t\t<div class=\"elementor-column elementor-col-50 elementor-top-column elementor-element elementor-element-fb8c7ab\" data-id=\"fb8c7ab\" data-element_type=\"column\">\n\t\t\t<div class=\"elementor-widget-wrap elementor-element-populated\">\n\t\t\t\t\t\t<div class=\"elementor-element elementor-element-ab42846 elementor-widget elementor-widget-image\" data-id=\"ab42846\" data-element_type=\"widget\" data-widget_type=\"image.default\">\n\t\t\t\t<div class=\"elementor-widget-container\">\n\t\t\t\t\t\t\t\t\t\t\t\t\t\t<a href=\"https:\/\/juliasmagazine.com.br\/?p=4359\">\n\t\t\t\t\t\t\t<img loading=\"lazy\" decoding=\"async\" width=\"1600\" height=\"800\" src=\"https:\/\/juliasmagazine.com.br\/wp-content\/uploads\/2025\/03\/4359-nunes-marques-vota-contra-recurso-de-bolsonaro-e-braga-netto.jpg\" class=\"attachment-full size-full wp-image-4360\" alt=\"nunes-marques-vota-contra-recurso-de-bolsonaro-e-braga-netto\" srcset=\"https:\/\/juliasmagazine.com.br\/wp-content\/uploads\/2025\/03\/4359-nunes-marques-vota-contra-recurso-de-bolsonaro-e-braga-netto.jpg 1600w, https:\/\/juliasmagazine.com.br\/wp-content\/uploads\/2025\/03\/4359-nunes-marques-vota-contra-recurso-de-bolsonaro-e-braga-netto-300x150.jpg 300w, https:\/\/juliasmagazine.com.br\/wp-content\/uploads\/2025\/03\/4359-nunes-marques-vota-contra-recurso-de-bolsonaro-e-braga-netto-1024x512.jpg 1024w, https:\/\/juliasmagazine.com.br\/wp-content\/uploads\/2025\/03\/4359-nunes-marques-vota-contra-recurso-de-bolsonaro-e-braga-netto-768x384.jpg 768w, https:\/\/juliasmagazine.com.br\/wp-content\/uploads\/2025\/03\/4359-nunes-marques-vota-contra-recurso-de-bolsonaro-e-braga-netto-1536x768.jpg 1536w, https:\/\/juliasmagazine.com.br\/wp-content\/uploads\/2025\/03\/4359-nunes-marques-vota-contra-recurso-de-bolsonaro-e-braga-netto-260x130.jpg 260w, https:\/\/juliasmagazine.com.br\/wp-content\/uploads\/2025\/03\/4359-nunes-marques-vota-contra-recurso-de-bolsonaro-e-braga-netto-600x300.jpg 600w\" sizes=\"(max-width: 1600px) 100vw, 1600px\" \/>\t\t\t\t\t\t\t\t<\/a>\n\t\t\t\t\t\t\t\t\t\t\t\t\t<\/div>\n\t\t\t\t<\/div>\n\t\t\t\t\t<\/div>\n\t\t<\/div>\n\t\t\t\t\t<\/div>\n\t\t<\/section>\n\t\t\t\t<\/div>\n\t\t\t\t<\/div>\n\t\t\n\t\t\t\t<\/div>\n\t\t\t\t<\/div>\n\t\t\t\t<section class=\"elementor-section elementor-inner-section elementor-element elementor-element-f6eb43f elementor-section-full_width elementor-section-height-default elementor-section-height-default\" data-id=\"f6eb43f\" data-element_type=\"section\">\n\t\t\t\t\t\t<div class=\"elementor-container elementor-column-gap-no\">\n\t\t\t\t\t<div class=\"elementor-column elementor-col-100 elementor-inner-column elementor-element elementor-element-13fa731\" data-id=\"13fa731\" data-element_type=\"column\">\n\t\t\t<div class=\"elementor-widget-wrap elementor-element-populated\">\n\t\t\t\t\t\t<div class=\"elementor-element elementor-element-54255c3 elementor-widget elementor-widget-heading\" data-id=\"54255c3\" data-element_type=\"widget\" data-widget_type=\"heading.default\">\n\t\t\t\t<div class=\"elementor-widget-container\">\n\t\t\t<p class=\"elementor-heading-title elementor-size-default\">PUBLICIDADE<\/p>\t\t<\/div>\n\t\t\t\t<\/div>\n\t\t\t\t<div class=\"elementor-element elementor-element-bb03eed elementor-widget elementor-widget-image\" data-id=\"bb03eed\" data-element_type=\"widget\" data-widget_type=\"image.default\">\n\t\t\t\t<div class=\"elementor-widget-container\">\n\t\t\t\t\t\t\t\t\t\t\t\t\t<img loading=\"lazy\" decoding=\"async\" width=\"500\" height=\"500\" src=\"https:\/\/juliasmagazine.com.br\/wp-content\/uploads\/2024\/11\/1150961063_DINIZ_Banners-Seja-um-franqueado-500x500-1.gif\" class=\"attachment-large size-large wp-image-690\" alt=\"\" \/>\t\t\t\t\t\t\t\t\t\t\t\t\t<\/div>\n\t\t\t\t<\/div>\n\t\t\t\t\t<\/div>\n\t\t<\/div>\n\t\t\t\t\t<\/div>\n\t\t<\/section>\n\t\t\t\t\t<\/div>\n\t\t<\/div>\n\t\t\t\t\t<\/div>\n\t\t<\/section>\n\t\t\t\t<section class=\"elementor-section elementor-top-section elementor-element elementor-element-4f5021e elementor-section-full_width elementor-section-stretched elementor-section-height-default elementor-section-height-default\" data-id=\"4f5021e\" data-element_type=\"section\" data-settings=\"{&quot;stretch_section&quot;:&quot;section-stretched&quot;}\">\n\t\t\t\t\t\t<div class=\"elementor-container elementor-column-gap-no\">\n\t\t\t\t\t<div class=\"elementor-column elementor-col-100 elementor-top-column elementor-element elementor-element-fe5744f\" data-id=\"fe5744f\" data-element_type=\"column\">\n\t\t\t<div class=\"elementor-widget-wrap elementor-element-populated\">\n\t\t\t\t\t\t<div class=\"elementor-element elementor-element-c3aef02 elementor-widget elementor-widget-heading\" data-id=\"c3aef02\" data-element_type=\"widget\" data-widget_type=\"heading.default\">\n\t\t\t\t<div class=\"elementor-widget-container\">\n\t\t\t<p class=\"elementor-heading-title elementor-size-default\">PUBLICIDADE<\/p>\t\t<\/div>\n\t\t\t\t<\/div>\n\t\t\t\t<div class=\"elementor-element elementor-element-3957492 elementor-widget elementor-widget-image\" data-id=\"3957492\" data-element_type=\"widget\" data-widget_type=\"image.default\">\n\t\t\t\t<div class=\"elementor-widget-container\">\n\t\t\t\t\t\t\t\t\t\t\t\t\t<img loading=\"lazy\" decoding=\"async\" width=\"1024\" height=\"416\" src=\"https:\/\/juliasmagazine.com.br\/wp-content\/uploads\/2025\/01\/BANNER-3-2024-1024x416.png\" class=\"attachment-large size-large wp-image-798\" alt=\"\" srcset=\"https:\/\/juliasmagazine.com.br\/wp-content\/uploads\/2025\/01\/BANNER-3-2024-1024x416.png 1024w, https:\/\/juliasmagazine.com.br\/wp-content\/uploads\/2025\/01\/BANNER-3-2024-300x122.png 300w, https:\/\/juliasmagazine.com.br\/wp-content\/uploads\/2025\/01\/BANNER-3-2024-768x312.png 768w, https:\/\/juliasmagazine.com.br\/wp-content\/uploads\/2025\/01\/BANNER-3-2024-1536x624.png 1536w, https:\/\/juliasmagazine.com.br\/wp-content\/uploads\/2025\/01\/BANNER-3-2024-600x244.png 600w, https:\/\/juliasmagazine.com.br\/wp-content\/uploads\/2025\/01\/BANNER-3-2024.png 1920w\" sizes=\"(max-width: 1024px) 100vw, 1024px\" \/>\t\t\t\t\t\t\t\t\t\t\t\t\t<\/div>\n\t\t\t\t<\/div>\n\t\t\t\t<div class=\"elementor-element elementor-element-abcb752 elementor-widget elementor-widget-image\" data-id=\"abcb752\" data-element_type=\"widget\" data-widget_type=\"image.default\">\n\t\t\t\t<div class=\"elementor-widget-container\">\n\t\t\t\t\t\t\t\t\t\t\t\t\t<img loading=\"lazy\" decoding=\"async\" width=\"1024\" height=\"287\" src=\"https:\/\/juliasmagazine.com.br\/wp-content\/uploads\/2025\/01\/banner-homefuturaim-wind-banner02-1024x287.webp\" class=\"attachment-large size-large wp-image-801\" alt=\"\" srcset=\"https:\/\/juliasmagazine.com.br\/wp-content\/uploads\/2025\/01\/banner-homefuturaim-wind-banner02-1024x287.webp 1024w, https:\/\/juliasmagazine.com.br\/wp-content\/uploads\/2025\/01\/banner-homefuturaim-wind-banner02-300x84.webp 300w, https:\/\/juliasmagazine.com.br\/wp-content\/uploads\/2025\/01\/banner-homefuturaim-wind-banner02-768x216.webp 768w, https:\/\/juliasmagazine.com.br\/wp-content\/uploads\/2025\/01\/banner-homefuturaim-wind-banner02-600x168.webp 600w, https:\/\/juliasmagazine.com.br\/wp-content\/uploads\/2025\/01\/banner-homefuturaim-wind-banner02.webp 1140w\" sizes=\"(max-width: 1024px) 100vw, 1024px\" \/>\t\t\t\t\t\t\t\t\t\t\t\t\t<\/div>\n\t\t\t\t<\/div>\n\t\t\t\t\t<\/div>\n\t\t<\/div>\n\t\t\t\t\t<\/div>\n\t\t<\/section>\n\t\t\t\t<section class=\"elementor-section elementor-top-section elementor-element elementor-element-e6223d9 elementor-section-boxed elementor-section-height-default elementor-section-height-default\" data-id=\"e6223d9\" data-element_type=\"section\">\n\t\t\t\t\t\t<div class=\"elementor-container elementor-column-gap-default\">\n\t\t\t\t\t<div class=\"elementor-column elementor-col-100 elementor-top-column elementor-element elementor-element-9f52177\" data-id=\"9f52177\" data-element_type=\"column\">\n\t\t\t<div class=\"elementor-widget-wrap elementor-element-populated\">\n\t\t\t\t\t\t<div class=\"elementor-element elementor-element-83674df elementor-widget elementor-widget-heading\" data-id=\"83674df\" data-element_type=\"widget\" data-widget_type=\"heading.default\">\n\t\t\t\t<div class=\"elementor-widget-container\">\n\t\t\t<p class=\"elementor-heading-title elementor-size-default\">Veja tamb\u00e9m<\/p>\t\t<\/div>\n\t\t\t\t<\/div>\n\t\t\t\t<div class=\"elementor-element elementor-element-7e1634f elementor-widget elementor-widget-jet-blog-smart-tiles\" data-id=\"7e1634f\" data-element_type=\"widget\" data-widget_type=\"jet-blog-smart-tiles.default\">\n\t\t\t\t<div class=\"elementor-widget-container\">\n\t\t\t<div class=\"elementor-jet-blog-smart-tiles jet-blog\"><div class=\"jet-smart-tiles-wrap\" data-slider-atts='{\"adaptiveHeight\":true,\"arrows\":false,\"prevArrow\":\"<i class=\\\"jet-arrow-prev jet-blog-arrow\\\"><svg width=\\\"24\\\" height=\\\"24\\\" viewBox=\\\"0 0 24 24\\\" fill=\\\"none\\\" xmlns=\\\"http:\\\/\\\/www.w3.org\\\/2000\\\/svg\\\"><path d=\\\"M14.625 5.3999L16.3 7.0749L11.35 12.0249L16.3 16.9749L14.625 18.6499L7.99999 12.0249L14.625 5.3999Z\\\" fill=\\\"#0F172A\\\"\\\/><\\\/svg><\\\/i>\",\"nextArrow\":\"<i class=\\\"jet-arrow-next jet-blog-arrow\\\"><svg width=\\\"24\\\" height=\\\"24\\\" viewBox=\\\"0 0 24 24\\\" fill=\\\"none\\\" xmlns=\\\"http:\\\/\\\/www.w3.org\\\/2000\\\/svg\\\"><path d=\\\"M9.37501 18.6001L7.70001 16.9251L12.65 11.9751L7.70001 7.0251L9.37501 5.3501L16 11.9751L9.37501 18.6001Z\\\" fill=\\\"#0F172A\\\"\\\/><\\\/svg><\\\/i>\",\"autoplay\":false,\"autoplaySpeed\":5000,\"rtl\":false}' dir=\"ltr\"><div class=\"jet-smart-tiles-slide\"><div class=\"jet-smart-tiles-slide__wrap layout-1-2 scroll-slider-mobile mobile-rows-1\" style=\"--jet-blog-tiles-col-width:290px;\"><div class=\"jet-smart-tiles\">\n\t<div class=\"jet-smart-tiles__box\" style=\"background-image:url('https:\/\/juliasmagazine.com.br\/wp-content\/uploads\/2025\/08\/14781-zoologico-do-rio-reabre-ao-publico-nesta-quinta-apos-mortes-de-aves.jpeg')\">\n\t\t<div class=\"jet-smart-tiles__terms\"><a href=\"https:\/\/juliasmagazine.com.br\/?cat=11\" class=\"jet-smart-tiles__terms-link jet-smart-tiles__terms-link--11\">Sa\u00fade e Bem-Estar<\/a><\/div>\t\t<div class=\"jet-smart-tiles__box-content\">\n\t\t\t<div class=\"jet-smart-tiles__box-content-inner\">\n\t\t\t\t<div class=\"jet-smart-tiles__meta\"><span class=\"post__date post-meta__item jet-smart-tiles__meta-item\"><span class=\"jet-smart-tiles__meta-icon jet-blog-icon\"><i aria-hidden=\"true\" class=\"fas fa-calendar-check\"><\/i><\/span><span  class=\"post__date-link \" ><time datetime=\"2025-08-20T08:45:04-03:00\" title=\"2025-08-20T08:45:04-03:00\">20 de agosto de 2025<\/time><\/span><\/span><\/div>\t\t\t\t\t\t\t\t<div class=\"jet-smart-tiles__box-title\">Zool\u00f3gico do Rio reabre ao p\u00fablico nesta quinta ap\u00f3s mortes de aves<\/div>\t\t\t\t\t\t\t\t\t\t\t\t<div class=\"jet-smart-tiles__box-excerpt\">Fechado temporariamente desde julho, por medida preventiva, ap\u00f3s a morte...<\/div>\t\t\t\t\t\t\t<\/div>\n\t\t<\/div>\n\t\t<a href=\"https:\/\/juliasmagazine.com.br\/?p=14781\" class=\"jet-smart-tiles__box-link\" aria-label=\"Zool\u00f3gico do Rio reabre ao p\u00fablico nesta quinta ap\u00f3s mortes de aves\"><\/a>\n\t<\/div>\n<\/div><div class=\"jet-smart-tiles\">\n\t<div class=\"jet-smart-tiles__box\" style=\"background-image:url('https:\/\/juliasmagazine.com.br\/wp-content\/uploads\/2025\/07\/11831-zoologico-de-brasilia-reabre-ao-publico-apos-casos-de-gripe-aviaria.jpg')\">\n\t\t<div class=\"jet-smart-tiles__terms\"><a href=\"https:\/\/juliasmagazine.com.br\/?cat=6\" class=\"jet-smart-tiles__terms-link jet-smart-tiles__terms-link--6\">Meio Ambiente e Sustentabilidade<\/a><\/div>\t\t<div class=\"jet-smart-tiles__box-content\">\n\t\t\t<div class=\"jet-smart-tiles__box-content-inner\">\n\t\t\t\t<div class=\"jet-smart-tiles__meta\"><span class=\"post__date post-meta__item jet-smart-tiles__meta-item\"><span class=\"jet-smart-tiles__meta-icon jet-blog-icon\"><i aria-hidden=\"true\" class=\"fas fa-calendar-check\"><\/i><\/span><span  class=\"post__date-link \" ><time datetime=\"2025-07-07T13:40:09-03:00\" title=\"2025-07-07T13:40:09-03:00\">7 de julho de 2025<\/time><\/span><\/span><\/div>\t\t\t\t\t\t\t\t<div class=\"jet-smart-tiles__box-title\">Zool\u00f3gico de Bras\u00edlia reabre ao p\u00fablico ap\u00f3s casos de gripe avi\u00e1ria<\/div>\t\t\t\t\t\t\t\t\t\t\t\t<div class=\"jet-smart-tiles__box-excerpt\">O\u00a0Zool\u00f3gico de Bras\u00edlia reabriu ao p\u00fablico nesta segunda-feira (7).\u00a0 O...<\/div>\t\t\t\t\t\t\t<\/div>\n\t\t<\/div>\n\t\t<a href=\"https:\/\/juliasmagazine.com.br\/?p=11831\" class=\"jet-smart-tiles__box-link\" aria-label=\"Zool\u00f3gico de Bras\u00edlia reabre ao p\u00fablico ap\u00f3s casos de gripe avi\u00e1ria\"><\/a>\n\t<\/div>\n<\/div><div class=\"jet-smart-tiles\">\n\t<div class=\"jet-smart-tiles__box\" style=\"background-image:url('https:\/\/juliasmagazine.com.br\/wp-content\/uploads\/2025\/05\/9153-zoologico-de-brasilia-e-fechado-apos-suspeita-de-gripe-aviaria.jpg')\">\n\t\t<div class=\"jet-smart-tiles__terms\"><a href=\"https:\/\/juliasmagazine.com.br\/?cat=1\" class=\"jet-smart-tiles__terms-link jet-smart-tiles__terms-link--1\">\u00daltimas Not\u00edcias<\/a><\/div>\t\t<div class=\"jet-smart-tiles__box-content\">\n\t\t\t<div class=\"jet-smart-tiles__box-content-inner\">\n\t\t\t\t<div class=\"jet-smart-tiles__meta\"><span class=\"post__date post-meta__item jet-smart-tiles__meta-item\"><span class=\"jet-smart-tiles__meta-icon jet-blog-icon\"><i aria-hidden=\"true\" class=\"fas fa-calendar-check\"><\/i><\/span><span  class=\"post__date-link \" ><time datetime=\"2025-05-28T17:33:54-03:00\" title=\"2025-05-28T17:33:54-03:00\">28 de maio de 2025<\/time><\/span><\/span><\/div>\t\t\t\t\t\t\t\t<div class=\"jet-smart-tiles__box-title\">Zool\u00f3gico de Bras\u00edlia \u00e9 fechado ap\u00f3s suspeita de gripe avi\u00e1ria<\/div>\t\t\t\t\t\t\t\t\t\t\t\t<div class=\"jet-smart-tiles__box-excerpt\">O governo do Distrito Federal fechou temporariamente o Jardim Zool\u00f3gico...<\/div>\t\t\t\t\t\t\t<\/div>\n\t\t<\/div>\n\t\t<a href=\"https:\/\/juliasmagazine.com.br\/?p=9153\" class=\"jet-smart-tiles__box-link\" aria-label=\"Zool\u00f3gico de Bras\u00edlia \u00e9 fechado ap\u00f3s suspeita de gripe avi\u00e1ria\"><\/a>\n\t<\/div>\n<\/div><\/div><\/div><\/div><\/div>\t\t<\/div>\n\t\t\t\t<\/div>\n\t\t\t\t\t<\/div>\n\t\t<\/div>\n\t\t\t\t\t<\/div>\n\t\t<\/section>\n\t\t\t\t<section class=\"elementor-section elementor-top-section elementor-element elementor-element-5ad2692 elementor-section-boxed elementor-section-height-default elementor-section-height-default\" data-id=\"5ad2692\" data-element_type=\"section\">\n\t\t\t\t\t\t<div class=\"elementor-container elementor-column-gap-default\">\n\t\t\t\t\t<div class=\"elementor-column elementor-col-50 elementor-top-column elementor-element elementor-element-a329c24\" data-id=\"a329c24\" data-element_type=\"column\">\n\t\t\t<div class=\"elementor-widget-wrap elementor-element-populated\">\n\t\t\t\t\t\t<div class=\"elementor-element elementor-element-edf6901 elementor-grid-1 elementor-grid-tablet-2 elementor-grid-mobile-1 elementor-widget elementor-widget-loop-grid\" data-id=\"edf6901\" data-element_type=\"widget\" data-settings=\"{&quot;template_id&quot;:&quot;42&quot;,&quot;columns&quot;:1,&quot;_skin&quot;:&quot;post&quot;,&quot;columns_tablet&quot;:&quot;2&quot;,&quot;columns_mobile&quot;:&quot;1&quot;,&quot;edit_handle_selector&quot;:&quot;[data-elementor-type=\\&quot;loop-item\\&quot;]&quot;,&quot;row_gap&quot;:{&quot;unit&quot;:&quot;px&quot;,&quot;size&quot;:&quot;&quot;,&quot;sizes&quot;:[]},&quot;row_gap_tablet&quot;:{&quot;unit&quot;:&quot;px&quot;,&quot;size&quot;:&quot;&quot;,&quot;sizes&quot;:[]},&quot;row_gap_mobile&quot;:{&quot;unit&quot;:&quot;px&quot;,&quot;size&quot;:&quot;&quot;,&quot;sizes&quot;:[]}}\" data-widget_type=\"loop-grid.post\">\n\t\t\t\t<div class=\"elementor-widget-container\">\n\t\t\t\t\t<div class=\"elementor-loop-container elementor-grid\">\n\t\t\t\t<div data-elementor-type=\"loop-item\" data-elementor-id=\"42\" class=\"elementor elementor-42 e-loop-item e-loop-item-14781 post-14781 post type-post status-publish format-standard has-post-thumbnail hentry category-saude-e-bem-estar\" data-elementor-post-type=\"elementor_library\" data-custom-edit-handle=\"1\">\n\t\t\t\t\t<section class=\"elementor-section elementor-top-section elementor-element elementor-element-5498ca1 elementor-section-boxed elementor-section-height-default elementor-section-height-default\" data-id=\"5498ca1\" data-element_type=\"section\">\n\t\t\t\t\t\t<div class=\"elementor-container elementor-column-gap-default\">\n\t\t\t\t\t<div class=\"elementor-column elementor-col-50 elementor-top-column elementor-element elementor-element-1d63a3c\" data-id=\"1d63a3c\" data-element_type=\"column\">\n\t\t\t<div class=\"elementor-widget-wrap elementor-element-populated\">\n\t\t\t\t\t\t<div class=\"elementor-element elementor-element-15f0cc9 elementor-widget elementor-widget-image\" data-id=\"15f0cc9\" data-element_type=\"widget\" data-widget_type=\"image.default\">\n\t\t\t\t<div class=\"elementor-widget-container\">\n\t\t\t\t\t\t\t\t\t\t\t\t\t\t<a href=\"https:\/\/juliasmagazine.com.br\/?p=14781\">\n\t\t\t\t\t\t\t<img loading=\"lazy\" decoding=\"async\" width=\"1600\" height=\"800\" src=\"https:\/\/juliasmagazine.com.br\/wp-content\/uploads\/2025\/08\/14781-zoologico-do-rio-reabre-ao-publico-nesta-quinta-apos-mortes-de-aves.jpeg\" class=\"attachment-full size-full wp-image-14782\" alt=\"zoologico-do-rio-reabre-ao-publico-nesta-quinta-apos-mortes-de-aves\" srcset=\"https:\/\/juliasmagazine.com.br\/wp-content\/uploads\/2025\/08\/14781-zoologico-do-rio-reabre-ao-publico-nesta-quinta-apos-mortes-de-aves.jpeg 1600w, https:\/\/juliasmagazine.com.br\/wp-content\/uploads\/2025\/08\/14781-zoologico-do-rio-reabre-ao-publico-nesta-quinta-apos-mortes-de-aves-300x150.jpeg 300w, https:\/\/juliasmagazine.com.br\/wp-content\/uploads\/2025\/08\/14781-zoologico-do-rio-reabre-ao-publico-nesta-quinta-apos-mortes-de-aves-1024x512.jpeg 1024w, https:\/\/juliasmagazine.com.br\/wp-content\/uploads\/2025\/08\/14781-zoologico-do-rio-reabre-ao-publico-nesta-quinta-apos-mortes-de-aves-768x384.jpeg 768w, https:\/\/juliasmagazine.com.br\/wp-content\/uploads\/2025\/08\/14781-zoologico-do-rio-reabre-ao-publico-nesta-quinta-apos-mortes-de-aves-1536x768.jpeg 1536w, https:\/\/juliasmagazine.com.br\/wp-content\/uploads\/2025\/08\/14781-zoologico-do-rio-reabre-ao-publico-nesta-quinta-apos-mortes-de-aves-260x130.jpeg 260w, https:\/\/juliasmagazine.com.br\/wp-content\/uploads\/2025\/08\/14781-zoologico-do-rio-reabre-ao-publico-nesta-quinta-apos-mortes-de-aves-600x300.jpeg 600w\" sizes=\"(max-width: 1600px) 100vw, 1600px\" \/>\t\t\t\t\t\t\t\t<\/a>\n\t\t\t\t\t\t\t\t\t\t\t\t\t<\/div>\n\t\t\t\t<\/div>\n\t\t\t\t\t<\/div>\n\t\t<\/div>\n\t\t\t\t<div class=\"elementor-column elementor-col-50 elementor-top-column elementor-element elementor-element-8ff4591\" data-id=\"8ff4591\" data-element_type=\"column\">\n\t\t\t<div class=\"elementor-widget-wrap elementor-element-populated\">\n\t\t\t\t\t\t<div class=\"elementor-element elementor-element-81b0a71 elementor-widget__width-auto elementor-widget elementor-widget-heading\" data-id=\"81b0a71\" data-element_type=\"widget\" data-widget_type=\"heading.default\">\n\t\t\t\t<div class=\"elementor-widget-container\">\n\t\t\t<p class=\"elementor-heading-title elementor-size-default\"><a href=\"https:\/\/juliasmagazine.com.br\/?p=14781\"><span>Sa\u00fade e Bem-Estar<\/span><\/a><\/p>\t\t<\/div>\n\t\t\t\t<\/div>\n\t\t\t\t<div class=\"elementor-element elementor-element-272c0ff6 elementor-widget elementor-widget-heading\" data-id=\"272c0ff6\" data-element_type=\"widget\" data-widget_type=\"heading.default\">\n\t\t\t\t<div class=\"elementor-widget-container\">\n\t\t\t<p class=\"elementor-heading-title elementor-size-default\"><a href=\"https:\/\/juliasmagazine.com.br\/?p=14781\">Zool\u00f3gico do Rio reabre ao p\u00fablico nesta quinta ap\u00f3s mortes de aves<\/a><\/p>\t\t<\/div>\n\t\t\t\t<\/div>\n\t\t\t\t<div class=\"elementor-element elementor-element-d0a2b7c elementor-widget elementor-widget-jet-listing-dynamic-field\" data-id=\"d0a2b7c\" data-element_type=\"widget\" data-widget_type=\"jet-listing-dynamic-field.default\">\n\t\t\t\t<div class=\"elementor-widget-container\">\n\t\t\t<div class=\"jet-listing jet-listing-dynamic-field display-inline\"><div class=\"jet-listing-dynamic-field__inline-wrap\"><div class=\"jet-listing-dynamic-field__content\">Fechado temporariamente desde julho, por medida preventiva, ap\u00f3s a morte por gripe avi\u00e1ria de 16 galinhas-d\u2019angola e 2 pav\u00f5es, na \u00e1rea da Savana Africana, o Zoo...<\/div><\/div><\/div>\t\t<\/div>\n\t\t\t\t<\/div>\n\t\t\t\t<div class=\"elementor-element elementor-element-61b1f4d0 elementor-widget elementor-widget-heading\" data-id=\"61b1f4d0\" data-element_type=\"widget\" data-widget_type=\"heading.default\">\n\t\t\t\t<div class=\"elementor-widget-container\">\n\t\t\t<p class=\"elementor-heading-title elementor-size-default\"><a href=\"https:\/\/juliasmagazine.com.br\/?p=14781\">20 de agosto de 2025<\/a><\/p>\t\t<\/div>\n\t\t\t\t<\/div>\n\t\t\t\t\t<\/div>\n\t\t<\/div>\n\t\t\t\t\t<\/div>\n\t\t<\/section>\n\t\t\t\t<\/div>\n\t\t\t\t<div data-elementor-type=\"loop-item\" data-elementor-id=\"42\" class=\"elementor elementor-42 e-loop-item e-loop-item-11831 post-11831 post type-post status-publish format-standard has-post-thumbnail hentry category-meio-ambiente-e-sustentabilidade\" data-elementor-post-type=\"elementor_library\" data-custom-edit-handle=\"1\">\n\t\t\t\t\t<section class=\"elementor-section elementor-top-section elementor-element elementor-element-5498ca1 elementor-section-boxed elementor-section-height-default elementor-section-height-default\" data-id=\"5498ca1\" data-element_type=\"section\">\n\t\t\t\t\t\t<div class=\"elementor-container elementor-column-gap-default\">\n\t\t\t\t\t<div class=\"elementor-column elementor-col-50 elementor-top-column elementor-element elementor-element-1d63a3c\" data-id=\"1d63a3c\" data-element_type=\"column\">\n\t\t\t<div class=\"elementor-widget-wrap elementor-element-populated\">\n\t\t\t\t\t\t<div class=\"elementor-element elementor-element-15f0cc9 elementor-widget elementor-widget-image\" data-id=\"15f0cc9\" data-element_type=\"widget\" data-widget_type=\"image.default\">\n\t\t\t\t<div class=\"elementor-widget-container\">\n\t\t\t\t\t\t\t\t\t\t\t\t\t\t<a href=\"https:\/\/juliasmagazine.com.br\/?p=11831\">\n\t\t\t\t\t\t\t<img loading=\"lazy\" decoding=\"async\" width=\"1600\" height=\"800\" src=\"https:\/\/juliasmagazine.com.br\/wp-content\/uploads\/2025\/07\/11831-zoologico-de-brasilia-reabre-ao-publico-apos-casos-de-gripe-aviaria.jpg\" class=\"attachment-full size-full wp-image-11832\" alt=\"zoologico-de-brasilia-reabre-ao-publico-apos-casos-de-gripe-aviaria\" srcset=\"https:\/\/juliasmagazine.com.br\/wp-content\/uploads\/2025\/07\/11831-zoologico-de-brasilia-reabre-ao-publico-apos-casos-de-gripe-aviaria.jpg 1600w, https:\/\/juliasmagazine.com.br\/wp-content\/uploads\/2025\/07\/11831-zoologico-de-brasilia-reabre-ao-publico-apos-casos-de-gripe-aviaria-300x150.jpg 300w, https:\/\/juliasmagazine.com.br\/wp-content\/uploads\/2025\/07\/11831-zoologico-de-brasilia-reabre-ao-publico-apos-casos-de-gripe-aviaria-1024x512.jpg 1024w, https:\/\/juliasmagazine.com.br\/wp-content\/uploads\/2025\/07\/11831-zoologico-de-brasilia-reabre-ao-publico-apos-casos-de-gripe-aviaria-768x384.jpg 768w, https:\/\/juliasmagazine.com.br\/wp-content\/uploads\/2025\/07\/11831-zoologico-de-brasilia-reabre-ao-publico-apos-casos-de-gripe-aviaria-1536x768.jpg 1536w, https:\/\/juliasmagazine.com.br\/wp-content\/uploads\/2025\/07\/11831-zoologico-de-brasilia-reabre-ao-publico-apos-casos-de-gripe-aviaria-260x130.jpg 260w, https:\/\/juliasmagazine.com.br\/wp-content\/uploads\/2025\/07\/11831-zoologico-de-brasilia-reabre-ao-publico-apos-casos-de-gripe-aviaria-600x300.jpg 600w\" sizes=\"(max-width: 1600px) 100vw, 1600px\" \/>\t\t\t\t\t\t\t\t<\/a>\n\t\t\t\t\t\t\t\t\t\t\t\t\t<\/div>\n\t\t\t\t<\/div>\n\t\t\t\t\t<\/div>\n\t\t<\/div>\n\t\t\t\t<div class=\"elementor-column elementor-col-50 elementor-top-column elementor-element elementor-element-8ff4591\" data-id=\"8ff4591\" data-element_type=\"column\">\n\t\t\t<div class=\"elementor-widget-wrap elementor-element-populated\">\n\t\t\t\t\t\t<div class=\"elementor-element elementor-element-81b0a71 elementor-widget__width-auto elementor-widget elementor-widget-heading\" data-id=\"81b0a71\" data-element_type=\"widget\" data-widget_type=\"heading.default\">\n\t\t\t\t<div class=\"elementor-widget-container\">\n\t\t\t<p class=\"elementor-heading-title elementor-size-default\"><a href=\"https:\/\/juliasmagazine.com.br\/?p=11831\"><span>Meio Ambiente e Sustentabilidade<\/span><\/a><\/p>\t\t<\/div>\n\t\t\t\t<\/div>\n\t\t\t\t<div class=\"elementor-element elementor-element-272c0ff6 elementor-widget elementor-widget-heading\" data-id=\"272c0ff6\" data-element_type=\"widget\" data-widget_type=\"heading.default\">\n\t\t\t\t<div class=\"elementor-widget-container\">\n\t\t\t<p class=\"elementor-heading-title elementor-size-default\"><a href=\"https:\/\/juliasmagazine.com.br\/?p=11831\">Zool\u00f3gico de Bras\u00edlia reabre ao p\u00fablico ap\u00f3s casos de gripe avi\u00e1ria<\/a><\/p>\t\t<\/div>\n\t\t\t\t<\/div>\n\t\t\t\t<div class=\"elementor-element elementor-element-d0a2b7c elementor-widget elementor-widget-jet-listing-dynamic-field\" data-id=\"d0a2b7c\" data-element_type=\"widget\" data-widget_type=\"jet-listing-dynamic-field.default\">\n\t\t\t\t<div class=\"elementor-widget-container\">\n\t\t\t<div class=\"jet-listing jet-listing-dynamic-field display-inline\"><div class=\"jet-listing-dynamic-field__inline-wrap\"><div class=\"jet-listing-dynamic-field__content\">O\u00a0Zool\u00f3gico de Bras\u00edlia reabriu ao p\u00fablico nesta segunda-feira (7).\u00a0\nO local ficou fechado por mais de um m\u00eas, depois da morte de duas aves silvestres por gripe...<\/div><\/div><\/div>\t\t<\/div>\n\t\t\t\t<\/div>\n\t\t\t\t<div class=\"elementor-element elementor-element-61b1f4d0 elementor-widget elementor-widget-heading\" data-id=\"61b1f4d0\" data-element_type=\"widget\" data-widget_type=\"heading.default\">\n\t\t\t\t<div class=\"elementor-widget-container\">\n\t\t\t<p class=\"elementor-heading-title elementor-size-default\"><a href=\"https:\/\/juliasmagazine.com.br\/?p=11831\">7 de julho de 2025<\/a><\/p>\t\t<\/div>\n\t\t\t\t<\/div>\n\t\t\t\t\t<\/div>\n\t\t<\/div>\n\t\t\t\t\t<\/div>\n\t\t<\/section>\n\t\t\t\t<\/div>\n\t\t\t\t<div data-elementor-type=\"loop-item\" data-elementor-id=\"42\" class=\"elementor elementor-42 e-loop-item e-loop-item-21979 post-21979 post type-post status-publish format-standard has-post-thumbnail hentry category-meio-ambiente-e-sustentabilidade\" data-elementor-post-type=\"elementor_library\" data-custom-edit-handle=\"1\">\n\t\t\t\t\t<section class=\"elementor-section elementor-top-section elementor-element elementor-element-5498ca1 elementor-section-boxed elementor-section-height-default elementor-section-height-default\" data-id=\"5498ca1\" data-element_type=\"section\">\n\t\t\t\t\t\t<div class=\"elementor-container elementor-column-gap-default\">\n\t\t\t\t\t<div class=\"elementor-column elementor-col-50 elementor-top-column elementor-element elementor-element-1d63a3c\" data-id=\"1d63a3c\" data-element_type=\"column\">\n\t\t\t<div class=\"elementor-widget-wrap elementor-element-populated\">\n\t\t\t\t\t\t<div class=\"elementor-element elementor-element-15f0cc9 elementor-widget elementor-widget-image\" data-id=\"15f0cc9\" data-element_type=\"widget\" data-widget_type=\"image.default\">\n\t\t\t\t<div class=\"elementor-widget-container\">\n\t\t\t\t\t\t\t\t\t\t\t\t\t\t<a href=\"https:\/\/juliasmagazine.com.br\/?p=21979\">\n\t\t\t\t\t\t\t<img loading=\"lazy\" decoding=\"async\" width=\"1600\" height=\"800\" src=\"https:\/\/juliasmagazine.com.br\/wp-content\/uploads\/2025\/11\/21979-zona-verde-da-cop30-tem-pauta-dedicada-a-gestao-ambiental.jpg\" class=\"attachment-full size-full wp-image-21980\" alt=\"zona-verde-da-cop30-tem-pauta-dedicada-a-gestao-ambiental\" srcset=\"https:\/\/juliasmagazine.com.br\/wp-content\/uploads\/2025\/11\/21979-zona-verde-da-cop30-tem-pauta-dedicada-a-gestao-ambiental.jpg 1600w, https:\/\/juliasmagazine.com.br\/wp-content\/uploads\/2025\/11\/21979-zona-verde-da-cop30-tem-pauta-dedicada-a-gestao-ambiental-300x150.jpg 300w, https:\/\/juliasmagazine.com.br\/wp-content\/uploads\/2025\/11\/21979-zona-verde-da-cop30-tem-pauta-dedicada-a-gestao-ambiental-1024x512.jpg 1024w, https:\/\/juliasmagazine.com.br\/wp-content\/uploads\/2025\/11\/21979-zona-verde-da-cop30-tem-pauta-dedicada-a-gestao-ambiental-768x384.jpg 768w, https:\/\/juliasmagazine.com.br\/wp-content\/uploads\/2025\/11\/21979-zona-verde-da-cop30-tem-pauta-dedicada-a-gestao-ambiental-1536x768.jpg 1536w, https:\/\/juliasmagazine.com.br\/wp-content\/uploads\/2025\/11\/21979-zona-verde-da-cop30-tem-pauta-dedicada-a-gestao-ambiental-260x130.jpg 260w, https:\/\/juliasmagazine.com.br\/wp-content\/uploads\/2025\/11\/21979-zona-verde-da-cop30-tem-pauta-dedicada-a-gestao-ambiental-600x300.jpg 600w\" sizes=\"(max-width: 1600px) 100vw, 1600px\" \/>\t\t\t\t\t\t\t\t<\/a>\n\t\t\t\t\t\t\t\t\t\t\t\t\t<\/div>\n\t\t\t\t<\/div>\n\t\t\t\t\t<\/div>\n\t\t<\/div>\n\t\t\t\t<div class=\"elementor-column elementor-col-50 elementor-top-column elementor-element elementor-element-8ff4591\" data-id=\"8ff4591\" data-element_type=\"column\">\n\t\t\t<div class=\"elementor-widget-wrap elementor-element-populated\">\n\t\t\t\t\t\t<div class=\"elementor-element elementor-element-81b0a71 elementor-widget__width-auto elementor-widget elementor-widget-heading\" data-id=\"81b0a71\" data-element_type=\"widget\" data-widget_type=\"heading.default\">\n\t\t\t\t<div class=\"elementor-widget-container\">\n\t\t\t<p class=\"elementor-heading-title elementor-size-default\"><a href=\"https:\/\/juliasmagazine.com.br\/?p=21979\"><span>Meio Ambiente e Sustentabilidade<\/span><\/a><\/p>\t\t<\/div>\n\t\t\t\t<\/div>\n\t\t\t\t<div class=\"elementor-element elementor-element-272c0ff6 elementor-widget elementor-widget-heading\" data-id=\"272c0ff6\" data-element_type=\"widget\" data-widget_type=\"heading.default\">\n\t\t\t\t<div class=\"elementor-widget-container\">\n\t\t\t<p class=\"elementor-heading-title elementor-size-default\"><a href=\"https:\/\/juliasmagazine.com.br\/?p=21979\">Zona Verde da COP30 tem pauta dedicada \u00e0 gest\u00e3o ambiental<\/a><\/p>\t\t<\/div>\n\t\t\t\t<\/div>\n\t\t\t\t<div class=\"elementor-element elementor-element-d0a2b7c elementor-widget elementor-widget-jet-listing-dynamic-field\" data-id=\"d0a2b7c\" data-element_type=\"widget\" data-widget_type=\"jet-listing-dynamic-field.default\">\n\t\t\t\t<div class=\"elementor-widget-container\">\n\t\t\t<div class=\"jet-listing jet-listing-dynamic-field display-inline\"><div class=\"jet-listing-dynamic-field__inline-wrap\"><div class=\"jet-listing-dynamic-field__content\">Nesta ter\u00e7a-feira, as pautas da Zona Verde continuam dedicadas \u00e0 gest\u00e3o ambiental e comunit\u00e1ria, com foco especial em florestas, oceanos e biodiversidade.\u00a0Um do...<\/div><\/div><\/div>\t\t<\/div>\n\t\t\t\t<\/div>\n\t\t\t\t<div class=\"elementor-element elementor-element-61b1f4d0 elementor-widget elementor-widget-heading\" data-id=\"61b1f4d0\" data-element_type=\"widget\" data-widget_type=\"heading.default\">\n\t\t\t\t<div class=\"elementor-widget-container\">\n\t\t\t<p class=\"elementor-heading-title elementor-size-default\"><a href=\"https:\/\/juliasmagazine.com.br\/?p=21979\">18 de novembro de 2025<\/a><\/p>\t\t<\/div>\n\t\t\t\t<\/div>\n\t\t\t\t\t<\/div>\n\t\t<\/div>\n\t\t\t\t\t<\/div>\n\t\t<\/section>\n\t\t\t\t<\/div>\n\t\t\t\t<div data-elementor-type=\"loop-item\" data-elementor-id=\"42\" class=\"elementor elementor-42 e-loop-item e-loop-item-20013 post-20013 post type-post status-publish format-standard has-post-thumbnail hentry category-meio-ambiente-e-sustentabilidade\" data-elementor-post-type=\"elementor_library\" data-custom-edit-handle=\"1\">\n\t\t\t\t\t<section class=\"elementor-section elementor-top-section elementor-element elementor-element-5498ca1 elementor-section-boxed elementor-section-height-default elementor-section-height-default\" data-id=\"5498ca1\" data-element_type=\"section\">\n\t\t\t\t\t\t<div class=\"elementor-container elementor-column-gap-default\">\n\t\t\t\t\t<div class=\"elementor-column elementor-col-50 elementor-top-column elementor-element elementor-element-1d63a3c\" data-id=\"1d63a3c\" data-element_type=\"column\">\n\t\t\t<div class=\"elementor-widget-wrap elementor-element-populated\">\n\t\t\t\t\t\t<div class=\"elementor-element elementor-element-15f0cc9 elementor-widget elementor-widget-image\" data-id=\"15f0cc9\" data-element_type=\"widget\" data-widget_type=\"image.default\">\n\t\t\t\t<div class=\"elementor-widget-container\">\n\t\t\t\t\t\t\t\t\t\t\t\t\t\t<a href=\"https:\/\/juliasmagazine.com.br\/?p=20013\">\n\t\t\t\t\t\t\t<img loading=\"lazy\" decoding=\"async\" width=\"1600\" height=\"800\" src=\"https:\/\/juliasmagazine.com.br\/wp-content\/uploads\/2025\/10\/20013-zona-verde-da-cop30-sera-aberta-ao-publico-gratuitamente.jpg\" class=\"attachment-full size-full wp-image-20014\" alt=\"zona-verde-da-cop30-sera-aberta-ao-publico-gratuitamente\" srcset=\"https:\/\/juliasmagazine.com.br\/wp-content\/uploads\/2025\/10\/20013-zona-verde-da-cop30-sera-aberta-ao-publico-gratuitamente.jpg 1600w, https:\/\/juliasmagazine.com.br\/wp-content\/uploads\/2025\/10\/20013-zona-verde-da-cop30-sera-aberta-ao-publico-gratuitamente-300x150.jpg 300w, https:\/\/juliasmagazine.com.br\/wp-content\/uploads\/2025\/10\/20013-zona-verde-da-cop30-sera-aberta-ao-publico-gratuitamente-1024x512.jpg 1024w, https:\/\/juliasmagazine.com.br\/wp-content\/uploads\/2025\/10\/20013-zona-verde-da-cop30-sera-aberta-ao-publico-gratuitamente-768x384.jpg 768w, https:\/\/juliasmagazine.com.br\/wp-content\/uploads\/2025\/10\/20013-zona-verde-da-cop30-sera-aberta-ao-publico-gratuitamente-1536x768.jpg 1536w, https:\/\/juliasmagazine.com.br\/wp-content\/uploads\/2025\/10\/20013-zona-verde-da-cop30-sera-aberta-ao-publico-gratuitamente-260x130.jpg 260w, https:\/\/juliasmagazine.com.br\/wp-content\/uploads\/2025\/10\/20013-zona-verde-da-cop30-sera-aberta-ao-publico-gratuitamente-600x300.jpg 600w\" sizes=\"(max-width: 1600px) 100vw, 1600px\" \/>\t\t\t\t\t\t\t\t<\/a>\n\t\t\t\t\t\t\t\t\t\t\t\t\t<\/div>\n\t\t\t\t<\/div>\n\t\t\t\t\t<\/div>\n\t\t<\/div>\n\t\t\t\t<div class=\"elementor-column elementor-col-50 elementor-top-column elementor-element elementor-element-8ff4591\" data-id=\"8ff4591\" data-element_type=\"column\">\n\t\t\t<div class=\"elementor-widget-wrap elementor-element-populated\">\n\t\t\t\t\t\t<div class=\"elementor-element elementor-element-81b0a71 elementor-widget__width-auto elementor-widget elementor-widget-heading\" data-id=\"81b0a71\" data-element_type=\"widget\" data-widget_type=\"heading.default\">\n\t\t\t\t<div class=\"elementor-widget-container\">\n\t\t\t<p class=\"elementor-heading-title elementor-size-default\"><a href=\"https:\/\/juliasmagazine.com.br\/?p=20013\"><span>Meio Ambiente e Sustentabilidade<\/span><\/a><\/p>\t\t<\/div>\n\t\t\t\t<\/div>\n\t\t\t\t<div class=\"elementor-element elementor-element-272c0ff6 elementor-widget elementor-widget-heading\" data-id=\"272c0ff6\" data-element_type=\"widget\" data-widget_type=\"heading.default\">\n\t\t\t\t<div class=\"elementor-widget-container\">\n\t\t\t<p class=\"elementor-heading-title elementor-size-default\"><a href=\"https:\/\/juliasmagazine.com.br\/?p=20013\">Zona Verde da COP30 ser\u00e1 aberta ao p\u00fablico gratuitamente<\/a><\/p>\t\t<\/div>\n\t\t\t\t<\/div>\n\t\t\t\t<div class=\"elementor-element elementor-element-d0a2b7c elementor-widget elementor-widget-jet-listing-dynamic-field\" data-id=\"d0a2b7c\" data-element_type=\"widget\" data-widget_type=\"jet-listing-dynamic-field.default\">\n\t\t\t\t<div class=\"elementor-widget-container\">\n\t\t\t<div class=\"jet-listing jet-listing-dynamic-field display-inline\"><div class=\"jet-listing-dynamic-field__inline-wrap\"><div class=\"jet-listing-dynamic-field__content\">A COP30, Confer\u00eancia do Clima das Na\u00e7\u00f5es Unidas, vai reunir mais de 50 mil pessoas em novembro no Parque da Cidade, em Bel\u00e9m do Par\u00e1.\nO evento vai contar com um...<\/div><\/div><\/div>\t\t<\/div>\n\t\t\t\t<\/div>\n\t\t\t\t<div class=\"elementor-element elementor-element-61b1f4d0 elementor-widget elementor-widget-heading\" data-id=\"61b1f4d0\" data-element_type=\"widget\" data-widget_type=\"heading.default\">\n\t\t\t\t<div class=\"elementor-widget-container\">\n\t\t\t<p class=\"elementor-heading-title elementor-size-default\"><a href=\"https:\/\/juliasmagazine.com.br\/?p=20013\">28 de outubro de 2025<\/a><\/p>\t\t<\/div>\n\t\t\t\t<\/div>\n\t\t\t\t\t<\/div>\n\t\t<\/div>\n\t\t\t\t\t<\/div>\n\t\t<\/section>\n\t\t\t\t<\/div>\n\t\t\t\t<div data-elementor-type=\"loop-item\" data-elementor-id=\"42\" class=\"elementor elementor-42 e-loop-item e-loop-item-16685 post-16685 post type-post status-publish format-standard has-post-thumbnail hentry category-cultura-e-entretenimento\" data-elementor-post-type=\"elementor_library\" data-custom-edit-handle=\"1\">\n\t\t\t\t\t<section class=\"elementor-section elementor-top-section elementor-element elementor-element-5498ca1 elementor-section-boxed elementor-section-height-default elementor-section-height-default\" data-id=\"5498ca1\" data-element_type=\"section\">\n\t\t\t\t\t\t<div class=\"elementor-container elementor-column-gap-default\">\n\t\t\t\t\t<div class=\"elementor-column elementor-col-50 elementor-top-column elementor-element elementor-element-1d63a3c\" data-id=\"1d63a3c\" data-element_type=\"column\">\n\t\t\t<div class=\"elementor-widget-wrap elementor-element-populated\">\n\t\t\t\t\t\t<div class=\"elementor-element elementor-element-15f0cc9 elementor-widget elementor-widget-image\" data-id=\"15f0cc9\" data-element_type=\"widget\" data-widget_type=\"image.default\">\n\t\t\t\t<div class=\"elementor-widget-container\">\n\t\t\t\t\t\t\t\t\t\t\t\t\t\t<a href=\"https:\/\/juliasmagazine.com.br\/?p=16685\">\n\t\t\t\t\t\t\t<img loading=\"lazy\" decoding=\"async\" width=\"1600\" height=\"800\" src=\"https:\/\/juliasmagazine.com.br\/wp-content\/uploads\/2025\/09\/16685-zeze-motta-celebra-80-anos-com-primeiro-monologo.jpg\" class=\"attachment-full size-full wp-image-16686\" alt=\"zeze-motta-celebra-80-anos-com-primeiro-monologo\" srcset=\"https:\/\/juliasmagazine.com.br\/wp-content\/uploads\/2025\/09\/16685-zeze-motta-celebra-80-anos-com-primeiro-monologo.jpg 1600w, https:\/\/juliasmagazine.com.br\/wp-content\/uploads\/2025\/09\/16685-zeze-motta-celebra-80-anos-com-primeiro-monologo-300x150.jpg 300w, https:\/\/juliasmagazine.com.br\/wp-content\/uploads\/2025\/09\/16685-zeze-motta-celebra-80-anos-com-primeiro-monologo-1024x512.jpg 1024w, https:\/\/juliasmagazine.com.br\/wp-content\/uploads\/2025\/09\/16685-zeze-motta-celebra-80-anos-com-primeiro-monologo-768x384.jpg 768w, https:\/\/juliasmagazine.com.br\/wp-content\/uploads\/2025\/09\/16685-zeze-motta-celebra-80-anos-com-primeiro-monologo-1536x768.jpg 1536w, https:\/\/juliasmagazine.com.br\/wp-content\/uploads\/2025\/09\/16685-zeze-motta-celebra-80-anos-com-primeiro-monologo-260x130.jpg 260w, https:\/\/juliasmagazine.com.br\/wp-content\/uploads\/2025\/09\/16685-zeze-motta-celebra-80-anos-com-primeiro-monologo-600x300.jpg 600w\" sizes=\"(max-width: 1600px) 100vw, 1600px\" \/>\t\t\t\t\t\t\t\t<\/a>\n\t\t\t\t\t\t\t\t\t\t\t\t\t<\/div>\n\t\t\t\t<\/div>\n\t\t\t\t\t<\/div>\n\t\t<\/div>\n\t\t\t\t<div class=\"elementor-column elementor-col-50 elementor-top-column elementor-element elementor-element-8ff4591\" data-id=\"8ff4591\" data-element_type=\"column\">\n\t\t\t<div class=\"elementor-widget-wrap elementor-element-populated\">\n\t\t\t\t\t\t<div class=\"elementor-element elementor-element-81b0a71 elementor-widget__width-auto elementor-widget elementor-widget-heading\" data-id=\"81b0a71\" data-element_type=\"widget\" data-widget_type=\"heading.default\">\n\t\t\t\t<div class=\"elementor-widget-container\">\n\t\t\t<p class=\"elementor-heading-title elementor-size-default\"><a href=\"https:\/\/juliasmagazine.com.br\/?p=16685\"><span>Cultura e Entretenimento<\/span><\/a><\/p>\t\t<\/div>\n\t\t\t\t<\/div>\n\t\t\t\t<div class=\"elementor-element elementor-element-272c0ff6 elementor-widget elementor-widget-heading\" data-id=\"272c0ff6\" data-element_type=\"widget\" data-widget_type=\"heading.default\">\n\t\t\t\t<div class=\"elementor-widget-container\">\n\t\t\t<p class=\"elementor-heading-title elementor-size-default\"><a href=\"https:\/\/juliasmagazine.com.br\/?p=16685\">Zez\u00e9 Motta celebra 80 anos com primeiro mon\u00f3logo<\/a><\/p>\t\t<\/div>\n\t\t\t\t<\/div>\n\t\t\t\t<div class=\"elementor-element elementor-element-d0a2b7c elementor-widget elementor-widget-jet-listing-dynamic-field\" data-id=\"d0a2b7c\" data-element_type=\"widget\" data-widget_type=\"jet-listing-dynamic-field.default\">\n\t\t\t\t<div class=\"elementor-widget-container\">\n\t\t\t<div class=\"jet-listing jet-listing-dynamic-field display-inline\"><div class=\"jet-listing-dynamic-field__inline-wrap\"><div class=\"jet-listing-dynamic-field__content\">Uma das principais atrizes brasileiras celebra 80 anos se aventurando pela primeira vez em um mon\u00f3logo.\u00a0Zez\u00e9 Motta sobe ao palco para dar vida ao espet\u00e1culo Vou...<\/div><\/div><\/div>\t\t<\/div>\n\t\t\t\t<\/div>\n\t\t\t\t<div class=\"elementor-element elementor-element-61b1f4d0 elementor-widget elementor-widget-heading\" data-id=\"61b1f4d0\" data-element_type=\"widget\" data-widget_type=\"heading.default\">\n\t\t\t\t<div class=\"elementor-widget-container\">\n\t\t\t<p class=\"elementor-heading-title elementor-size-default\"><a href=\"https:\/\/juliasmagazine.com.br\/?p=16685\">15 de setembro de 2025<\/a><\/p>\t\t<\/div>\n\t\t\t\t<\/div>\n\t\t\t\t\t<\/div>\n\t\t<\/div>\n\t\t\t\t\t<\/div>\n\t\t<\/section>\n\t\t\t\t<\/div>\n\t\t\t\t<\/div>\n\t\t\n\t\t\t\t<\/div>\n\t\t\t\t<\/div>\n\t\t\t\t\t<\/div>\n\t\t<\/div>\n\t\t\t\t<div class=\"elementor-column elementor-col-50 elementor-top-column elementor-element elementor-element-6acba39\" data-id=\"6acba39\" data-element_type=\"column\">\n\t\t\t<div class=\"elementor-widget-wrap elementor-element-populated\">\n\t\t\t\t\t\t<div class=\"elementor-element elementor-element-aa0bd99 elementor-grid-1 elementor-grid-tablet-2 elementor-grid-mobile-1 elementor-widget elementor-widget-loop-grid\" data-id=\"aa0bd99\" data-element_type=\"widget\" data-settings=\"{&quot;template_id&quot;:&quot;47&quot;,&quot;columns&quot;:1,&quot;_skin&quot;:&quot;post&quot;,&quot;columns_tablet&quot;:&quot;2&quot;,&quot;columns_mobile&quot;:&quot;1&quot;,&quot;edit_handle_selector&quot;:&quot;[data-elementor-type=\\&quot;loop-item\\&quot;]&quot;,&quot;row_gap&quot;:{&quot;unit&quot;:&quot;px&quot;,&quot;size&quot;:&quot;&quot;,&quot;sizes&quot;:[]},&quot;row_gap_tablet&quot;:{&quot;unit&quot;:&quot;px&quot;,&quot;size&quot;:&quot;&quot;,&quot;sizes&quot;:[]},&quot;row_gap_mobile&quot;:{&quot;unit&quot;:&quot;px&quot;,&quot;size&quot;:&quot;&quot;,&quot;sizes&quot;:[]}}\" data-widget_type=\"loop-grid.post\">\n\t\t\t\t<div class=\"elementor-widget-container\">\n\t\t\t\t\t<div class=\"elementor-loop-container elementor-grid\">\n\t\t\t\t<div data-elementor-type=\"loop-item\" data-elementor-id=\"47\" class=\"elementor elementor-47 e-loop-item e-loop-item-16185 post-16185 post type-post status-publish format-standard has-post-thumbnail hentry category-seguranca-e-justica\" data-elementor-post-type=\"elementor_library\" data-custom-edit-handle=\"1\">\n\t\t\t\t\t<section class=\"elementor-section elementor-top-section elementor-element elementor-element-de80bf8 elementor-section-boxed elementor-section-height-default elementor-section-height-default\" data-id=\"de80bf8\" data-element_type=\"section\">\n\t\t\t\t\t\t<div class=\"elementor-container elementor-column-gap-default\">\n\t\t\t\t\t<div class=\"elementor-column elementor-col-50 elementor-top-column elementor-element elementor-element-9e413ee\" data-id=\"9e413ee\" data-element_type=\"column\">\n\t\t\t<div class=\"elementor-widget-wrap elementor-element-populated\">\n\t\t\t\t\t\t<div class=\"elementor-element elementor-element-12f73fe6 elementor-widget elementor-widget-heading\" data-id=\"12f73fe6\" data-element_type=\"widget\" data-widget_type=\"heading.default\">\n\t\t\t\t<div class=\"elementor-widget-container\">\n\t\t\t<p class=\"elementor-heading-title elementor-size-default\"><a href=\"https:\/\/juliasmagazine.com.br\/?p=16185\">Justi\u00e7a mant\u00e9m Flamengo como respons\u00e1vel por caso do Ninho do Urubu<\/a><\/p>\t\t<\/div>\n\t\t\t\t<\/div>\n\t\t\t\t\t<\/div>\n\t\t<\/div>\n\t\t\t\t<div class=\"elementor-column elementor-col-50 elementor-top-column elementor-element elementor-element-fb8c7ab\" data-id=\"fb8c7ab\" data-element_type=\"column\">\n\t\t\t<div class=\"elementor-widget-wrap elementor-element-populated\">\n\t\t\t\t\t\t<div class=\"elementor-element elementor-element-ab42846 elementor-widget elementor-widget-image\" data-id=\"ab42846\" data-element_type=\"widget\" data-widget_type=\"image.default\">\n\t\t\t\t<div class=\"elementor-widget-container\">\n\t\t\t\t\t\t\t\t\t\t\t\t\t\t<a href=\"https:\/\/juliasmagazine.com.br\/?p=16185\">\n\t\t\t\t\t\t\t<img loading=\"lazy\" decoding=\"async\" width=\"1600\" height=\"800\" src=\"https:\/\/juliasmagazine.com.br\/wp-content\/uploads\/2025\/09\/16185-justica-mantem-flamengo-como-responsavel-por-caso-do-ninho-do-urubu.jpg\" class=\"attachment-full size-full wp-image-16186\" alt=\"justica-mantem-flamengo-como-responsavel-por-caso-do-ninho-do-urubu\" srcset=\"https:\/\/juliasmagazine.com.br\/wp-content\/uploads\/2025\/09\/16185-justica-mantem-flamengo-como-responsavel-por-caso-do-ninho-do-urubu.jpg 1600w, https:\/\/juliasmagazine.com.br\/wp-content\/uploads\/2025\/09\/16185-justica-mantem-flamengo-como-responsavel-por-caso-do-ninho-do-urubu-300x150.jpg 300w, https:\/\/juliasmagazine.com.br\/wp-content\/uploads\/2025\/09\/16185-justica-mantem-flamengo-como-responsavel-por-caso-do-ninho-do-urubu-1024x512.jpg 1024w, https:\/\/juliasmagazine.com.br\/wp-content\/uploads\/2025\/09\/16185-justica-mantem-flamengo-como-responsavel-por-caso-do-ninho-do-urubu-768x384.jpg 768w, https:\/\/juliasmagazine.com.br\/wp-content\/uploads\/2025\/09\/16185-justica-mantem-flamengo-como-responsavel-por-caso-do-ninho-do-urubu-1536x768.jpg 1536w, https:\/\/juliasmagazine.com.br\/wp-content\/uploads\/2025\/09\/16185-justica-mantem-flamengo-como-responsavel-por-caso-do-ninho-do-urubu-260x130.jpg 260w, https:\/\/juliasmagazine.com.br\/wp-content\/uploads\/2025\/09\/16185-justica-mantem-flamengo-como-responsavel-por-caso-do-ninho-do-urubu-600x300.jpg 600w\" sizes=\"(max-width: 1600px) 100vw, 1600px\" \/>\t\t\t\t\t\t\t\t<\/a>\n\t\t\t\t\t\t\t\t\t\t\t\t\t<\/div>\n\t\t\t\t<\/div>\n\t\t\t\t\t<\/div>\n\t\t<\/div>\n\t\t\t\t\t<\/div>\n\t\t<\/section>\n\t\t\t\t<\/div>\n\t\t\t\t<div data-elementor-type=\"loop-item\" data-elementor-id=\"47\" class=\"elementor elementor-47 e-loop-item e-loop-item-7357 post-7357 post type-post status-publish format-standard has-post-thumbnail hentry category-educacao-e-carreiras\" data-elementor-post-type=\"elementor_library\" data-custom-edit-handle=\"1\">\n\t\t\t\t\t<section class=\"elementor-section elementor-top-section elementor-element elementor-element-de80bf8 elementor-section-boxed elementor-section-height-default elementor-section-height-default\" data-id=\"de80bf8\" data-element_type=\"section\">\n\t\t\t\t\t\t<div class=\"elementor-container elementor-column-gap-default\">\n\t\t\t\t\t<div class=\"elementor-column elementor-col-50 elementor-top-column elementor-element elementor-element-9e413ee\" data-id=\"9e413ee\" data-element_type=\"column\">\n\t\t\t<div class=\"elementor-widget-wrap elementor-element-populated\">\n\t\t\t\t\t\t<div class=\"elementor-element elementor-element-12f73fe6 elementor-widget elementor-widget-heading\" data-id=\"12f73fe6\" data-element_type=\"widget\" data-widget_type=\"heading.default\">\n\t\t\t\t<div class=\"elementor-widget-container\">\n\t\t\t<p class=\"elementor-heading-title elementor-size-default\"><a href=\"https:\/\/juliasmagazine.com.br\/?p=7357\">Enem 2025: saiba a documenta\u00e7\u00e3o aceita para justificar aus\u00eancia<\/a><\/p>\t\t<\/div>\n\t\t\t\t<\/div>\n\t\t\t\t\t<\/div>\n\t\t<\/div>\n\t\t\t\t<div class=\"elementor-column elementor-col-50 elementor-top-column elementor-element elementor-element-fb8c7ab\" data-id=\"fb8c7ab\" data-element_type=\"column\">\n\t\t\t<div class=\"elementor-widget-wrap elementor-element-populated\">\n\t\t\t\t\t\t<div class=\"elementor-element elementor-element-ab42846 elementor-widget elementor-widget-image\" data-id=\"ab42846\" data-element_type=\"widget\" data-widget_type=\"image.default\">\n\t\t\t\t<div class=\"elementor-widget-container\">\n\t\t\t\t\t\t\t\t\t\t\t\t\t\t<a href=\"https:\/\/juliasmagazine.com.br\/?p=7357\">\n\t\t\t\t\t\t\t<img loading=\"lazy\" decoding=\"async\" width=\"1600\" height=\"800\" src=\"https:\/\/juliasmagazine.com.br\/wp-content\/uploads\/2025\/05\/7357-enem-2025-saiba-a-documentacao-aceita-para-justificar-ausencia.jpg\" class=\"attachment-full size-full wp-image-7358\" alt=\"enem-2025:-saiba-a-documentacao-aceita-para-justificar-ausencia\" srcset=\"https:\/\/juliasmagazine.com.br\/wp-content\/uploads\/2025\/05\/7357-enem-2025-saiba-a-documentacao-aceita-para-justificar-ausencia.jpg 1600w, https:\/\/juliasmagazine.com.br\/wp-content\/uploads\/2025\/05\/7357-enem-2025-saiba-a-documentacao-aceita-para-justificar-ausencia-300x150.jpg 300w, https:\/\/juliasmagazine.com.br\/wp-content\/uploads\/2025\/05\/7357-enem-2025-saiba-a-documentacao-aceita-para-justificar-ausencia-1024x512.jpg 1024w, https:\/\/juliasmagazine.com.br\/wp-content\/uploads\/2025\/05\/7357-enem-2025-saiba-a-documentacao-aceita-para-justificar-ausencia-768x384.jpg 768w, https:\/\/juliasmagazine.com.br\/wp-content\/uploads\/2025\/05\/7357-enem-2025-saiba-a-documentacao-aceita-para-justificar-ausencia-1536x768.jpg 1536w, https:\/\/juliasmagazine.com.br\/wp-content\/uploads\/2025\/05\/7357-enem-2025-saiba-a-documentacao-aceita-para-justificar-ausencia-260x130.jpg 260w, https:\/\/juliasmagazine.com.br\/wp-content\/uploads\/2025\/05\/7357-enem-2025-saiba-a-documentacao-aceita-para-justificar-ausencia-600x300.jpg 600w\" sizes=\"(max-width: 1600px) 100vw, 1600px\" \/>\t\t\t\t\t\t\t\t<\/a>\n\t\t\t\t\t\t\t\t\t\t\t\t\t<\/div>\n\t\t\t\t<\/div>\n\t\t\t\t\t<\/div>\n\t\t<\/div>\n\t\t\t\t\t<\/div>\n\t\t<\/section>\n\t\t\t\t<\/div>\n\t\t\t\t<div data-elementor-type=\"loop-item\" data-elementor-id=\"47\" class=\"elementor elementor-47 e-loop-item e-loop-item-20115 post-20115 post type-post status-publish format-standard has-post-thumbnail hentry category-sem-categoria\" data-elementor-post-type=\"elementor_library\" data-custom-edit-handle=\"1\">\n\t\t\t\t\t<section class=\"elementor-section elementor-top-section elementor-element elementor-element-de80bf8 elementor-section-boxed elementor-section-height-default elementor-section-height-default\" data-id=\"de80bf8\" data-element_type=\"section\">\n\t\t\t\t\t\t<div class=\"elementor-container elementor-column-gap-default\">\n\t\t\t\t\t<div class=\"elementor-column elementor-col-50 elementor-top-column elementor-element elementor-element-9e413ee\" data-id=\"9e413ee\" data-element_type=\"column\">\n\t\t\t<div class=\"elementor-widget-wrap elementor-element-populated\">\n\t\t\t\t\t\t<div class=\"elementor-element elementor-element-12f73fe6 elementor-widget elementor-widget-heading\" data-id=\"12f73fe6\" data-element_type=\"widget\" data-widget_type=\"heading.default\">\n\t\t\t\t<div class=\"elementor-widget-container\">\n\t\t\t<p class=\"elementor-heading-title elementor-size-default\"><a href=\"https:\/\/juliasmagazine.com.br\/?p=20115\">&#8220;Entrei na esta\u00e7\u00e3o para fugir dos tiros&#8221;, conta moradora do Rio<\/a><\/p>\t\t<\/div>\n\t\t\t\t<\/div>\n\t\t\t\t\t<\/div>\n\t\t<\/div>\n\t\t\t\t<div class=\"elementor-column elementor-col-50 elementor-top-column elementor-element elementor-element-fb8c7ab\" data-id=\"fb8c7ab\" data-element_type=\"column\">\n\t\t\t<div class=\"elementor-widget-wrap elementor-element-populated\">\n\t\t\t\t\t\t<div class=\"elementor-element elementor-element-ab42846 elementor-widget elementor-widget-image\" data-id=\"ab42846\" data-element_type=\"widget\" data-widget_type=\"image.default\">\n\t\t\t\t<div class=\"elementor-widget-container\">\n\t\t\t\t\t\t\t\t\t\t\t\t\t\t<a href=\"https:\/\/juliasmagazine.com.br\/?p=20115\">\n\t\t\t\t\t\t\t<img loading=\"lazy\" decoding=\"async\" width=\"1600\" height=\"800\" src=\"https:\/\/juliasmagazine.com.br\/wp-content\/uploads\/2025\/10\/20115-entrei-na-estacao-para-fugir-dos-tiros-conta-moradora-do-rio.jpg\" class=\"attachment-full size-full wp-image-20116\" alt=\"\u201centrei-na-estacao-para-fugir-dos-tiros\u201d,-conta-moradora-do-rio\" srcset=\"https:\/\/juliasmagazine.com.br\/wp-content\/uploads\/2025\/10\/20115-entrei-na-estacao-para-fugir-dos-tiros-conta-moradora-do-rio.jpg 1600w, https:\/\/juliasmagazine.com.br\/wp-content\/uploads\/2025\/10\/20115-entrei-na-estacao-para-fugir-dos-tiros-conta-moradora-do-rio-300x150.jpg 300w, https:\/\/juliasmagazine.com.br\/wp-content\/uploads\/2025\/10\/20115-entrei-na-estacao-para-fugir-dos-tiros-conta-moradora-do-rio-1024x512.jpg 1024w, https:\/\/juliasmagazine.com.br\/wp-content\/uploads\/2025\/10\/20115-entrei-na-estacao-para-fugir-dos-tiros-conta-moradora-do-rio-768x384.jpg 768w, https:\/\/juliasmagazine.com.br\/wp-content\/uploads\/2025\/10\/20115-entrei-na-estacao-para-fugir-dos-tiros-conta-moradora-do-rio-1536x768.jpg 1536w, https:\/\/juliasmagazine.com.br\/wp-content\/uploads\/2025\/10\/20115-entrei-na-estacao-para-fugir-dos-tiros-conta-moradora-do-rio-260x130.jpg 260w, https:\/\/juliasmagazine.com.br\/wp-content\/uploads\/2025\/10\/20115-entrei-na-estacao-para-fugir-dos-tiros-conta-moradora-do-rio-600x300.jpg 600w\" sizes=\"(max-width: 1600px) 100vw, 1600px\" \/>\t\t\t\t\t\t\t\t<\/a>\n\t\t\t\t\t\t\t\t\t\t\t\t\t<\/div>\n\t\t\t\t<\/div>\n\t\t\t\t\t<\/div>\n\t\t<\/div>\n\t\t\t\t\t<\/div>\n\t\t<\/section>\n\t\t\t\t<\/div>\n\t\t\t\t<div data-elementor-type=\"loop-item\" data-elementor-id=\"47\" class=\"elementor elementor-47 e-loop-item e-loop-item-34809 post-34809 post type-post status-publish format-standard has-post-thumbnail hentry category-esportes\" data-elementor-post-type=\"elementor_library\" data-custom-edit-handle=\"1\">\n\t\t\t\t\t<section class=\"elementor-section elementor-top-section elementor-element elementor-element-de80bf8 elementor-section-boxed elementor-section-height-default elementor-section-height-default\" data-id=\"de80bf8\" data-element_type=\"section\">\n\t\t\t\t\t\t<div class=\"elementor-container elementor-column-gap-default\">\n\t\t\t\t\t<div class=\"elementor-column elementor-col-50 elementor-top-column elementor-element elementor-element-9e413ee\" data-id=\"9e413ee\" data-element_type=\"column\">\n\t\t\t<div class=\"elementor-widget-wrap elementor-element-populated\">\n\t\t\t\t\t\t<div class=\"elementor-element elementor-element-12f73fe6 elementor-widget elementor-widget-heading\" data-id=\"12f73fe6\" data-element_type=\"widget\" data-widget_type=\"heading.default\">\n\t\t\t\t<div class=\"elementor-widget-container\">\n\t\t\t<p class=\"elementor-heading-title elementor-size-default\"><a href=\"https:\/\/juliasmagazine.com.br\/?p=34809\">Espanha leva juventude e Argentina aposta em Messi na decis\u00e3o da Copa<\/a><\/p>\t\t<\/div>\n\t\t\t\t<\/div>\n\t\t\t\t\t<\/div>\n\t\t<\/div>\n\t\t\t\t<div class=\"elementor-column elementor-col-50 elementor-top-column elementor-element elementor-element-fb8c7ab\" data-id=\"fb8c7ab\" data-element_type=\"column\">\n\t\t\t<div class=\"elementor-widget-wrap elementor-element-populated\">\n\t\t\t\t\t\t<div class=\"elementor-element elementor-element-ab42846 elementor-widget elementor-widget-image\" data-id=\"ab42846\" data-element_type=\"widget\" data-widget_type=\"image.default\">\n\t\t\t\t<div class=\"elementor-widget-container\">\n\t\t\t\t\t\t\t\t\t\t\t\t\t\t<a href=\"https:\/\/juliasmagazine.com.br\/?p=34809\">\n\t\t\t\t\t\t\t<img loading=\"lazy\" decoding=\"async\" width=\"1600\" height=\"800\" src=\"https:\/\/juliasmagazine.com.br\/wp-content\/uploads\/2026\/07\/34809-espanha-leva-juventude-e-argentina-aposta-em-messi-na-decisao-da-copa.jpg\" class=\"attachment-full size-full wp-image-34810\" alt=\"espanha-leva-juventude-e-argentina-aposta-em-messi-na-decisao-da-copa\" srcset=\"https:\/\/juliasmagazine.com.br\/wp-content\/uploads\/2026\/07\/34809-espanha-leva-juventude-e-argentina-aposta-em-messi-na-decisao-da-copa.jpg 1600w, https:\/\/juliasmagazine.com.br\/wp-content\/uploads\/2026\/07\/34809-espanha-leva-juventude-e-argentina-aposta-em-messi-na-decisao-da-copa-300x150.jpg 300w, https:\/\/juliasmagazine.com.br\/wp-content\/uploads\/2026\/07\/34809-espanha-leva-juventude-e-argentina-aposta-em-messi-na-decisao-da-copa-1024x512.jpg 1024w, https:\/\/juliasmagazine.com.br\/wp-content\/uploads\/2026\/07\/34809-espanha-leva-juventude-e-argentina-aposta-em-messi-na-decisao-da-copa-768x384.jpg 768w, https:\/\/juliasmagazine.com.br\/wp-content\/uploads\/2026\/07\/34809-espanha-leva-juventude-e-argentina-aposta-em-messi-na-decisao-da-copa-1536x768.jpg 1536w, https:\/\/juliasmagazine.com.br\/wp-content\/uploads\/2026\/07\/34809-espanha-leva-juventude-e-argentina-aposta-em-messi-na-decisao-da-copa-260x130.jpg 260w, https:\/\/juliasmagazine.com.br\/wp-content\/uploads\/2026\/07\/34809-espanha-leva-juventude-e-argentina-aposta-em-messi-na-decisao-da-copa-600x300.jpg 600w\" sizes=\"(max-width: 1600px) 100vw, 1600px\" \/>\t\t\t\t\t\t\t\t<\/a>\n\t\t\t\t\t\t\t\t\t\t\t\t\t<\/div>\n\t\t\t\t<\/div>\n\t\t\t\t\t<\/div>\n\t\t<\/div>\n\t\t\t\t\t<\/div>\n\t\t<\/section>\n\t\t\t\t<\/div>\n\t\t\t\t<div data-elementor-type=\"loop-item\" data-elementor-id=\"47\" class=\"elementor elementor-47 e-loop-item e-loop-item-33827 post-33827 post type-post status-publish format-standard has-post-thumbnail hentry category-sem-categoria\" data-elementor-post-type=\"elementor_library\" data-custom-edit-handle=\"1\">\n\t\t\t\t\t<section class=\"elementor-section elementor-top-section elementor-element elementor-element-de80bf8 elementor-section-boxed elementor-section-height-default elementor-section-height-default\" data-id=\"de80bf8\" data-element_type=\"section\">\n\t\t\t\t\t\t<div class=\"elementor-container elementor-column-gap-default\">\n\t\t\t\t\t<div class=\"elementor-column elementor-col-50 elementor-top-column elementor-element elementor-element-9e413ee\" data-id=\"9e413ee\" data-element_type=\"column\">\n\t\t\t<div class=\"elementor-widget-wrap elementor-element-populated\">\n\t\t\t\t\t\t<div class=\"elementor-element elementor-element-12f73fe6 elementor-widget elementor-widget-heading\" data-id=\"12f73fe6\" data-element_type=\"widget\" data-widget_type=\"heading.default\">\n\t\t\t\t<div class=\"elementor-widget-container\">\n\t\t\t<p class=\"elementor-heading-title elementor-size-default\"><a href=\"https:\/\/juliasmagazine.com.br\/?p=33827\">PF deflagra 5\u00aa fase de opera\u00e7\u00e3o que investiga lavagem de dinheiro<\/a><\/p>\t\t<\/div>\n\t\t\t\t<\/div>\n\t\t\t\t\t<\/div>\n\t\t<\/div>\n\t\t\t\t<div class=\"elementor-column elementor-col-50 elementor-top-column elementor-element elementor-element-fb8c7ab\" data-id=\"fb8c7ab\" data-element_type=\"column\">\n\t\t\t<div class=\"elementor-widget-wrap elementor-element-populated\">\n\t\t\t\t\t\t<div class=\"elementor-element elementor-element-ab42846 elementor-widget elementor-widget-image\" data-id=\"ab42846\" data-element_type=\"widget\" data-widget_type=\"image.default\">\n\t\t\t\t<div class=\"elementor-widget-container\">\n\t\t\t\t\t\t\t\t\t\t\t\t\t\t<a href=\"https:\/\/juliasmagazine.com.br\/?p=33827\">\n\t\t\t\t\t\t\t<img loading=\"lazy\" decoding=\"async\" width=\"1600\" height=\"800\" src=\"https:\/\/juliasmagazine.com.br\/wp-content\/uploads\/2026\/07\/33827-pf-deflagra-5a-fase-de-operacao-que-investiga-lavagem-de-dinheiro.jpeg\" class=\"attachment-full size-full wp-image-33828\" alt=\"pf-deflagra-5a-fase-de-operacao-que-investiga-lavagem-de-dinheiro\" srcset=\"https:\/\/juliasmagazine.com.br\/wp-content\/uploads\/2026\/07\/33827-pf-deflagra-5a-fase-de-operacao-que-investiga-lavagem-de-dinheiro.jpeg 1600w, https:\/\/juliasmagazine.com.br\/wp-content\/uploads\/2026\/07\/33827-pf-deflagra-5a-fase-de-operacao-que-investiga-lavagem-de-dinheiro-300x150.jpeg 300w, https:\/\/juliasmagazine.com.br\/wp-content\/uploads\/2026\/07\/33827-pf-deflagra-5a-fase-de-operacao-que-investiga-lavagem-de-dinheiro-1024x512.jpeg 1024w, https:\/\/juliasmagazine.com.br\/wp-content\/uploads\/2026\/07\/33827-pf-deflagra-5a-fase-de-operacao-que-investiga-lavagem-de-dinheiro-768x384.jpeg 768w, https:\/\/juliasmagazine.com.br\/wp-content\/uploads\/2026\/07\/33827-pf-deflagra-5a-fase-de-operacao-que-investiga-lavagem-de-dinheiro-1536x768.jpeg 1536w, https:\/\/juliasmagazine.com.br\/wp-content\/uploads\/2026\/07\/33827-pf-deflagra-5a-fase-de-operacao-que-investiga-lavagem-de-dinheiro-260x130.jpeg 260w, https:\/\/juliasmagazine.com.br\/wp-content\/uploads\/2026\/07\/33827-pf-deflagra-5a-fase-de-operacao-que-investiga-lavagem-de-dinheiro-600x300.jpeg 600w\" sizes=\"(max-width: 1600px) 100vw, 1600px\" \/>\t\t\t\t\t\t\t\t<\/a>\n\t\t\t\t\t\t\t\t\t\t\t\t\t<\/div>\n\t\t\t\t<\/div>\n\t\t\t\t\t<\/div>\n\t\t<\/div>\n\t\t\t\t\t<\/div>\n\t\t<\/section>\n\t\t\t\t<\/div>\n\t\t\t\t<div data-elementor-type=\"loop-item\" data-elementor-id=\"47\" class=\"elementor elementor-47 e-loop-item e-loop-item-25844 post-25844 post type-post status-publish format-standard has-post-thumbnail hentry category-sem-categoria\" data-elementor-post-type=\"elementor_library\" data-custom-edit-handle=\"1\">\n\t\t\t\t\t<section class=\"elementor-section elementor-top-section elementor-element elementor-element-de80bf8 elementor-section-boxed elementor-section-height-default elementor-section-height-default\" data-id=\"de80bf8\" data-element_type=\"section\">\n\t\t\t\t\t\t<div class=\"elementor-container elementor-column-gap-default\">\n\t\t\t\t\t<div class=\"elementor-column elementor-col-50 elementor-top-column elementor-element elementor-element-9e413ee\" data-id=\"9e413ee\" data-element_type=\"column\">\n\t\t\t<div class=\"elementor-widget-wrap elementor-element-populated\">\n\t\t\t\t\t\t<div class=\"elementor-element elementor-element-12f73fe6 elementor-widget elementor-widget-heading\" data-id=\"12f73fe6\" data-element_type=\"widget\" data-widget_type=\"heading.default\">\n\t\t\t\t<div class=\"elementor-widget-container\">\n\t\t\t<p class=\"elementor-heading-title elementor-size-default\"><a href=\"https:\/\/juliasmagazine.com.br\/?p=25844\">Mega-Sena acumula para R$ 50 milh\u00f5es; sorteio ser\u00e1 na ter\u00e7a (20)<\/a><\/p>\t\t<\/div>\n\t\t\t\t<\/div>\n\t\t\t\t\t<\/div>\n\t\t<\/div>\n\t\t\t\t<div class=\"elementor-column elementor-col-50 elementor-top-column elementor-element elementor-element-fb8c7ab\" data-id=\"fb8c7ab\" data-element_type=\"column\">\n\t\t\t<div class=\"elementor-widget-wrap elementor-element-populated\">\n\t\t\t\t\t\t<div class=\"elementor-element elementor-element-ab42846 elementor-widget elementor-widget-image\" data-id=\"ab42846\" data-element_type=\"widget\" data-widget_type=\"image.default\">\n\t\t\t\t<div class=\"elementor-widget-container\">\n\t\t\t\t\t\t\t\t\t\t\t\t\t\t<a href=\"https:\/\/juliasmagazine.com.br\/?p=25844\">\n\t\t\t\t\t\t\t<img loading=\"lazy\" decoding=\"async\" width=\"1600\" height=\"800\" src=\"https:\/\/juliasmagazine.com.br\/wp-content\/uploads\/2026\/01\/25844-mega-sena-acumula-para-r-50-milhoes-sorteio-sera-na-terca-20.jpg\" class=\"attachment-full size-full wp-image-25845\" alt=\"mega-sena-acumula-para-r$-50-milhoes;-sorteio-sera-na-terca-(20)\" srcset=\"https:\/\/juliasmagazine.com.br\/wp-content\/uploads\/2026\/01\/25844-mega-sena-acumula-para-r-50-milhoes-sorteio-sera-na-terca-20.jpg 1600w, https:\/\/juliasmagazine.com.br\/wp-content\/uploads\/2026\/01\/25844-mega-sena-acumula-para-r-50-milhoes-sorteio-sera-na-terca-20-300x150.jpg 300w, https:\/\/juliasmagazine.com.br\/wp-content\/uploads\/2026\/01\/25844-mega-sena-acumula-para-r-50-milhoes-sorteio-sera-na-terca-20-1024x512.jpg 1024w, https:\/\/juliasmagazine.com.br\/wp-content\/uploads\/2026\/01\/25844-mega-sena-acumula-para-r-50-milhoes-sorteio-sera-na-terca-20-768x384.jpg 768w, https:\/\/juliasmagazine.com.br\/wp-content\/uploads\/2026\/01\/25844-mega-sena-acumula-para-r-50-milhoes-sorteio-sera-na-terca-20-1536x768.jpg 1536w, https:\/\/juliasmagazine.com.br\/wp-content\/uploads\/2026\/01\/25844-mega-sena-acumula-para-r-50-milhoes-sorteio-sera-na-terca-20-260x130.jpg 260w, https:\/\/juliasmagazine.com.br\/wp-content\/uploads\/2026\/01\/25844-mega-sena-acumula-para-r-50-milhoes-sorteio-sera-na-terca-20-600x300.jpg 600w\" sizes=\"(max-width: 1600px) 100vw, 1600px\" \/>\t\t\t\t\t\t\t\t<\/a>\n\t\t\t\t\t\t\t\t\t\t\t\t\t<\/div>\n\t\t\t\t<\/div>\n\t\t\t\t\t<\/div>\n\t\t<\/div>\n\t\t\t\t\t<\/div>\n\t\t<\/section>\n\t\t\t\t<\/div>\n\t\t\t\t<\/div>\n\t\t\n\t\t\t\t<\/div>\n\t\t\t\t<\/div>\n\t\t\t\t\t<\/div>\n\t\t<\/div>\n\t\t\t\t\t<\/div>\n\t\t<\/section>\n\t\t\t\t<\/div>\n\t\t","protected":false},"excerpt":{"rendered":"<p>As principais not\u00edcias est\u00e3o Aqui. No&nbsp;Julias&nbsp;Magazine! &#8220;,&#8221;nextArrow&#8221;:&#8221;&#8220;,&#8221;autoplay&#8221;:false,&#8221;autoplaySpeed&#8221;:5000,&#8221;rtl&#8221;:false}&#8217; dir=&#8221;ltr&#8221;> \u00daltimas Not\u00edcias 10 de fevereiro de 2025 Relat\u00f3rio de Transpar\u00eancia Salarial deve ser entregue at\u00e9 o dia 28 As empresas com 100 ou mais empregados t\u00eam at\u00e9 o&#8230; \u00daltimas Not\u00edcias 10 de fevereiro de 2025 S\u00e3o Paulo ter\u00e1 semana de calor intenso e com risco de temporais [&hellip;]<\/p>\n","protected":false},"author":1,"featured_media":0,"parent":0,"menu_order":0,"comment_status":"closed","ping_status":"closed","template":"elementor_header_footer","meta":{"site-sidebar-layout":"no-sidebar","site-content-layout":"page-builder","ast-site-content-layout":"full-width-container","site-content-style":"unboxed","site-sidebar-style":"unboxed","ast-global-header-display":"","ast-banner-title-visibility":"","ast-main-header-display":"","ast-hfb-above-header-display":"","ast-hfb-below-header-display":"","ast-hfb-mobile-header-display":"","site-post-title":"disabled","ast-breadcrumbs-content":"","ast-featured-img":"disabled","footer-sml-layout":"","theme-transparent-header-meta":"","adv-header-id-meta":"","stick-header-meta":"","header-above-stick-meta":"","header-main-stick-meta":"","header-below-stick-meta":"","astra-migrate-meta-layouts":"set","ast-page-background-enabled":"default","ast-page-background-meta":{"desktop":{"background-color":"var(--ast-global-color-4)","background-image":"","background-repeat":"repeat","background-position":"center center","background-size":"auto","background-attachment":"scroll","background-type":"","background-media":"","overlay-type":"","overlay-color":"","overlay-opacity":"","overlay-gradient":""},"tablet":{"background-color":"","background-image":"","background-repeat":"repeat","background-position":"center center","background-size":"auto","background-attachment":"scroll","background-type":"","background-media":"","overlay-type":"","overlay-color":"","overlay-opacity":"","overlay-gradient":""},"mobile":{"background-color":"","background-image":"","background-repeat":"repeat","background-position":"center center","background-size":"auto","background-attachment":"scroll","background-type":"","background-media":"","overlay-type":"","overlay-color":"","overlay-opacity":"","overlay-gradient":""}},"ast-content-background-meta":{"desktop":{"background-color":"var(--ast-global-color-5)","background-image":"","background-repeat":"repeat","background-position":"center center","background-size":"auto","background-attachment":"scroll","background-type":"","background-media":"","overlay-type":"","overlay-color":"","overlay-opacity":"","overlay-gradient":""},"tablet":{"background-color":"var(--ast-global-color-5)","background-image":"","background-repeat":"repeat","background-position":"center center","background-size":"auto","background-attachment":"scroll","background-type":"","background-media":"","overlay-type":"","overlay-color":"","overlay-opacity":"","overlay-gradient":""},"mobile":{"background-color":"var(--ast-global-color-5)","background-image":"","background-repeat":"repeat","background-position":"center center","background-size":"auto","background-attachment":"scroll","background-type":"","background-media":"","overlay-type":"","overlay-color":"","overlay-opacity":"","overlay-gradient":""}},"footnotes":""},"class_list":["post-37","page","type-page","status-publish","hentry"],"yoast_head":"<!-- This site is optimized with the Yoast SEO plugin v24.1 - https:\/\/yoast.com\/wordpress\/plugins\/seo\/ -->\n<title>Home - Julias Magazine<\/title>\n<meta name=\"robots\" content=\"index, follow, max-snippet:-1, max-image-preview:large, max-video-preview:-1\" \/>\n<link rel=\"canonical\" href=\"https:\/\/juliasmagazine.com.br\/\" \/>\n<meta property=\"og:locale\" content=\"pt_BR\" \/>\n<meta property=\"og:type\" content=\"article\" \/>\n<meta property=\"og:title\" content=\"Home - Julias Magazine\" \/>\n<meta property=\"og:description\" content=\"As principais not\u00edcias est\u00e3o Aqui. No&nbsp;Julias&nbsp;Magazine! &#8220;,&#8221;nextArrow&#8221;:&#8221;&#8220;,&#8221;autoplay&#8221;:false,&#8221;autoplaySpeed&#8221;:5000,&#8221;rtl&#8221;:false}&#8217; dir=&#8221;ltr&#8221;&gt; \u00daltimas Not\u00edcias 10 de fevereiro de 2025 Relat\u00f3rio de Transpar\u00eancia Salarial deve ser entregue at\u00e9 o dia 28 As empresas com 100 ou mais empregados t\u00eam at\u00e9 o&#8230; \u00daltimas Not\u00edcias 10 de fevereiro de 2025 S\u00e3o Paulo ter\u00e1 semana de calor intenso e com risco de temporais [&hellip;]\" \/>\n<meta property=\"og:url\" content=\"https:\/\/juliasmagazine.com.br\/\" \/>\n<meta property=\"og:site_name\" content=\"Julias Magazine\" \/>\n<meta property=\"article:modified_time\" content=\"2025-02-10T18:43:40+00:00\" \/>\n<meta property=\"og:image\" content=\"https:\/\/juliasmagazine.com.br\/wp-content\/uploads\/2025\/01\/BANNER-1-2024.png\" \/>\n\t<meta property=\"og:image:width\" content=\"1920\" \/>\n\t<meta property=\"og:image:height\" content=\"780\" \/>\n\t<meta property=\"og:image:type\" content=\"image\/png\" \/>\n<meta name=\"twitter:card\" content=\"summary_large_image\" \/>\n<meta name=\"twitter:label1\" content=\"Est. tempo de leitura\" \/>\n\t<meta name=\"twitter:data1\" content=\"18 minutos\" \/>\n<script type=\"application\/ld+json\" class=\"yoast-schema-graph\">{\"@context\":\"https:\/\/schema.org\",\"@graph\":[{\"@type\":\"WebPage\",\"@id\":\"https:\/\/juliasmagazine.com.br\/\",\"url\":\"https:\/\/juliasmagazine.com.br\/\",\"name\":\"Home - Julias Magazine\",\"isPartOf\":{\"@id\":\"https:\/\/juliasmagazine.com.br\/#website\"},\"primaryImageOfPage\":{\"@id\":\"https:\/\/juliasmagazine.com.br\/#primaryimage\"},\"image\":{\"@id\":\"https:\/\/juliasmagazine.com.br\/#primaryimage\"},\"thumbnailUrl\":\"https:\/\/juliasmagazine.com.br\/wp-content\/uploads\/2025\/01\/BANNER-1-2024-1024x416.png\",\"datePublished\":\"2023-02-08T15:05:10+00:00\",\"dateModified\":\"2025-02-10T18:43:40+00:00\",\"breadcrumb\":{\"@id\":\"https:\/\/juliasmagazine.com.br\/#breadcrumb\"},\"inLanguage\":\"pt-BR\",\"potentialAction\":[{\"@type\":\"ReadAction\",\"target\":[\"https:\/\/juliasmagazine.com.br\/\"]}]},{\"@type\":\"ImageObject\",\"inLanguage\":\"pt-BR\",\"@id\":\"https:\/\/juliasmagazine.com.br\/#primaryimage\",\"url\":\"https:\/\/juliasmagazine.com.br\/wp-content\/uploads\/2025\/01\/BANNER-1-2024.png\",\"contentUrl\":\"https:\/\/juliasmagazine.com.br\/wp-content\/uploads\/2025\/01\/BANNER-1-2024.png\",\"width\":1920,\"height\":780},{\"@type\":\"BreadcrumbList\",\"@id\":\"https:\/\/juliasmagazine.com.br\/#breadcrumb\",\"itemListElement\":[{\"@type\":\"ListItem\",\"position\":1,\"name\":\"In\u00edcio\",\"item\":\"https:\/\/juliasmagazine.com.br\/\"},{\"@type\":\"ListItem\",\"position\":2,\"name\":\"Home\"}]},{\"@type\":\"WebSite\",\"@id\":\"https:\/\/juliasmagazine.com.br\/#website\",\"url\":\"https:\/\/juliasmagazine.com.br\/\",\"name\":\"Julias Magazine\",\"description\":\"A Sua revista eletr\u00f4nica de moda,politica ,viagens ,cultura ,gastronomia e finan\u00e7as. .\",\"publisher\":{\"@id\":\"https:\/\/juliasmagazine.com.br\/#organization\"},\"potentialAction\":[{\"@type\":\"SearchAction\",\"target\":{\"@type\":\"EntryPoint\",\"urlTemplate\":\"https:\/\/juliasmagazine.com.br\/?s={search_term_string}\"},\"query-input\":{\"@type\":\"PropertyValueSpecification\",\"valueRequired\":true,\"valueName\":\"search_term_string\"}}],\"inLanguage\":\"pt-BR\"},{\"@type\":\"Organization\",\"@id\":\"https:\/\/juliasmagazine.com.br\/#organization\",\"name\":\"Julias Magazine\",\"url\":\"https:\/\/juliasmagazine.com.br\/\",\"logo\":{\"@type\":\"ImageObject\",\"inLanguage\":\"pt-BR\",\"@id\":\"https:\/\/juliasmagazine.com.br\/#\/schema\/logo\/image\/\",\"url\":\"https:\/\/oquefazerembalneariocamboriu.com\/wp-content\/uploads\/2023\/02\/o-que-fazer-em-balneario-camboriu.jpg\",\"contentUrl\":\"https:\/\/oquefazerembalneariocamboriu.com\/wp-content\/uploads\/2023\/02\/o-que-fazer-em-balneario-camboriu.jpg\",\"width\":1200,\"height\":675,\"caption\":\"Julias Magazine\"},\"image\":{\"@id\":\"https:\/\/juliasmagazine.com.br\/#\/schema\/logo\/image\/\"}}]}<\/script>\n<!-- \/ Yoast SEO plugin. -->","yoast_head_json":{"title":"Home - Julias Magazine","robots":{"index":"index","follow":"follow","max-snippet":"max-snippet:-1","max-image-preview":"max-image-preview:large","max-video-preview":"max-video-preview:-1"},"canonical":"https:\/\/juliasmagazine.com.br\/","og_locale":"pt_BR","og_type":"article","og_title":"Home - Julias Magazine","og_description":"As principais not\u00edcias est\u00e3o Aqui. No&nbsp;Julias&nbsp;Magazine! &#8220;,&#8221;nextArrow&#8221;:&#8221;&#8220;,&#8221;autoplay&#8221;:false,&#8221;autoplaySpeed&#8221;:5000,&#8221;rtl&#8221;:false}&#8217; dir=&#8221;ltr&#8221;> \u00daltimas Not\u00edcias 10 de fevereiro de 2025 Relat\u00f3rio de Transpar\u00eancia Salarial deve ser entregue at\u00e9 o dia 28 As empresas com 100 ou mais empregados t\u00eam at\u00e9 o&#8230; \u00daltimas Not\u00edcias 10 de fevereiro de 2025 S\u00e3o Paulo ter\u00e1 semana de calor intenso e com risco de temporais [&hellip;]","og_url":"https:\/\/juliasmagazine.com.br\/","og_site_name":"Julias Magazine","article_modified_time":"2025-02-10T18:43:40+00:00","og_image":[{"width":1920,"height":780,"url":"https:\/\/juliasmagazine.com.br\/wp-content\/uploads\/2025\/01\/BANNER-1-2024.png","type":"image\/png"}],"twitter_card":"summary_large_image","twitter_misc":{"Est. tempo de leitura":"18 minutos"},"schema":{"@context":"https:\/\/schema.org","@graph":[{"@type":"WebPage","@id":"https:\/\/juliasmagazine.com.br\/","url":"https:\/\/juliasmagazine.com.br\/","name":"Home - Julias Magazine","isPartOf":{"@id":"https:\/\/juliasmagazine.com.br\/#website"},"primaryImageOfPage":{"@id":"https:\/\/juliasmagazine.com.br\/#primaryimage"},"image":{"@id":"https:\/\/juliasmagazine.com.br\/#primaryimage"},"thumbnailUrl":"https:\/\/juliasmagazine.com.br\/wp-content\/uploads\/2025\/01\/BANNER-1-2024-1024x416.png","datePublished":"2023-02-08T15:05:10+00:00","dateModified":"2025-02-10T18:43:40+00:00","breadcrumb":{"@id":"https:\/\/juliasmagazine.com.br\/#breadcrumb"},"inLanguage":"pt-BR","potentialAction":[{"@type":"ReadAction","target":["https:\/\/juliasmagazine.com.br\/"]}]},{"@type":"ImageObject","inLanguage":"pt-BR","@id":"https:\/\/juliasmagazine.com.br\/#primaryimage","url":"https:\/\/juliasmagazine.com.br\/wp-content\/uploads\/2025\/01\/BANNER-1-2024.png","contentUrl":"https:\/\/juliasmagazine.com.br\/wp-content\/uploads\/2025\/01\/BANNER-1-2024.png","width":1920,"height":780},{"@type":"BreadcrumbList","@id":"https:\/\/juliasmagazine.com.br\/#breadcrumb","itemListElement":[{"@type":"ListItem","position":1,"name":"In\u00edcio","item":"https:\/\/juliasmagazine.com.br\/"},{"@type":"ListItem","position":2,"name":"Home"}]},{"@type":"WebSite","@id":"https:\/\/juliasmagazine.com.br\/#website","url":"https:\/\/juliasmagazine.com.br\/","name":"Julias Magazine","description":"A Sua revista eletr\u00f4nica de moda,politica ,viagens ,cultura ,gastronomia e finan\u00e7as. .","publisher":{"@id":"https:\/\/juliasmagazine.com.br\/#organization"},"potentialAction":[{"@type":"SearchAction","target":{"@type":"EntryPoint","urlTemplate":"https:\/\/juliasmagazine.com.br\/?s={search_term_string}"},"query-input":{"@type":"PropertyValueSpecification","valueRequired":true,"valueName":"search_term_string"}}],"inLanguage":"pt-BR"},{"@type":"Organization","@id":"https:\/\/juliasmagazine.com.br\/#organization","name":"Julias Magazine","url":"https:\/\/juliasmagazine.com.br\/","logo":{"@type":"ImageObject","inLanguage":"pt-BR","@id":"https:\/\/juliasmagazine.com.br\/#\/schema\/logo\/image\/","url":"https:\/\/oquefazerembalneariocamboriu.com\/wp-content\/uploads\/2023\/02\/o-que-fazer-em-balneario-camboriu.jpg","contentUrl":"https:\/\/oquefazerembalneariocamboriu.com\/wp-content\/uploads\/2023\/02\/o-que-fazer-em-balneario-camboriu.jpg","width":1200,"height":675,"caption":"Julias Magazine"},"image":{"@id":"https:\/\/juliasmagazine.com.br\/#\/schema\/logo\/image\/"}}]}},"_links":{"self":[{"href":"https:\/\/juliasmagazine.com.br\/index.php?rest_route=\/wp\/v2\/pages\/37","targetHints":{"allow":["GET"]}}],"collection":[{"href":"https:\/\/juliasmagazine.com.br\/index.php?rest_route=\/wp\/v2\/pages"}],"about":[{"href":"https:\/\/juliasmagazine.com.br\/index.php?rest_route=\/wp\/v2\/types\/page"}],"author":[{"embeddable":true,"href":"https:\/\/juliasmagazine.com.br\/index.php?rest_route=\/wp\/v2\/users\/1"}],"replies":[{"embeddable":true,"href":"https:\/\/juliasmagazine.com.br\/index.php?rest_route=%2Fwp%2Fv2%2Fcomments&post=37"}],"version-history":[{"count":311,"href":"https:\/\/juliasmagazine.com.br\/index.php?rest_route=\/wp\/v2\/pages\/37\/revisions"}],"predecessor-version":[{"id":1558,"href":"https:\/\/juliasmagazine.com.br\/index.php?rest_route=\/wp\/v2\/pages\/37\/revisions\/1558"}],"wp:attachment":[{"href":"https:\/\/juliasmagazine.com.br\/index.php?rest_route=%2Fwp%2Fv2%2Fmedia&parent=37"}],"curies":[{"name":"wp","href":"https:\/\/api.w.org\/{rel}","templated":true}]}}